{"id":134,"date":"2018-12-07T18:35:27","date_gmt":"2018-12-07T18:35:27","guid":{"rendered":"https:\/\/agrarias.ufpr.br\/sacas\/?page_id=134"},"modified":"2019-01-24T14:40:50","modified_gmt":"2019-01-24T14:40:50","slug":"valores-de-referencia","status":"publish","type":"page","link":"https:\/\/agrarias.ufpr.br\/sacas\/valores-de-referencia\/","title":{"rendered":"Valores de Refer\u00eancia"},"content":{"rendered":"<p><strong>Valores hematol\u00f3gicos, de prote\u00edna plasm\u00e1tica total, fibrinog\u00eanio e perfil bioqu\u00edmico de aves saud\u00e1veis, adultas e jovens<\/strong><\/p>\n<p><strong>AVES<\/strong><\/p>\n<p><a href=\"https:\/\/agrarias.ufpr.br\/sacas\/aguia-chilena\/\">\u00c1guia chilena<\/a><\/p>\n<p><a href=\"https:\/\/agrarias.ufpr.br\/sacas\/aguia-cinzenta\/\">\u00c1guia cinzenta<\/a><\/p>\n<p><a href=\"https:\/\/agrarias.ufpr.br\/sacas\/carcara\/\">Carcara<\/a><\/p>\n<p><a href=\"https:\/\/agrarias.ufpr.br\/sacas\/2019\/01\/24\/carrapateiro\/\">Carrapateiro<\/a><\/p>\n<p><a href=\"https:\/\/agrarias.ufpr.br\/sacas\/2019\/01\/24\/chimango\/\">Chimango<\/a><\/p>\n<p><a href=\"https:\/\/agrarias.ufpr.br\/sacas\/2019\/01\/24\/codorna-2\/\">Codorna<\/a><\/p>\n<p><a href=\"https:\/\/agrarias.ufpr.br\/sacas\/2019\/01\/24\/coruja-buraqueira\/\">Coruja buraqueira<\/a><\/p>\n<p><a href=\"https:\/\/agrarias.ufpr.br\/sacas\/2019\/01\/24\/coruja-do-mato\/\">Coruja do Mato<\/a><\/p>\n<p><a href=\"https:\/\/agrarias.ufpr.br\/sacas\/2019\/01\/24\/coruja-orelhuda\/\">Coruja orelhuda<\/a><\/p>\n<p><a href=\"https:\/\/agrarias.ufpr.br\/sacas\/2019\/01\/24\/corujinhas\/\">Corujinhas<\/a><\/p>\n<p><a href=\"https:\/\/agrarias.ufpr.br\/sacas\/falcao-de-coleira-2\/\">Falc\u00e3o de coleira<\/a><\/p>\n<p><a href=\"https:\/\/agrarias.ufpr.br\/sacas\/2019\/01\/24\/falcao-peregrino\/\">Falc\u00e3o peregrino<\/a><\/p>\n<p><a href=\"https:\/\/agrarias.ufpr.br\/sacas\/falcao-relogio\/\">Falc\u00e3o rel\u00f3gio<\/a><\/p>\n<p><a href=\"https:\/\/agrarias.ufpr.br\/sacas\/gaviao-asa-de-telha\/\">Gavi\u00e3o Asa de Telha<\/a><\/p>\n<p><a href=\"https:\/\/agrarias.ufpr.br\/sacas\/gaviao-caboclo\/\">Gavi\u00e3o Caboclo<\/a><\/p>\n<p><a href=\"https:\/\/agrarias.ufpr.br\/sacas\/312-2\/\">Gavi\u00e3o carij\u00f3<\/a><\/p>\n<p><a href=\"https:\/\/agrarias.ufpr.br\/sacas\/gaviao-de-cauda-curta\/\">Gavi\u00e3o de cauda curta<\/a><\/p>\n<p><a href=\"https:\/\/agrarias.ufpr.br\/sacas\/2019\/01\/24\/gaviao-de-rabo-branco\/\">Gavi\u00e3o de rabo branco<\/a><\/p>\n<p><a href=\"https:\/\/agrarias.ufpr.br\/sacas\/gaviao-real\/\">Gavi\u00e3o Real<\/a><\/p>\n<p><a href=\"https:\/\/agrarias.ufpr.br\/sacas\/jacurutu\/\">Jacurutu<\/a><\/p>\n<p><a href=\"https:\/\/agrarias.ufpr.br\/sacas\/jacurutinga\/\">Jacutinga<\/a><\/p>\n<p><a href=\"https:\/\/agrarias.ufpr.br\/sacas\/mocho-diabo\/\">Mocho diabo<\/a><\/p>\n<p><a href=\"https:\/\/agrarias.ufpr.br\/sacas\/mocho-dos-banhados\/\">Mocho dos banhados<\/a><\/p>\n<p><a href=\"https:\/\/agrarias.ufpr.br\/sacas\/murucututu\/\">Murucututu<\/a><\/p>\n<p><a href=\"https:\/\/agrarias.ufpr.br\/sacas\/murucututu-de-barriga-amarela\/\">Murucututu de barriga amarela<\/a><\/p>\n<p><a href=\"https:\/\/agrarias.ufpr.br\/sacas\/papagaio-de-cara-roxa\/\">Papagaio de cara roxa<\/a><\/p>\n<p><a href=\"https:\/\/agrarias.ufpr.br\/sacas\/pinguins\/\">Pinguins<\/a><\/p>\n<p><a href=\"https:\/\/agrarias.ufpr.br\/sacas\/quiri-quiri\/\">Quiri-quiri<\/a><\/p>\n<p><a href=\"https:\/\/agrarias.ufpr.br\/sacas\/sovi\/\">Sovi<\/a><\/p>\n<p><a href=\"https:\/\/agrarias.ufpr.br\/sacas\/suindara\/\">Suindara<\/a><\/p>\n<p><a href=\"https:\/\/agrarias.ufpr.br\/sacas\/urubu-de-cabeca-preta\/\">Urubu de cabe\u00e7a preta<\/a><\/p>\n<p><a href=\"https:\/\/agrarias.ufpr.br\/sacas\/urubu-rei\/\">Urubu rei<\/a><\/p>\n<p>&nbsp;<\/p>\n<p>&nbsp;<\/p>\n","protected":false},"excerpt":{"rendered":"<p>Valores hematol\u00f3gicos, de prote\u00edna plasm\u00e1tica total, fibrinog\u00eanio e perfil bioqu\u00edmico de aves saud\u00e1veis, adultas e jovens AVES \u00c1guia chilena \u00c1guia cinzenta Carcara Carrapateiro Chimango Codorna Coruja buraqueira Coruja do Mato Coruja orelhuda Corujinhas Falc\u00e3o de coleira Falc\u00e3o peregrino Falc\u00e3o rel\u00f3gio Gavi\u00e3o Asa de Telha Gavi\u00e3o Caboclo Gavi\u00e3o carij\u00f3 Gavi\u00e3o de cauda curta Gavi\u00e3o de rabo [&hellip;]<\/p>\n","protected":false},"author":3,"featured_media":0,"parent":0,"menu_order":0,"comment_status":"closed","ping_status":"closed","template":"","meta":{"footnotes":""},"class_list":["post-134","page","type-page","status-publish","hentry"],"_links":{"self":[{"href":"https:\/\/agrarias.ufpr.br\/sacas\/wp-json\/wp\/v2\/pages\/134","targetHints":{"allow":["GET"]}}],"collection":[{"href":"https:\/\/agrarias.ufpr.br\/sacas\/wp-json\/wp\/v2\/pages"}],"about":[{"href":"https:\/\/agrarias.ufpr.br\/sacas\/wp-json\/wp\/v2\/types\/page"}],"author":[{"embeddable":true,"href":"https:\/\/agrarias.ufpr.br\/sacas\/wp-json\/wp\/v2\/users\/3"}],"replies":[{"embeddable":true,"href":"https:\/\/agrarias.ufpr.br\/sacas\/wp-json\/wp\/v2\/comments?post=134"}],"version-history":[{"count":22,"href":"https:\/\/agrarias.ufpr.br\/sacas\/wp-json\/wp\/v2\/pages\/134\/revisions"}],"predecessor-version":[{"id":356,"href":"https:\/\/agrarias.ufpr.br\/sacas\/wp-json\/wp\/v2\/pages\/134\/revisions\/356"}],"wp:attachment":[{"href":"https:\/\/agrarias.ufpr.br\/sacas\/wp-json\/wp\/v2\/media?parent=134"}],"curies":[{"name":"wp","href":"https:\/\/api.w.org\/{rel}","templated":true}]}}