{"id":10297,"date":"2025-10-08T17:51:02","date_gmt":"2025-10-08T17:51:02","guid":{"rendered":"https:\/\/agrarias.ufpr.br\/pglsf\/?page_id=10297"},"modified":"2025-10-10T12:16:23","modified_gmt":"2025-10-10T12:16:23","slug":"egressos-2023","status":"publish","type":"page","link":"https:\/\/agrarias.ufpr.br\/pglsf\/egressos-2023\/","title":{"rendered":"Egressos da turma de 2023"},"content":{"rendered":"\n<p><strong>Titulados: Especializa\u00e7\u00e3o<\/strong><\/p>\n\n\n\n<ol class=\"wp-block-list\">\n<li>Abner Bartz<\/li>\n\n\n\n<li>Aderlan Ademir Bottcher<\/li>\n\n\n\n<li>Albert Kenji Hirose<\/li>\n\n\n\n<li>Aldir Souza Junior<\/li>\n\n\n\n<li>Amanda de Oliveira Paiva<\/li>\n\n\n\n<li>Andre Luis Caigaro da Luz<\/li>\n\n\n\n<li>Ang\u00e9lica Aparecida Cordeiro Bicudo<\/li>\n\n\n\n<li>Arthur Ferreira Souza Prado<\/li>\n\n\n\n<li>Augusto Furtado Alves<\/li>\n\n\n\n<li>Bianca Francis Bones de Alencar<\/li>\n\n\n\n<li>Bruna de Assis Pereira<\/li>\n\n\n\n<li>Bruno Gon\u00e7alves de Oliveira<\/li>\n\n\n\n<li>Bruno Tadeu Rossi Frangiotti<\/li>\n\n\n\n<li>Caio Cesar Pereira Leal<\/li>\n\n\n\n<li>Caio Corrent Mansano<\/li>\n\n\n\n<li>Carlos Augusto Augustin\u00a0<\/li>\n\n\n\n<li>Carolina de Sousa Moreno<\/li>\n\n\n\n<li>Cristiano Profiro Souza<\/li>\n\n\n\n<li>Daluana Marina Castelani<\/li>\n\n\n\n<li>Danielly Wisoczynski de Sene<\/li>\n\n\n\n<li>Danilo Gazola<\/li>\n\n\n\n<li>Dionatan Alan Amler<\/li>\n\n\n\n<li>\u00c9dila de Lurdes Almeida<\/li>\n\n\n\n<li>Eduardo Rocha da Silva<\/li>\n\n\n\n<li>Eloisa Aparecida Gon\u00e7alves<\/li>\n\n\n\n<li>Elton Lima Gaud\u00eancio<\/li>\n\n\n\n<li>Enio Matheus Guarienti Grzybowski<\/li>\n\n\n\n<li>Fernanda Amaral Lucca<\/li>\n\n\n\n<li>Fernando Stychnicki da Cunha<\/li>\n\n\n\n<li>Francisco Aliomar Albuquerque Feitosa<\/li>\n\n\n\n<li>Gabriel Matkowski Martins<\/li>\n\n\n\n<li>Gislaine Martins Slusarz<\/li>\n\n\n\n<li>Guilherme Boareto Segura<\/li>\n\n\n\n<li>Gustavo Augusto Valentini Oliveira<\/li>\n\n\n\n<li>Iago Vinicius Teodoro Carraschi<\/li>\n\n\n\n<li>Igor Moreira dos Santos<\/li>\n\n\n\n<li>Isabela F\u00e9dor Rivato<\/li>\n\n\n\n<li>Isadora Brocco Boldrini<\/li>\n\n\n\n<li>Jackson Willian Carneiro de Souza<\/li>\n\n\n\n<li>James Matheus Ossacz Laconski<\/li>\n\n\n\n<li>Jander Marques Cavalcante<\/li>\n\n\n\n<li>J\u00e9ssica Cristina Borges de Lima<\/li>\n\n\n\n<li>J\u00e9ssica Heloisa Lopes da Luz<\/li>\n\n\n\n<li>Joyce Laurindo da Cruz<\/li>\n\n\n\n<li>Juan Guillermo Cubillos Hinojosa<\/li>\n\n\n\n<li>Julia de Souza Damiani<\/li>\n\n\n\n<li>Juliano da Rosa Fernandes<\/li>\n\n\n\n<li>Karla Winny Placido Da Silva<\/li>\n\n\n\n<li>Kerolaine Woitchik<\/li>\n\n\n\n<li>Laiz Pussi Coelho<\/li>\n\n\n\n<li>Lenoir Bruch<\/li>\n\n\n\n<li>Letycia Aparecida Alves de Oliveira Kania<\/li>\n\n\n\n<li>Lucas Rock Van Engelenhoven<\/li>\n\n\n\n<li>Luiz Rodrigo Vieira de Ara\u00fajo<\/li>\n\n\n\n<li>Maicol de Mattos<\/li>\n\n\n\n<li>M\u00e1rcio Peter<\/li>\n\n\n\n<li>Maria Gabriela de Sousa Cerqueira<\/li>\n\n\n\n<li>Marlon Rogerio Alves<\/li>\n\n\n\n<li>Matheus Greguer de Carvalho<\/li>\n\n\n\n<li>Milagros Fiorela Vilchez Contrera<\/li>\n\n\n\n<li>Milena Almeida do Vale<\/li>\n\n\n\n<li>Nat\u00e1lia Patricia Ungri<\/li>\n\n\n\n<li>Natanaeli Caroline Carneiro Franco<\/li>\n\n\n\n<li>Nath\u00e1lia Sousa Santos<\/li>\n\n\n\n<li>Nemora Guliane Mocelin<\/li>\n\n\n\n<li>Noberto Takumi Doi<\/li>\n\n\n\n<li>Patr\u00edcia Regina Rocha<\/li>\n\n\n\n<li>Patrick Marcell K\u00fcster<\/li>\n\n\n\n<li>Paula Beatriz Regis<\/li>\n\n\n\n<li>Paula Cristina da Silva Souza<\/li>\n\n\n\n<li>Paulo Roberto de Souza Junior<\/li>\n\n\n\n<li>Rafael Alves Garvil\u00a0<\/li>\n\n\n\n<li>Rafael de Castro Daniel<\/li>\n\n\n\n<li>Reginaldo Aparecido Trevisan Junior<\/li>\n\n\n\n<li>Renata Pizzatto Contini<\/li>\n\n\n\n<li>Ricardo Correia Miguez<\/li>\n\n\n\n<li>Roberto Henrique Harms<\/li>\n\n\n\n<li>Rodrigo Dos Santos Silva<\/li>\n\n\n\n<li>Romulo Correa Diattei<\/li>\n\n\n\n<li>Ronald Eduardo Moraes de Lima<\/li>\n\n\n\n<li>Ronaldo Sperandio Ortiz<\/li>\n\n\n\n<li>Sara Tiemi Nishida<\/li>\n\n\n\n<li>Silvia Aparecida Vieira<\/li>\n\n\n\n<li>Soraia de Pinho<\/li>\n<\/ol>\n\n\n\n<p><strong>Titulados: <strong>Aperfei\u00e7oamento<\/strong><\/strong><\/p>\n\n\n\n<ol class=\"wp-block-list\">\n<li>Agatha Santos<\/li>\n\n\n\n<li>Ana Paula Oliveira Zielinski<\/li>\n\n\n\n<li>Ana Paula Barbosa De Mesquita<\/li>\n\n\n\n<li>Cl\u00e1udio Henrique Negr\u00e3o<\/li>\n\n\n\n<li>D\u00e9bora Ferreira De Souza<\/li>\n\n\n\n<li>Edenir Reginaldo Kosloski<\/li>\n\n\n\n<li>Elizama Guimar\u00e3es Malafaia Correia<\/li>\n\n\n\n<li>\u00c9ric Jonisson Rios Bisi<\/li>\n\n\n\n<li>Erika Carla Da Silveira<\/li>\n\n\n\n<li>Gabriel De Souza Dossi<\/li>\n\n\n\n<li>Gabriel Jos\u00e9 Graff<\/li>\n\n\n\n<li>Giovanni Silva De Paula<\/li>\n\n\n\n<li>Geovane Andr\u00e9 Bobato<\/li>\n\n\n\n<li>Guilherme Kunde Miritz<\/li>\n\n\n\n<li>Ingred Da Costa Lira<\/li>\n\n\n\n<li>Irene Kmiecik Jarek<\/li>\n\n\n\n<li>Jackerson Conrado Mussolim Menequelli<\/li>\n\n\n\n<li>Jo\u00e3o J\u00fanior Ribeiro Da Silva<\/li>\n\n\n\n<li>Maria Isabel Moro Senco<\/li>\n\n\n\n<li>Gisele Nascimento Carvalho<\/li>\n\n\n\n<li>Leandro Iudi Morita Kadoya<\/li>\n\n\n\n<li>Lucas Rocha Alves<\/li>\n\n\n\n<li>Luciana Aparecida Chagas<\/li>\n\n\n\n<li>Maicon Heindrickson<\/li>\n\n\n\n<li>Marcos Paulo Dos Santos<\/li>\n\n\n\n<li>Michele Paix\u00e3o Da Silva Cassini<\/li>\n\n\n\n<li>Pablo Quintanilha Francisconi Da Motta<\/li>\n\n\n\n<li>Sheila Barcik<\/li>\n\n\n\n<li>Suzana Lopes Ribas Da Silva<\/li>\n\n\n\n<li>Vitor Augusto Orias Guarneri<\/li>\n\n\n\n<li>Tania Rodrigues Peixoto Sakai<\/li>\n\n\n\n<li>Thalita Paula Ferreira De Souza<\/li>\n\n\n\n<li>Wesller Piaceski<\/li>\n\n\n\n<li>Weverton Peroni Santos<\/li>\n\n\n\n<li>Wheliton Paulo De Santana<\/li>\n<\/ol>\n\n\n\n<p><\/p>\n","protected":false},"excerpt":{"rendered":"<p>Titulados: Especializa\u00e7\u00e3o Titulados: Aperfei\u00e7oamento<\/p>\n","protected":false},"author":3,"featured_media":0,"parent":0,"menu_order":0,"comment_status":"closed","ping_status":"closed","template":"","meta":{"footnotes":""},"class_list":["post-10297","page","type-page","status-publish","hentry"],"_links":{"self":[{"href":"https:\/\/agrarias.ufpr.br\/pglsf\/wp-json\/wp\/v2\/pages\/10297","targetHints":{"allow":["GET"]}}],"collection":[{"href":"https:\/\/agrarias.ufpr.br\/pglsf\/wp-json\/wp\/v2\/pages"}],"about":[{"href":"https:\/\/agrarias.ufpr.br\/pglsf\/wp-json\/wp\/v2\/types\/page"}],"author":[{"embeddable":true,"href":"https:\/\/agrarias.ufpr.br\/pglsf\/wp-json\/wp\/v2\/users\/3"}],"replies":[{"embeddable":true,"href":"https:\/\/agrarias.ufpr.br\/pglsf\/wp-json\/wp\/v2\/comments?post=10297"}],"version-history":[{"count":6,"href":"https:\/\/agrarias.ufpr.br\/pglsf\/wp-json\/wp\/v2\/pages\/10297\/revisions"}],"predecessor-version":[{"id":10341,"href":"https:\/\/agrarias.ufpr.br\/pglsf\/wp-json\/wp\/v2\/pages\/10297\/revisions\/10341"}],"wp:attachment":[{"href":"https:\/\/agrarias.ufpr.br\/pglsf\/wp-json\/wp\/v2\/media?parent=10297"}],"curies":[{"name":"wp","href":"https:\/\/api.w.org\/{rel}","templated":true}]}}