{"id":6875,"date":"2025-04-24T13:59:27","date_gmt":"2025-04-24T13:59:27","guid":{"rendered":"https:\/\/agrarias.ufpr.br\/pgapv\/?page_id=6875"},"modified":"2026-04-07T23:43:58","modified_gmt":"2026-04-07T23:43:58","slug":"topicos-especiais-tecnologias-de-producao-em-grandes-culturas-soja-e-milho","status":"publish","type":"page","link":"https:\/\/agrarias.ufpr.br\/pgapv\/topicos-especiais-tecnologias-de-producao-em-grandes-culturas-soja-e-milho\/","title":{"rendered":"T\u00f3picos Especiais: Tecnologias de produ\u00e7\u00e3o em grandes culturas: soja e milho"},"content":{"rendered":"\n<p><strong>N\u00edvel<\/strong><\/p>\n\n\n\n<p>Mestrado\/Doutorado<\/p>\n\n\n\n<p><strong>Natureza<\/strong><\/p>\n\n\n\n<p>Semestral<\/p>\n\n\n\n<p><strong>Cr\u00e9ditos<\/strong><\/p>\n\n\n\n<p>04<\/p>\n\n\n\n<p><strong>Carga hor\u00e1ria<\/strong><\/p>\n\n\n\n<p>60 horas&nbsp;<\/p>\n\n\n\n<p><strong>Ementa<\/strong><\/p>\n\n\n\n<p>&nbsp;Agroneg\u00f3cio, agroecossistemas e produ\u00e7\u00e3o de grandes culturas em condi\u00e7\u00f5es tropicais e subtropicais. Ecofisiologia da produ\u00e7\u00e3o e agrotecnologias nas culturas da soja e do milho. Tecnologias, manejos e sistemas de produ\u00e7\u00e3o envolvendo as culturas da soja e milho. Inova\u00e7\u00f5es e perspectivas na produ\u00e7\u00e3o sustent\u00e1vel de&nbsp;soja&nbsp;e&nbsp;milho.&nbsp;<\/p>\n\n\n\n<p><strong>Semestre<\/strong><\/p>\n\n\n\n<p>2\u00b0 semestres de anos \u00edmpares<\/p>\n\n\n\n<p><strong>Dia\/Hor\u00e1rio<\/strong><\/p>\n\n\n\n<p>A definir<\/p>\n\n\n\n<p><strong>Docente<\/strong><\/p>\n\n\n\n<p><a href=\"https:\/\/agrarias.ufpr.br\/pgapv\/alfredo-junior-paiola-albrecht\/\">Alfredo Junior Paiola Albrecht<\/a><\/p>\n\n\n\n<p><a href=\"https:\/\/agrarias.ufpr.br\/pgapv\/arthur-arrobas-martins-barroso\/\">Arthur Arrobas Martins Barroso<\/a><\/p>\n\n\n\n<p><a href=\"https:\/\/agrarias.ufpr.br\/pgapv\/leandropaiola\/\">Leandro Paiola Albrecht<\/a><\/p>\n\n\n\n<p><strong>Bibliografia Recomendada<\/strong><\/p>\n\n\n\n<p>CONAB \u2013 Companhia Nacional de Abastecimento. Dispon\u00edvel em: https:\/\/www.gov.br\/conab\/pt-br. Acesso em: 30 maio 2025.<\/p>\n\n\n\n<p>EMBRAPA MILHO E SORGO. Sistemas Diferenciais de Cultivo: Milho. Sete Lagoas: Embrapa Milho e Sorgo, 2021. Dispon\u00edvel em: https:\/\/www.embrapa.br\/en\/web\/portal\/agencia-de-informacao-tecnologica\/cultivos\/milho\/producao\/sistemas-diferenciais-de-cultivo. Acesso em: 30 maio 2025.<\/p>\n\n\n\n<p>EMBRAPA SOJA. Ecofisiologia da soja. Londrina: Embrapa Soja, 2007. 8 p. Circular T\u00e9cnica, 48. Dispon\u00edvel em: https:\/\/www.infoteca.cnptia.embrapa.br\/infoteca\/handle\/doc\/470308. Acesso em: 30 maio 2025.<\/p>\n\n\n\n<p>EMBRAPA SOJA. Tecnologias de Produ\u00e7\u00e3o de Soja \u2013 Regi\u00e3o Central do Brasil. Londrina: Embrapa Soja, 2023. Dispon\u00edvel em: https:\/\/www.embrapa.br\/soja. Acesso em: 30 maio 2025.<\/p>\n\n\n\n<p>GAZETA EDITORA. Anu\u00e1rio Brasileiro do Milho 2023. 1. ed. Santa Cruz do Sul: Gazeta Editora, 2023. 200 p.<\/p>\n\n\n\n<p>MAGALH\u00c3ES, Paulo C\u00e9sar; DURAES, Frederico Ozanan de Oliveira Machado. Ecofisiologia. In: CRUZ, Jos\u00e9 Carlos (Ed.). Cultivo do milho. 4. ed. Sete Lagoas: Embrapa Milho e Sorgo, 2008. p. 65\u2013110. (Sistemas de Produ\u00e7\u00e3o, 1).<\/p>\n\n\n\n<p>OLIVEIRA, Carlos Manoel de. Cultura da soja: estrat\u00e9gias para o manejo eficiente. S\u00e3o Paulo: Amazon, 2024. 238 p.<\/p>\n\n\n\n<p>OLIVEIRA, Maur\u00edcio de; LANG, Gustavo Heinrich; FERREIRA, Cristiano Dietrich. Milho: Qu\u00edmica, Tecnologia e Usos. S\u00e3o Paulo: Blucher, 2022. 432 p.<\/p>\n\n\n\n<p>SILVA E CASTRO, Leonardo Humberto; BOR\u00c9M, Alu\u00edzio; PELUZIO, Joenes Mucci; FERREIRA J\u00daNIOR, Jos\u00e9 Arantes (Org.). Soja: estrat\u00e9gia e sustentabilidade produtiva. 1. ed. Santa Maria: Editora GR, 2021. 496 p.<\/p>\n\n\n\n<p>SILVA, Felipe; BOR\u00c9M, Alu\u00edzio; SEDIYAMA, Tuneo; CAMARA, Gil (Org.). Soja: do plantio \u00e0 colheita. 1. ed. S\u00e3o Paulo: Oficina de Textos, 2022. 312 p.<\/p>\n\n\n\n<p>ZANON, Alencar Junior; TAGLIAPIETRA, Eduardo Lago; SOARES, Jos\u00e9 Roberto; et al. Ecofisiologia da soja: visando altas produtividades. 2. ed. Vi\u00e7osa, MG: Editora UFV, 2022. 432 p.<\/p>\n\n\n\n<p>ZANON, Alencar Junior; PILECCO, Isabela (Org.). Ecofisiologia do milho visando altas produtividades. 2. ed. S\u00e3o Paulo: Oficina de Textos,\u00a02024.\u00a0400\u00a0p<\/p>\n","protected":false},"excerpt":{"rendered":"<p>N\u00edvel Mestrado\/Doutorado Natureza Semestral Cr\u00e9ditos 04 Carga hor\u00e1ria 60 horas&nbsp; Ementa &nbsp;Agroneg\u00f3cio, agroecossistemas e produ\u00e7\u00e3o de grandes culturas em condi\u00e7\u00f5es tropicais e subtropicais. Ecofisiologia da produ\u00e7\u00e3o e agrotecnologias nas culturas da soja e do milho. Tecnologias, manejos e sistemas de produ\u00e7\u00e3o envolvendo as culturas da soja e milho. Inova\u00e7\u00f5es e perspectivas na produ\u00e7\u00e3o sustent\u00e1vel de&nbsp;soja&nbsp;e&nbsp;milho.&nbsp; [&hellip;]<\/p>\n","protected":false},"author":3,"featured_media":0,"parent":0,"menu_order":0,"comment_status":"closed","ping_status":"closed","template":"","meta":{"footnotes":""},"class_list":["post-6875","page","type-page","status-publish","hentry"],"_links":{"self":[{"href":"https:\/\/agrarias.ufpr.br\/pgapv\/wp-json\/wp\/v2\/pages\/6875","targetHints":{"allow":["GET"]}}],"collection":[{"href":"https:\/\/agrarias.ufpr.br\/pgapv\/wp-json\/wp\/v2\/pages"}],"about":[{"href":"https:\/\/agrarias.ufpr.br\/pgapv\/wp-json\/wp\/v2\/types\/page"}],"author":[{"embeddable":true,"href":"https:\/\/agrarias.ufpr.br\/pgapv\/wp-json\/wp\/v2\/users\/3"}],"replies":[{"embeddable":true,"href":"https:\/\/agrarias.ufpr.br\/pgapv\/wp-json\/wp\/v2\/comments?post=6875"}],"version-history":[{"count":4,"href":"https:\/\/agrarias.ufpr.br\/pgapv\/wp-json\/wp\/v2\/pages\/6875\/revisions"}],"predecessor-version":[{"id":8124,"href":"https:\/\/agrarias.ufpr.br\/pgapv\/wp-json\/wp\/v2\/pages\/6875\/revisions\/8124"}],"wp:attachment":[{"href":"https:\/\/agrarias.ufpr.br\/pgapv\/wp-json\/wp\/v2\/media?parent=6875"}],"curies":[{"name":"wp","href":"https:\/\/api.w.org\/{rel}","templated":true}]}}