{"id":647,"date":"2018-07-05T19:58:55","date_gmt":"2018-07-05T19:58:55","guid":{"rendered":"https:\/\/agrarias.ufpr.br\/pgapv\/?page_id=647"},"modified":"2021-05-17T21:24:00","modified_gmt":"2021-05-17T21:24:00","slug":"raquel-rejane-bonato-negrelle","status":"publish","type":"page","link":"https:\/\/agrarias.ufpr.br\/pgapv\/raquel-rejane-bonato-negrelle\/","title":{"rendered":"Raquel Rejane Bonato Negrelle"},"content":{"rendered":"<p>Profa.&nbsp;Permanente<\/p>\n<p><strong><b>Forma\u00e7\u00e3o Acad\u00eamica<\/b><\/strong><\/p>\n<p>P\u00f3s-Doutorado, Royal Roads University (2004-2005)<\/p>\n<p>Dr. em Ecologia e Recursos Naturais, UFSCar (1995)<\/p>\n<p>M.Sc. em Bot\u00e2nica, UFPR (1988)<\/p>\n<p>Bi\u00f3loga, PUC-PR (1978)<\/p>\n<p><strong><b>Linha de pesquisa\/\u00c1rea<\/b><\/strong><\/p>\n<p><span class=\"tm6\">Produ\u00e7\u00e3o Vegetal na Agricultura Sustent\u00e1vel<\/span>\/Sistemas Integrados em Produ\u00e7\u00e3o Agropecu\u00e1ria<\/p>\n<p style=\"text-align: justify\">Tem experi\u00eancia na \u00e1rea de Ecologia, com \u00eanfase em Ecologia Aplicada, atuando principalmente nos seguintes temas: produ\u00e7\u00e3o e extrativismo vegetal, produtos vegetais nao madeir\u00e1veis, desenvolvimento sustent\u00e1vel, biologia da conserva\u00e7\u00e3o, Floresta Atl\u00e2ntica e Floresta com Araucaria.<\/p>\n<p><strong><b>Disciplinas Ministradas<\/b><\/strong><\/p>\n<p><a href=\"https:\/\/agrarias.ufpr.br\/pgapv\/agro-7020-metodologia-cientifica\/\">AGRO 7020 &#8211; Metodologia Cient\u00edfica<\/a><\/p>\n<p class=\"Normal tm5\"><a href=\"https:\/\/agrarias.ufpr.br\/pgapv\/agro-7027-pratica-docente-i\/\">AGRO 7027 \u2013 Pr\u00e1tica Docente I<\/a><\/p>\n<p class=\"Normal tm5\"><a href=\"https:\/\/agrarias.ufpr.br\/pgapv\/agro7028-pratica-docente-ii\/\">AGRO 7028 \u2013 Pr\u00e1tica Docente II<\/a><\/p>\n<p><strong>Publica\u00e7\u00f5es<\/strong><\/p>\n<p><a href=\"http:\/\/lattes.cnpq.br\/7345395912495143\"><strong class=\"alignnone\"><img loading=\"lazy\" decoding=\"async\" class=\"alignnone wp-image-742\" src=\"https:\/\/agrarias.ufpr.br\/fitotecnia\/wp-content\/uploads\/sites\/26\/2016\/03\/icon_lattes.png\" alt=\"icon_lattes\" width=\"30\" height=\"29\">&nbsp;<span style=\"color: #000080\">Lattes&nbsp;<\/span><\/strong><\/a><a href=\"https:\/\/orcid.org\/0000-0003-3725-3426\"><strong class=\"alignnone\"><span style=\"color: #000080\"><img loading=\"lazy\" decoding=\"async\" class=\"alignnone wp-image-3185\" src=\"https:\/\/agrarias.ufpr.br\/pgapv\/wp-content\/uploads\/sites\/39\/2021\/02\/unnamed.jpg\" alt=\"\" width=\"93\" height=\"37\" srcset=\"https:\/\/agrarias.ufpr.br\/pgapv\/wp-content\/uploads\/sites\/39\/2021\/02\/unnamed.jpg 347w, https:\/\/agrarias.ufpr.br\/pgapv\/wp-content\/uploads\/sites\/39\/2021\/02\/unnamed-300x119.jpg 300w, https:\/\/agrarias.ufpr.br\/pgapv\/wp-content\/uploads\/sites\/39\/2021\/02\/unnamed-250x99.jpg 250w, https:\/\/agrarias.ufpr.br\/pgapv\/wp-content\/uploads\/sites\/39\/2021\/02\/unnamed-160x64.jpg 160w\" sizes=\"auto, (max-width: 93px) 100vw, 93px\" \/><\/span><\/strong><\/a><\/p>\n<p><strong>Contatos<\/strong><\/p>\n<p><img loading=\"lazy\" decoding=\"async\" class=\"\" src=\"https:\/\/agrarias.ufpr.br\/fitotecnia\/wp-content\/uploads\/sites\/26\/2016\/03\/email-small-.jpg\" alt=\"email small\" width=\"22\" height=\"22\">&nbsp;negrelle@ufpr.br<\/p>\n<p><img loading=\"lazy\" decoding=\"async\" class=\"wp-image-758 alignnone\" src=\"https:\/\/agrarias.ufpr.br\/fitotecnia\/wp-content\/uploads\/sites\/26\/2016\/03\/telefone.png\" alt=\"telefone\" width=\"22\" height=\"22\"> +55 (41) 99996-3731<\/p>\n","protected":false},"excerpt":{"rendered":"<p>Profa.&nbsp;Permanente Forma\u00e7\u00e3o Acad\u00eamica P\u00f3s-Doutorado, Royal Roads University (2004-2005) Dr. em Ecologia e Recursos Naturais, UFSCar (1995) M.Sc. em Bot\u00e2nica, UFPR (1988) Bi\u00f3loga, PUC-PR (1978) Linha de pesquisa\/\u00c1rea Produ\u00e7\u00e3o Vegetal na Agricultura Sustent\u00e1vel\/Sistemas Integrados em Produ\u00e7\u00e3o Agropecu\u00e1ria Tem experi\u00eancia na \u00e1rea de Ecologia, com \u00eanfase em Ecologia Aplicada, atuando principalmente nos seguintes temas: produ\u00e7\u00e3o e extrativismo [&hellip;]<\/p>\n","protected":false},"author":3,"featured_media":0,"parent":0,"menu_order":0,"comment_status":"closed","ping_status":"closed","template":"","meta":{"footnotes":""},"class_list":["post-647","page","type-page","status-publish","hentry"],"_links":{"self":[{"href":"https:\/\/agrarias.ufpr.br\/pgapv\/wp-json\/wp\/v2\/pages\/647","targetHints":{"allow":["GET"]}}],"collection":[{"href":"https:\/\/agrarias.ufpr.br\/pgapv\/wp-json\/wp\/v2\/pages"}],"about":[{"href":"https:\/\/agrarias.ufpr.br\/pgapv\/wp-json\/wp\/v2\/types\/page"}],"author":[{"embeddable":true,"href":"https:\/\/agrarias.ufpr.br\/pgapv\/wp-json\/wp\/v2\/users\/3"}],"replies":[{"embeddable":true,"href":"https:\/\/agrarias.ufpr.br\/pgapv\/wp-json\/wp\/v2\/comments?post=647"}],"version-history":[{"count":13,"href":"https:\/\/agrarias.ufpr.br\/pgapv\/wp-json\/wp\/v2\/pages\/647\/revisions"}],"predecessor-version":[{"id":4380,"href":"https:\/\/agrarias.ufpr.br\/pgapv\/wp-json\/wp\/v2\/pages\/647\/revisions\/4380"}],"wp:attachment":[{"href":"https:\/\/agrarias.ufpr.br\/pgapv\/wp-json\/wp\/v2\/media?parent=647"}],"curies":[{"name":"wp","href":"https:\/\/api.w.org\/{rel}","templated":true}]}}