{"id":4058,"date":"2021-04-07T13:03:45","date_gmt":"2021-04-07T13:03:45","guid":{"rendered":"https:\/\/agrarias.ufpr.br\/pgapv\/?page_id=4058"},"modified":"2021-04-07T13:03:45","modified_gmt":"2021-04-07T13:03:45","slug":"manejo-de-culturas-2017d","status":"publish","type":"page","link":"https:\/\/agrarias.ufpr.br\/pgapv\/manejo-de-culturas-2017d\/","title":{"rendered":"Manejo de Culturas &#8211; 2017D"},"content":{"rendered":"<table style=\"height: 82px;width: 101.25%;border-collapse: collapse;border-style: dotted\" border=\"1\">\n<tbody>\n<tr style=\"height: 24px\">\n<td style=\"width: 100.773%;height: 24px;text-align: center\" colspan=\"3\"><span style=\"color: #008000\"><strong>MANEJO DE CULTURAS<\/strong><\/span><\/td>\n<\/tr>\n<tr style=\"height: 72px\">\n<td style=\"width: 26.8381%;height: 50px\"><span style=\"font-size: 12pt\">Antonio Ribeiro Fernandes Junior<\/span><\/td>\n<td style=\"width: 44.8866%;height: 50px\"><span style=\"font-size: 12pt\"><a href=\"https:\/\/www.prppg.ufpr.br\/siga\/visitante\/gerenciadownload?op=download&amp;doc=2757_2017_24_13_2_(.*)&amp;idPessoal=2757&amp;idPrograma=40001016031P6&amp;nivelP=Pessoal&amp;isMatch=false\">SELE\u00c7\u00c3O DE FAM\u00cdLIAS E CLONES DE CANA ENERGIA<\/a><\/span><\/td>\n<td style=\"width: 29.0485%;height: 50px\"><span style=\"font-size: 12pt\"><a href=\"https:\/\/agrarias.ufpr.br\/pgapv\/bruno-portela-brasileiro\/\">Dr. Bruno Portela Brasileiro<\/a><\/span><\/td>\n<\/tr>\n<tr style=\"height: 96px\">\n<td style=\"width: 26.8381%;height: 59px\"><span style=\"font-size: 12pt\">Ivete Maria Grisa<\/span><\/td>\n<td style=\"width: 44.8866%;height: 59px;text-align: justify\"><span style=\"font-size: 12pt\">CULTIVO DE BR\u00d3COLIS EM SUCESS\u00c3O AO MILHETO EM PLANTIO DIRETO<\/span><\/td>\n<td style=\"width: 29.0485%;height: 59px\"><span style=\"font-size: 12pt\"><a href=\"https:\/\/agrarias.ufpr.br\/pgapv\/atila-francisco-mogor\/\">Dr. Atila Francisco M\u00f3gor<\/a><\/span><\/td>\n<\/tr>\n<tr style=\"height: 96px\">\n<td style=\"width: 26.8381%;height: 81px\"><span style=\"font-size: 12pt\">Lauri Joao Marconatto<\/span><\/td>\n<td style=\"width: 44.8866%;height: 81px;text-align: justify\"><span style=\"font-size: 12pt\"><a href=\"https:\/\/www.prppg.ufpr.br\/siga\/visitante\/gerenciadownload?op=download&amp;doc=14733_2017_24_29_2_(.*)&amp;idPessoal=14733&amp;idPrograma=40001016031P6&amp;nivelP=Pessoal&amp;isMatch=false\">CARACTERIZA\u00c7\u00c3O DOS PRODUTORES E DAS PERDAS DE CEBOLA DURANTE A ARMAZENAGEM NA REGI\u00c3O DO ALTO VALE DO ITAJA\u00cd, SANTA CATARINA<\/a><\/span><\/td>\n<td style=\"width: 29.0485%;height: 81px\"><span style=\"font-size: 12pt\"><a href=\"https:\/\/agrarias.ufpr.br\/pgapv\/bruno-portela-brasileiro\/\">Dr. Bruno Portela Brasileiro<\/a><\/span><\/td>\n<\/tr>\n<tr style=\"height: 72px\">\n<td style=\"width: 26.8381%;height: 72px\"><span style=\"font-size: 12pt\">Luciano Alves<\/span><\/td>\n<td style=\"width: 44.8866%;height: 72px;text-align: justify\"><span style=\"font-size: 12pt\">BIOMASSA E CUMARINA EM ACESSOS DE GUACO SUBMETIDOS \u00c0 REDU\u00c7\u00c3O DA RADIA\u00c7\u00c3O ULTRAVIOLETA E ADUBA\u00c7\u00c3O NITROGENADA<\/span><\/td>\n<td style=\"width: 29.0485%;height: 72px\"><span style=\"font-size: 12pt\"><a href=\"https:\/\/agrarias.ufpr.br\/pgapv\/cicero-deschamps\/\">Dr. Cicero Deschamps<\/a><\/span><\/td>\n<\/tr>\n<tr style=\"height: 72px\">\n<td style=\"width: 26.8381%;height: 72px\"><span style=\"font-size: 12pt\">Mario Alvaro Aloisio Verissimo<\/span><\/td>\n<td style=\"width: 44.8866%;height: 72px;text-align: justify\"><span style=\"font-size: 12pt\">SELE\u00c7\u00c3O EM CANA-DE-A\u00c7\u00daCAR AVALIADA EM CONDI\u00c7\u00d5ES NATURAIS DE ESTRESSE POR FRIO NO SUL DO BRASIL<\/span><\/td>\n<td style=\"width: 29.0485%;height: 72px\"><span style=\"font-size: 12pt\"><a href=\"https:\/\/agrarias.ufpr.br\/pgapv\/ricardo-augusto-de-oliveira\/\">Dr. Ricardo Augusto De Oliveira<\/a><\/span><\/td>\n<\/tr>\n<tr style=\"height: 80px\">\n<td style=\"width: 26.8381%;height: 80px\"><span style=\"font-size: 12pt\">Pedro Henrique De Medeiros Buso<\/span><\/td>\n<td style=\"width: 44.8866%;height: 80px;text-align: justify\"><span style=\"font-size: 12pt\">CONTRIBUI\u00c7\u00c3O DE MICRO-ORGANISMOS PROMOTORES DO CRESCIMENTO VEGETAL COINOCULADOS NA CULTURA DA SOJA<\/span><\/td>\n<td style=\"width: 29.0485%;height: 80px\"><span style=\"font-size: 12pt\"><a href=\"https:\/\/agrarias.ufpr.br\/pgapv\/ricardo-augusto-de-oliveira\/\">Dr. Ricardo Augusto De Oliveira<\/a><\/span><\/td>\n<\/tr>\n<tr style=\"height: 56px\">\n<td style=\"width: 26.8381%;height: 56px\"><span style=\"font-size: 12pt\">Regiane Abjaud Estopa<\/span><\/td>\n<td style=\"width: 44.8866%;height: 56px;text-align: justify\"><span style=\"font-size: 12pt\"><a href=\"https:\/\/www.prppg.ufpr.br\/siga\/visitante\/gerenciadownload?op=download&amp;doc=22101_2017_24_15_2_(.*)&amp;idPessoal=22101&amp;idPrograma=40001016031P6&amp;nivelP=Pessoal&amp;isMatch=false\">FENOTIPAGEM VIA NIR E PREDI\u00c7\u00c3O GEN\u00d4MICA EM Eucaliptus benthamii<\/a><\/span><\/td>\n<td style=\"width: 29.0485%;height: 56px\"><span style=\"font-size: 12pt\"><a href=\"https:\/\/agrarias.ufpr.br\/pgapv\/ricardo-augusto-de-oliveira\/\">Dr. Ricardo Augusto De Oliveira<\/a><\/span><\/td>\n<\/tr>\n<tr style=\"height: 96px\">\n<td style=\"width: 26.8381%;height: 96px\"><span style=\"font-size: 12pt\">Romulo Joao Debarba<\/span><\/td>\n<td style=\"width: 44.8866%;height: 96px;text-align: justify\"><span style=\"font-size: 12pt\">BIOMASSA E GLICOS\u00cdDEOS DITERP\u00caNICOS EM GEN\u00d3TIPOS DE EST\u00c9VIA (Stevia rebaudiana Bert.) COM ADUBA\u00c7\u00c3O NITROGENADA NAS CONDI\u00c7\u00d5ES DO ALTO VALE DO ITAJA\u00cd\/SC-<\/span><\/td>\n<td style=\"width: 29.0485%;height: 96px\"><span style=\"font-size: 12pt\"><a href=\"https:\/\/agrarias.ufpr.br\/pgapv\/cicero-deschamps\/\">Dr. Cicero Deschamps<\/a><\/span><\/td>\n<\/tr>\n<tr style=\"height: 96px\">\n<td style=\"width: 26.8381%;height: 96px\"><span style=\"font-size: 12pt\">Teomar Duarte Da Silva<\/span><\/td>\n<td style=\"width: 44.8866%;height: 96px;text-align: justify\"><span style=\"font-size: 12pt\">PROSPEC\u00c7\u00c3O DA FLORA AROM\u00c1TICA E PRODU\u00c7\u00c3O DE \u00d3LEO ESSENCIAL DE Varronia curassavica EM POPULA\u00c7\u00d5ES DE RESTINGA DO ESTADO DE SANTA CATARINA <\/span><\/td>\n<td style=\"width: 29.0485%;height: 96px\"><span style=\"font-size: 12pt\"><a href=\"https:\/\/agrarias.ufpr.br\/pgapv\/cicero-deschamps\/\">Dr. Cicero Deschamps<\/a><\/span><\/td>\n<\/tr>\n<\/tbody>\n<\/table>\n","protected":false},"excerpt":{"rendered":"<p>MANEJO DE CULTURAS Antonio Ribeiro Fernandes Junior SELE\u00c7\u00c3O DE FAM\u00cdLIAS E CLONES DE CANA ENERGIA Dr. Bruno Portela Brasileiro Ivete Maria Grisa CULTIVO DE BR\u00d3COLIS EM SUCESS\u00c3O AO MILHETO EM PLANTIO DIRETO Dr. Atila Francisco M\u00f3gor Lauri Joao Marconatto CARACTERIZA\u00c7\u00c3O DOS PRODUTORES E DAS PERDAS DE CEBOLA DURANTE A ARMAZENAGEM NA REGI\u00c3O DO ALTO VALE [&hellip;]<\/p>\n","protected":false},"author":10269,"featured_media":0,"parent":0,"menu_order":0,"comment_status":"closed","ping_status":"closed","template":"","meta":{"footnotes":""},"class_list":["post-4058","page","type-page","status-publish","hentry"],"_links":{"self":[{"href":"https:\/\/agrarias.ufpr.br\/pgapv\/wp-json\/wp\/v2\/pages\/4058","targetHints":{"allow":["GET"]}}],"collection":[{"href":"https:\/\/agrarias.ufpr.br\/pgapv\/wp-json\/wp\/v2\/pages"}],"about":[{"href":"https:\/\/agrarias.ufpr.br\/pgapv\/wp-json\/wp\/v2\/types\/page"}],"author":[{"embeddable":true,"href":"https:\/\/agrarias.ufpr.br\/pgapv\/wp-json\/wp\/v2\/users\/10269"}],"replies":[{"embeddable":true,"href":"https:\/\/agrarias.ufpr.br\/pgapv\/wp-json\/wp\/v2\/comments?post=4058"}],"version-history":[{"count":1,"href":"https:\/\/agrarias.ufpr.br\/pgapv\/wp-json\/wp\/v2\/pages\/4058\/revisions"}],"predecessor-version":[{"id":4059,"href":"https:\/\/agrarias.ufpr.br\/pgapv\/wp-json\/wp\/v2\/pages\/4058\/revisions\/4059"}],"wp:attachment":[{"href":"https:\/\/agrarias.ufpr.br\/pgapv\/wp-json\/wp\/v2\/media?parent=4058"}],"curies":[{"name":"wp","href":"https:\/\/api.w.org\/{rel}","templated":true}]}}