{"id":96,"date":"2015-03-19T18:26:39","date_gmt":"2015-03-19T18:26:39","guid":{"rendered":"https:\/\/agrarias.ufpr.br\/hv\/?page_id=96"},"modified":"2026-08-21T13:22:04","modified_gmt":"2026-08-21T16:22:04","slug":"estagios","status":"publish","type":"page","link":"https:\/\/agrarias.ufpr.br\/hv\/estagios\/","title":{"rendered":"EST\u00c1GIOS"},"content":{"rendered":"\n<div style=\"height:100px\" aria-hidden=\"true\" class=\"wp-block-spacer\"><\/div>\n\n\n<h4><strong>EDITAIS 2\u00ba SEMESTRE DE 2026<\/strong><\/h4>\n<p>&nbsp;<\/p>\n<p><a href=\"https:\/\/agrarias.ufpr.br\/hv\/wp-content\/uploads\/sites\/19\/2026\/08\/Edital-final-de-estagio-curricular-para-a-Area-de-Ortopedia-e-Neurocirurgia.pdf\" target=\"_blank\" rel=\"noopener\"><span style=\"color: #008000\"><strong>EDITAL DE SELE\u00c7\u00c3O PARA EST\u00c1GIO CURRICULAR NA \u00c1REA DE ORTOPEDIA E NEUROCIRURGIA DE PEQUENOS ANIMAIS<\/strong><\/span><\/a> <strong><span style=\"color: #ff0000\"><em>(novo) <\/em><\/span><\/strong><span style=\"color: #000000\">&#8211; ABERTURA DE INSCRI\u00c7\u00c3O PARA PREENCHIMENTO DE VAGAS DO PROGRAMA DE EST\u00c1GIO CURRICULAR OBRIGAT\u00d3RIO 2\u00ba SEMESTRE \u2013 2026\u00a0<\/span><\/p>\n<p><strong><span style=\"color: #008000\"><a style=\"color: #008000\" href=\"https:\/\/agrarias.ufpr.br\/hv\/wp-content\/uploads\/sites\/19\/2026\/07\/edital-estagio-curricular-diagnostico-por-imagem-2026.pdf\" target=\"_blank\" rel=\"noopener\">EDITAL DE SELE\u00c7\u00c3O PARA EST\u00c1GIO CURRICULAR NA \u00c1REA DE DIAGN\u00d3STICO POR IMAGEM DE PEQUENOS ANIMAIS <\/a><\/span><\/strong><span style=\"color: #008000\">&#8211;<\/span> ABERTURA DE INSCRI\u00c7\u00c3O PARA PREENCHIMENTO DE VAGAS DO PROGRAMA DE EST\u00c1GIO CURRICULAR OBRIGAT\u00d3RIO (inscri\u00e7\u00f5es de 23\/07\/2026 a 20\/08\/2026).<\/p>\n<p><strong><em><a href=\"https:\/\/agrarias.ufpr.br\/hv\/wp-content\/uploads\/sites\/19\/2026\/08\/Candidatos-selecionados-estagio-diagnostico-por-imagem-segundo-semestre.pdf\" target=\"_blank\" rel=\"noopener\"><span style=\"color: #008000\">Candidatos selecionados <a style=\"color: #008000\" href=\"https:\/\/agrarias.ufpr.br\/hv\/wp-content\/uploads\/sites\/19\/2026\/08\/Candidatos-selecionados-estagio-diagnostico-por-imagem-segundo-semestre.pdf\" target=\"_blank\" rel=\"noopener\">segundo semestre<\/a><\/span><\/a><\/em> <span style=\"color: #ff0000\"><em><span style=\"color: #000000\"><a style=\"color: #000000\" href=\"https:\/\/agrarias.ufpr.br\/hv\/wp-content\/uploads\/sites\/19\/2026\/08\/Candidatos-selecionados-estagio-diagnostico-por-imagem-segundo-semestre.pdf\" target=\"_blank\" rel=\"noopener\"><span style=\"color: #008000\">\u00a0&#8211; Est\u00e1gio em diagn\u00f3stico por imagem.<\/span><\/a><\/span>(novo)<\/em><\/span><\/strong><\/p>\n<p>&nbsp;<\/p>\n<p><a href=\"https:\/\/agrarias.ufpr.br\/hv\/wp-content\/uploads\/sites\/19\/2026\/05\/edital-estagio-curricular-clinica-medica-de-pequenos-animais-2026-1.pdf\" target=\"_blank\" rel=\"noopener\"><strong><span style=\"color: #008000\">EDITAL DE SELE\u00c7\u00c3O PARA EST\u00c1GIO CURRICULAR NA \u00c1REA DE CL\u00cdNICA M\u00c9DICA DE PEQUENOS ANIMAIS<\/span><\/strong><span style=\"color: #000000\">\u00a0<\/span><\/a><\/p>\n\n\n<hr class=\"wp-block-separator has-alpha-channel-opacity\" \/>\n\n\n\n<p>________________________________________________________________________________________________________________<\/p>\n\n\n\n<p><span style=\"color: #008000\"><strong><a href=\"https:\/\/agrarias.ufpr.br\/hv\/wp-content\/uploads\/sites\/19\/2026\/01\/Edital-Selecionados-3.pdf\" target=\"_blank\" rel=\"noopener\"><mark style=\"color:#097a50\" class=\"has-inline-color\">CANDIDATOS SELECIONADOS 1_2026<\/mark><\/a><\/strong><\/span><\/p>\n\n\n\n<p><strong><b><a href=\"https:\/\/agrarias.ufpr.br\/hv\/wp-content\/uploads\/sites\/19\/2025\/12\/Edital-02-25.pdf\" target=\"_blank\" rel=\"noopener\"><mark style=\"color:#0f9262\" class=\"has-inline-color\">EDITAL N\u00ba 02\/25<\/mark> <\/a>&#8211; ABERTURA DE INSCRI\u00c7\u00c3O PARA PREENCHIMENTO DE VAGAS DO PROGRAMA DE EST\u00c1GIO CURRICULAR OBRIGAT\u00d3RIO &#8211; PRIMEIRO SEMESTRE &#8211; 2026&nbsp;<\/b><\/strong><\/p>\n\n\n\n<p><strong><span style=\"color: #008000\"><a style=\"color: #008000\" href=\"https:\/\/agrarias.ufpr.br\/hv\/wp-content\/uploads\/sites\/19\/2025\/06\/Edital-Selecionados-1.pdf\" target=\"_blank\" rel=\"noopener\">CANDIDATOS SELECIONADOS SEGUNDO SEMESTRE \u2013 2025 (excluindo a \u00e1rea de Cl\u00ednica M\u00e9dica e Cir\u00fargica De Grandes Animais)<\/a><\/span><\/strong><\/p>\n\n\n\n<p><strong><b><a href=\"https:\/\/agrarias.ufpr.br\/hv\/wp-content\/uploads\/sites\/19\/2025\/05\/Edital-01-25-Estagios.pdf\"><span style=\"color: #008000\">EDITAL N\u00b0 01\/2025<\/span><\/a>&#8211; <\/b><\/strong><strong><b>ABERTURA DE INSCRI\u00c7\u00c3O PARA PREENCHIMENTO DE VAGAS DO PROGRAMA DE EST\u00c1GIO CURRICULAR OBRIGAT\u00d3RIO &#8211; SEGUNDO<\/b><\/strong><strong><b>&nbsp;SEMESTRE &#8211; 2025&nbsp;<\/b><\/strong><\/p>\n\n\n\n<p>________________________________________________________________________________________________________________<\/p>\n\n\n\n<p><a href=\"https:\/\/docs.google.com\/forms\/d\/e\/1FAIpQLSdRey-1ngVMdyiK6yGiSvpd4Mo12YP9jnInZFpcxYwMHsK6JA\/viewform\" target=\"_blank\" rel=\"noopener\"><span style=\"color: #008000\"><strong>FORMUL\u00c1RIO DE INSCRI\u00c7\u00c3O<\/strong><\/span><\/a> (dispon\u00edvel de 06\/05\/2025 a 25\/05\/2025)<\/p>\n\n\n\n<p><a href=\"https:\/\/agrarias.ufpr.br\/hv\/wp-content\/uploads\/sites\/19\/2024\/12\/Edital-02-24-05.11.pdf\" target=\"_blank\" rel=\"noopener\"><strong><span style=\"color: #008000\">EDITAL N\u00ba 02\/2024 (RETIFICADO)<\/span><\/strong><\/a><\/p>\n\n\n\n<p><span style=\"color: #008000\"><strong><a style=\"color: #008000\" href=\"https:\/\/agrarias.ufpr.br\/hv\/wp-content\/uploads\/sites\/19\/2024\/12\/Edital-Selecionados-2-2024.pdf\">CANDIDATOS SELECIONADOS 2_2024<\/a><\/strong><\/span><\/p>\n\n\n\n<p><strong><b><a title=\"EDITAL N\u00ba 02\/2024\" href=\"https:\/\/agrarias.ufpr.br\/hv\/wp-content\/uploads\/sites\/19\/2024\/11\/Edital-02_24.pdf\" target=\"_blank\" rel=\"noopener\"><span style=\"color: #008000\">EDITAL N\u00ba 02\/2024<\/span><\/a> &#8211; <\/b><\/strong><strong><b>ABERTURA DE INSCRI\u00c7\u00c3O PARA PREENCHIMENTO DE VAGAS DO PROGRAMA DE EST\u00c1GIO CURRICULAR OBRIGAT\u00d3RIO &#8211; PRIMEIRO<\/b><\/strong><strong><b> SEMESTRE &#8211; 2025&nbsp;<\/b><\/strong><\/p>\n\n\n\n<p><a href=\"https:\/\/docs.google.com\/forms\/d\/e\/1FAIpQLSf7o8Q9XOex7lsgnMgX-CwMfRmWhZuOaKGGxo5J3UVFljAa9Q\/viewform\"><span style=\"color: #008000\"><strong>FORMUL\u00c1RIO DE INSCRI\u00c7\u00c3O<\/strong><\/span><\/a> (dispon\u00edvel de 04\/11\/2024 A 22\/11\/2024)<\/p>\n\n\n\n<p><strong><b><a title=\"EDITAL N\u00ba 01\/2024\" href=\"https:\/\/agrarias.ufpr.br\/hv\/wp-content\/uploads\/sites\/19\/2024\/04\/Edital-final-de-estagio-curricular-HV.pdf\"><span style=\"color: #008000\">EDITAL N\u00ba 01\/2024<\/span><\/a> &#8211; <\/b><\/strong><strong><b>ABERTURA DE INSCRI\u00c7\u00c3O PARA PREENCHIMENTO DE VAGAS DO PROGRAMA DE EST\u00c1GIO CURRICULAR OBRIGAT\u00d3RIO &#8211; <\/b><\/strong><strong><b>SEGUNDO SEMESTRE &#8211; 2024<\/b><\/strong><\/p>\n\n\n\n<p><span style=\"color: #008000\"><strong>FORMUL\u00c1RIO DE INSCRI\u00c7\u00c3O<\/strong><\/span> (dispon\u00edvel de&nbsp;15\/04\/2024 a 03\/05\/2024)<\/p>\n\n\n\n<p><strong><span style=\"color: #008000\"><a style=\"color: #008000\" href=\"https:\/\/agrarias.ufpr.br\/hv\/wp-content\/uploads\/sites\/19\/2024\/06\/edital-inscricoes-deferidas-estagio-1.pdf\" target=\"_blank\" rel=\"noopener\">INSCRI\u00c7\u00d5ES DEFERIDAS<\/a><\/span><\/strong><\/p>\n\n\n\n<p><span style=\"color: #008000\"><strong><a style=\"color: #008000\" href=\"https:\/\/agrarias.ufpr.br\/hv\/wp-content\/uploads\/sites\/19\/2024\/04\/MODELO_DE_FORMULARIO_DE_RECURSO.docx\" target=\"_blank\" rel=\"noopener\">FORMUL\u00c1RIO DE RECURSO<\/a><\/strong><\/span>&nbsp; (dispon\u00edvel de 05\/06\/2024 a 07\/06\/2024) &#8211; preencher e encaminhar no formato PDF<\/p>\n\n\n\n<p><strong><span style=\"color: #008000\"><a style=\"color: #008000\" href=\"https:\/\/agrarias.ufpr.br\/hv\/wp-content\/uploads\/sites\/19\/2024\/06\/edital-selecionados-estagio-.pdf\" target=\"_blank\" rel=\"noopener\">CANDIDATOS SELECIONADOS 1_2024<\/a><\/span><\/strong><\/p>\n\n\n\n<p><a href=\"http:\/\/www.prograd.ufpr.br\/estagio\/formularios\/respostas\/resp_1.php\" target=\"_blank\" rel=\"noopener\"><span style=\"color: #000000\"><span style=\"color: #008000\"><strong>TERMO DE COMPROMISSO DE EST\u00c1GIO<\/strong><\/span><\/span><\/a><span style=\"color: #000000\">&nbsp;<\/span> (deve vir assinado pelo aluno, pelo coordenador da Institui\u00e7\u00e3o de origem e pelo professor orientador da Institui\u00e7\u00e3o de origem)<\/p>\n\n\n\n<p>________________________________________________________________________________________________________________<\/p>\n\n\n\n<h3 class=\"wp-block-heading\"><strong>OBSERVA\u00c7\u00d5ES IMPORTANTES<\/strong><\/h3>\n\n\n\n<p><\/p>\n\n\n\n<ul class=\"wp-block-list\">\n<li>Pedidos com documenta\u00e7\u00e3o incompleta, inadequada ou inexistente&nbsp;<strong>SER\u00c3O INDEFERIDOS.<\/strong><\/li>\n\n\n\n<li><strong>N\u00c3O SER\u00c3O ACEITAS DOCUMENTA\u00c7\u00d5ES AP\u00d3S O PER\u00cdODO DE INSCRI\u00c7\u00c3O.&nbsp;<\/strong><\/li>\n\n\n\n<li>\u00c9 de responsabilidade do aluno escolher adequadamente a \u00e1rea de conhecimento do est\u00e1gio<\/li>\n<\/ul>\n\n\n<div class=\"wp-block-image\">\n<figure class=\"aligncenter size-large\"><a href=\"https:\/\/agrarias.ufpr.br\/hv\/estagio-externo\/\"><img loading=\"lazy\" decoding=\"async\" width=\"1024\" height=\"724\" src=\"https:\/\/agrarias.ufpr.br\/hv\/wp-content\/uploads\/sites\/19\/2024\/04\/ESTAGIOS-eletivos-1024x724.png\" alt=\"\" class=\"wp-image-6824\" srcset=\"https:\/\/agrarias.ufpr.br\/hv\/wp-content\/uploads\/sites\/19\/2024\/04\/ESTAGIOS-eletivos-1024x724.png 1024w, https:\/\/agrarias.ufpr.br\/hv\/wp-content\/uploads\/sites\/19\/2024\/04\/ESTAGIOS-eletivos-300x212.png 300w, https:\/\/agrarias.ufpr.br\/hv\/wp-content\/uploads\/sites\/19\/2024\/04\/ESTAGIOS-eletivos-768x543.png 768w, https:\/\/agrarias.ufpr.br\/hv\/wp-content\/uploads\/sites\/19\/2024\/04\/ESTAGIOS-eletivos-1536x1086.png 1536w, https:\/\/agrarias.ufpr.br\/hv\/wp-content\/uploads\/sites\/19\/2024\/04\/ESTAGIOS-eletivos-2048x1448.png 2048w, https:\/\/agrarias.ufpr.br\/hv\/wp-content\/uploads\/sites\/19\/2024\/04\/ESTAGIOS-eletivos-250x177.png 250w, https:\/\/agrarias.ufpr.br\/hv\/wp-content\/uploads\/sites\/19\/2024\/04\/ESTAGIOS-eletivos-160x113.png 160w, https:\/\/agrarias.ufpr.br\/hv\/wp-content\/uploads\/sites\/19\/2024\/04\/ESTAGIOS-eletivos-200x141.png 200w\" sizes=\"auto, (max-width: 1024px) 100vw, 1024px\" \/><\/a><\/figure>\n<\/div>\n\n\n<p><\/p>\n\n\n<div class=\"wp-block-image\">\n<figure class=\"aligncenter size-medium\"><a href=\"https:\/\/agrarias.ufpr.br\/hv\/wp-content\/uploads\/sites\/19\/2023\/02\/SEI_23075.003168_2023_01-1.pdf\" target=\"_blank\" rel=\"noopener\"><img loading=\"lazy\" decoding=\"async\" width=\"300\" height=\"212\" src=\"https:\/\/agrarias.ufpr.br\/hv\/wp-content\/uploads\/sites\/19\/2024\/04\/manual-300x212.png\" alt=\"\" class=\"wp-image-6830\" srcset=\"https:\/\/agrarias.ufpr.br\/hv\/wp-content\/uploads\/sites\/19\/2024\/04\/manual-300x212.png 300w, https:\/\/agrarias.ufpr.br\/hv\/wp-content\/uploads\/sites\/19\/2024\/04\/manual-1024x724.png 1024w, https:\/\/agrarias.ufpr.br\/hv\/wp-content\/uploads\/sites\/19\/2024\/04\/manual-768x543.png 768w, https:\/\/agrarias.ufpr.br\/hv\/wp-content\/uploads\/sites\/19\/2024\/04\/manual-1536x1086.png 1536w, https:\/\/agrarias.ufpr.br\/hv\/wp-content\/uploads\/sites\/19\/2024\/04\/manual-2048x1448.png 2048w, https:\/\/agrarias.ufpr.br\/hv\/wp-content\/uploads\/sites\/19\/2024\/04\/manual-250x177.png 250w, https:\/\/agrarias.ufpr.br\/hv\/wp-content\/uploads\/sites\/19\/2024\/04\/manual-160x113.png 160w, https:\/\/agrarias.ufpr.br\/hv\/wp-content\/uploads\/sites\/19\/2024\/04\/manual-200x141.png 200w\" sizes=\"auto, (max-width: 300px) 100vw, 300px\" \/><\/a><\/figure>\n<\/div>\n\n\n<p class=\"has-text-align-center\"><span style=\"color: #008000\"><strong><a style=\"color: #008000\" href=\"https:\/\/agrarias.ufpr.br\/hv\/wp-content\/uploads\/sites\/19\/2023\/02\/SEI_23075.003168_2023_01-1.pdf\" target=\"_blank\" rel=\"noopener\">Manual de orienta\u00e7\u00f5es para os alunos em est\u00e1gio neste Hospital Veterin\u00e1rio<\/a><\/strong><\/span><\/p>\n","protected":false},"excerpt":{"rendered":"<p>EDITAIS 2\u00ba SEMESTRE DE 2026 &nbsp; EDITAL DE SELE\u00c7\u00c3O PARA EST\u00c1GIO CURRICULAR NA \u00c1REA DE ORTOPEDIA E NEUROCIRURGIA DE PEQUENOS ANIMAIS (novo) &#8211; ABERTURA DE INSCRI\u00c7\u00c3O PARA PREENCHIMENTO DE VAGAS DO PROGRAMA DE EST\u00c1GIO CURRICULAR OBRIGAT\u00d3RIO 2\u00ba SEMESTRE \u2013 2026\u00a0 EDITAL DE SELE\u00c7\u00c3O PARA EST\u00c1GIO CURRICULAR NA \u00c1REA DE DIAGN\u00d3STICO POR IMAGEM DE PEQUENOS ANIMAIS [&hellip;]<\/p>\n","protected":false},"author":1837,"featured_media":0,"parent":0,"menu_order":0,"comment_status":"open","ping_status":"open","template":"","meta":{"footnotes":""},"class_list":["post-96","page","type-page","status-publish","hentry"],"_links":{"self":[{"href":"https:\/\/agrarias.ufpr.br\/hv\/wp-json\/wp\/v2\/pages\/96","targetHints":{"allow":["GET"]}}],"collection":[{"href":"https:\/\/agrarias.ufpr.br\/hv\/wp-json\/wp\/v2\/pages"}],"about":[{"href":"https:\/\/agrarias.ufpr.br\/hv\/wp-json\/wp\/v2\/types\/page"}],"author":[{"embeddable":true,"href":"https:\/\/agrarias.ufpr.br\/hv\/wp-json\/wp\/v2\/users\/1837"}],"replies":[{"embeddable":true,"href":"https:\/\/agrarias.ufpr.br\/hv\/wp-json\/wp\/v2\/comments?post=96"}],"version-history":[{"count":68,"href":"https:\/\/agrarias.ufpr.br\/hv\/wp-json\/wp\/v2\/pages\/96\/revisions"}],"predecessor-version":[{"id":8307,"href":"https:\/\/agrarias.ufpr.br\/hv\/wp-json\/wp\/v2\/pages\/96\/revisions\/8307"}],"wp:attachment":[{"href":"https:\/\/agrarias.ufpr.br\/hv\/wp-json\/wp\/v2\/media?parent=96"}],"curies":[{"name":"wp","href":"https:\/\/api.w.org\/{rel}","templated":true}]}}