{"id":843,"date":"2016-03-30T18:00:31","date_gmt":"2016-03-30T18:00:31","guid":{"rendered":"https:\/\/agrarias.ufpr.br\/fitotecnia\/?page_id=843"},"modified":"2022-09-12T18:53:11","modified_gmt":"2022-09-12T18:53:11","slug":"afonso-takao-murata","status":"publish","type":"page","link":"https:\/\/agrarias.ufpr.br\/fitotecnia\/afonso-takao-murata\/","title":{"rendered":"Afonso Takao Murata"},"content":{"rendered":"<p>Prof. Titular<\/p>\n<p><strong>Forma\u00e7\u00e3o Acad\u00eamica<\/strong><\/p>\n<p>Dr. em Entomologia, FFCLRP &#8211; USP (2001)<\/p>\n<p>M.Sc. em Agronomia (Entomologia Agr\u00edcola), UNESP (1996)<\/p>\n<p>Eng. Agr\u00f4nomo, UNESP (1993)<\/p>\n<p><strong>\u00c1rea\/Sub-\u00e1rea\/Linha de pesquisa<\/strong><\/p>\n<p>Fitossanidade: Entomologia, Manejo Integrado de Pragas e Agroecologia<\/p>\n<p><strong>Disciplinas Ministradas na Gradua\u00e7\u00e3o<\/strong><\/p>\n<p><a href=\"https:\/\/agrarias.ufpr.br\/fitotecnia\/manejo-integrado-de-pragas-af-065\/\">AF065 &#8211; Manejo Integrado de Pragas<\/a><\/p>\n<p><a href=\"https:\/\/agrarias.ufpr.br\/fitotecnia\/agroecologia-af098\/\">AF098- Agroecologia<\/a><\/p>\n<p><a href=\"https:\/\/agrarias.ufpr.br\/fitotecnia\/?page_id=5712\">AF102 -Agroecologia Aplicada<\/a><\/p>\n<p><strong>Coordena\u00e7\u00e3o de Projetos<\/strong><\/p>\n<p>Centro de Ensino, Pesquisa e Extens\u00e3o em Agroecologia (CEPEA\/UFPR)<\/p>\n<p><strong>Publica\u00e7\u00f5es<\/strong><\/p>\n<p><strong><a href=\"http:\/\/lattes.cnpq.br\/1844309499909652\"><img loading=\"lazy\" decoding=\"async\" class=\"alignnone wp-image-742\" src=\"https:\/\/agrarias.ufpr.br\/fitotecnia\/wp-content\/uploads\/sites\/26\/2016\/03\/icon_lattes.png\" alt=\"icon_lattes\" width=\"30\" height=\"29\" \/><\/a>\u00a0<a href=\"http:\/\/lattes.cnpq.br\/1844309499909652\">Lattes<\/a>\u00a0 \u00a0<a href=\"https:\/\/www.researchgate.net\/profile\/Afonso_Murata\"><img loading=\"lazy\" decoding=\"async\" class=\"size-full wp-image-1136 alignnone\" src=\"https:\/\/agrarias.ufpr.br\/fitotecnia\/wp-content\/uploads\/sites\/26\/2016\/03\/apple-touch-icon-180x180-e1459453504744.png\" alt=\"apple-touch-icon-180x180\" width=\"29\" height=\"29\" \/>\u00a0Research Gate\u00a0\u00a0<\/a><a href=\"https:\/\/orcid.org\/0000-0002-4432-6665\"><img loading=\"lazy\" decoding=\"async\" class=\"alignnone wp-image-4780\" src=\"https:\/\/agrarias.ufpr.br\/fitotecnia\/wp-content\/uploads\/sites\/26\/2021\/02\/unnamed-1.jpg\" alt=\"\" width=\"93\" height=\"37\" srcset=\"https:\/\/agrarias.ufpr.br\/fitotecnia\/wp-content\/uploads\/sites\/26\/2021\/02\/unnamed-1.jpg 347w, https:\/\/agrarias.ufpr.br\/fitotecnia\/wp-content\/uploads\/sites\/26\/2021\/02\/unnamed-1-300x119.jpg 300w, https:\/\/agrarias.ufpr.br\/fitotecnia\/wp-content\/uploads\/sites\/26\/2021\/02\/unnamed-1-250x99.jpg 250w\" sizes=\"auto, (max-width: 93px) 100vw, 93px\" \/><\/a><\/strong><\/p>\n<p><strong>Contatos<\/strong><\/p>\n<p><img loading=\"lazy\" decoding=\"async\" class=\"wp-image-758 alignnone\" src=\"https:\/\/agrarias.ufpr.br\/fitotecnia\/wp-content\/uploads\/sites\/26\/2016\/03\/telefone.png\" alt=\"telefone\" width=\"22\" height=\"22\" srcset=\"https:\/\/agrarias.ufpr.br\/fitotecnia\/wp-content\/uploads\/sites\/26\/2016\/03\/telefone.png 200w, https:\/\/agrarias.ufpr.br\/fitotecnia\/wp-content\/uploads\/sites\/26\/2016\/03\/telefone-150x150.png 150w\" sizes=\"auto, (max-width: 22px) 100vw, 22px\" \/>+55 (41) 9965-2990<\/p>\n<p><img loading=\"lazy\" decoding=\"async\" class=\"alignnone wp-image-757\" src=\"https:\/\/agrarias.ufpr.br\/fitotecnia\/wp-content\/uploads\/sites\/26\/2016\/03\/email-small-.jpg\" alt=\"email small\" width=\"22\" height=\"22\" \/> afonsomurata@ufpr.br<\/p>\n<div class=\"t4p-reading-box-container reading-box-container-1\"><\/div>\n","protected":false},"excerpt":{"rendered":"<p>Prof. Titular Forma\u00e7\u00e3o Acad\u00eamica Dr. em Entomologia, FFCLRP &#8211; USP (2001) M.Sc. em Agronomia (Entomologia Agr\u00edcola), UNESP (1996) Eng. Agr\u00f4nomo, UNESP (1993) \u00c1rea\/Sub-\u00e1rea\/Linha de pesquisa Fitossanidade: Entomologia, Manejo Integrado de Pragas e Agroecologia Disciplinas Ministradas na Gradua\u00e7\u00e3o AF065 &#8211; Manejo Integrado de Pragas AF098- Agroecologia AF102 -Agroecologia Aplicada Coordena\u00e7\u00e3o de Projetos Centro de Ensino, Pesquisa [&hellip;]<\/p>\n","protected":false},"author":3,"featured_media":0,"parent":0,"menu_order":0,"comment_status":"closed","ping_status":"closed","template":"","meta":{"footnotes":""},"class_list":["post-843","page","type-page","status-publish","hentry"],"_links":{"self":[{"href":"https:\/\/agrarias.ufpr.br\/fitotecnia\/wp-json\/wp\/v2\/pages\/843","targetHints":{"allow":["GET"]}}],"collection":[{"href":"https:\/\/agrarias.ufpr.br\/fitotecnia\/wp-json\/wp\/v2\/pages"}],"about":[{"href":"https:\/\/agrarias.ufpr.br\/fitotecnia\/wp-json\/wp\/v2\/types\/page"}],"author":[{"embeddable":true,"href":"https:\/\/agrarias.ufpr.br\/fitotecnia\/wp-json\/wp\/v2\/users\/3"}],"replies":[{"embeddable":true,"href":"https:\/\/agrarias.ufpr.br\/fitotecnia\/wp-json\/wp\/v2\/comments?post=843"}],"version-history":[{"count":70,"href":"https:\/\/agrarias.ufpr.br\/fitotecnia\/wp-json\/wp\/v2\/pages\/843\/revisions"}],"predecessor-version":[{"id":5717,"href":"https:\/\/agrarias.ufpr.br\/fitotecnia\/wp-json\/wp\/v2\/pages\/843\/revisions\/5717"}],"wp:attachment":[{"href":"https:\/\/agrarias.ufpr.br\/fitotecnia\/wp-json\/wp\/v2\/media?parent=843"}],"curies":[{"name":"wp","href":"https:\/\/api.w.org\/{rel}","templated":true}]}}