{"id":4749,"date":"2021-02-17T14:32:43","date_gmt":"2021-02-17T14:32:43","guid":{"rendered":"https:\/\/agrarias.ufpr.br\/fitotecnia\/?page_id=4749"},"modified":"2021-11-29T12:06:41","modified_gmt":"2021-11-29T12:06:41","slug":"leandro-bittencourt-de-oliveira","status":"publish","type":"page","link":"https:\/\/agrarias.ufpr.br\/fitotecnia\/leandro-bittencourt-de-oliveira\/","title":{"rendered":"Leandro Bittencourt de Oliveira"},"content":{"rendered":"<p>Prof. Adjunto<\/p>\n<p><strong>Forma\u00e7\u00e3o acad\u00eamica<\/strong><\/p>\n<p>P\u00f3s-Doutorado, EMBRAPA e UFSM (2015-2017)<\/p>\n<p>Dr. em Zootecnia, UFSM (2015)<\/p>\n<p>M.Sc. em Ci\u00eancia do Solo, UFSM (2012)<\/p>\n<p>Eng. Agr\u00f4nomo, UFSM (2010)<\/p>\n<p><strong>\u00c1rea\/Sub-\u00e1rea\/Linha de pesquisa:<\/strong><\/p>\n<p>Agricultura\/Sistemas Integrados\/Sistemas Integrados na Produ\u00e7\u00e3o Agropecu\u00e1ria<\/p>\n<p><strong>Disciplinas Ministradas na Gradua\u00e7\u00e3o<\/strong><\/p>\n<p><strong><a href=\"https:\/\/agrarias.ufpr.br\/fitotecnia\/manejo-de-pastagem-afo55\/\">Manejo de Pastagem \u2013 AF 055<\/a><\/strong><\/p>\n<p><strong><a href=\"https:\/\/agrarias.ufpr.br\/fitotecnia\/manejo-de-pastagens-af-084\/\">Manejo de Pastagens \u2013&nbsp;AF 084<\/a><\/strong><\/p>\n<p><strong><a href=\"https:\/\/agrarias.ufpr.br\/fitotecnia\/forragicultura-af-079\/\">Forragicultura \u2013&nbsp;AF 079<\/a><\/strong><\/p>\n<p><strong>Unidade de Apoio<\/strong><\/p>\n<p><a href=\"https:\/\/agrarias.ufpr.br\/fitotecnia\/nucleo-de-inovacao-tecnologica-em-agropecuaria-nita\/\">N\u00facleo de Inova\u00e7\u00e3o Tecnol\u00f3gica em Agropecu\u00e1ria (NITA)<\/a><\/p>\n<p><strong>Publica\u00e7\u00f5es&nbsp;<\/strong><\/p>\n<p><strong><a href=\"http:\/\/lattes.cnpq.br\/0652815976305762\"><img loading=\"lazy\" decoding=\"async\" class=\"alignnone wp-image-742\" src=\"https:\/\/agrarias.ufpr.br\/fitotecnia\/wp-content\/uploads\/sites\/26\/2016\/03\/icon_lattes.png\" alt=\"icon_lattes\" width=\"30\" height=\"29\"><\/a>&nbsp;<a href=\"http:\/\/lattes.cnpq.br\/0652815976305762\"><span style=\"color: #000080\">Lattes<\/span>&nbsp;<\/a> &nbsp;<a href=\"https:\/\/www.researchgate.net\/profile\/Leandro-Oliveira-3\"><img loading=\"lazy\" decoding=\"async\" class=\"size-full wp-image-1136 alignnone\" src=\"https:\/\/agrarias.ufpr.br\/fitotecnia\/wp-content\/uploads\/sites\/26\/2016\/03\/apple-touch-icon-180x180-e1459453504744.png\" alt=\"apple-touch-icon-180x180\" width=\"29\" height=\"29\"><\/a>&nbsp;<a href=\"https:\/\/www.researchgate.net\/profile\/Leandro-Oliveira-3\"><span style=\"color: #000080\">ResearchGate&nbsp;<\/span><\/a><a href=\"https:\/\/orcid.org\/0000-0003-1969-5263\"><img loading=\"lazy\" decoding=\"async\" class=\"alignnone wp-image-4771\" src=\"https:\/\/agrarias.ufpr.br\/fitotecnia\/wp-content\/uploads\/sites\/26\/2021\/02\/unnamed.jpg\" alt=\"\" width=\"93\" height=\"37\" srcset=\"https:\/\/agrarias.ufpr.br\/fitotecnia\/wp-content\/uploads\/sites\/26\/2021\/02\/unnamed.jpg 347w, https:\/\/agrarias.ufpr.br\/fitotecnia\/wp-content\/uploads\/sites\/26\/2021\/02\/unnamed-300x119.jpg 300w, https:\/\/agrarias.ufpr.br\/fitotecnia\/wp-content\/uploads\/sites\/26\/2021\/02\/unnamed-250x99.jpg 250w\" sizes=\"auto, (max-width: 93px) 100vw, 93px\" \/><\/a><\/strong><\/p>\n<p><strong>Contatos<\/strong><\/p>\n<p><img loading=\"lazy\" decoding=\"async\" class=\"wp-image-758 alignnone\" src=\"https:\/\/agrarias.ufpr.br\/fitotecnia\/wp-content\/uploads\/sites\/26\/2016\/03\/telefone.png\" alt=\"telefone\" width=\"22\" height=\"22\" srcset=\"https:\/\/agrarias.ufpr.br\/fitotecnia\/wp-content\/uploads\/sites\/26\/2016\/03\/telefone.png 200w, https:\/\/agrarias.ufpr.br\/fitotecnia\/wp-content\/uploads\/sites\/26\/2016\/03\/telefone-150x150.png 150w\" sizes=\"auto, (max-width: 22px) 100vw, 22px\" \/>+55 (41) 3350-5754<\/p>\n<p><img loading=\"lazy\" decoding=\"async\" class=\"alignnone wp-image-757\" src=\"https:\/\/agrarias.ufpr.br\/fitotecnia\/wp-content\/uploads\/sites\/26\/2016\/03\/email-small-.jpg\" alt=\"email small\" width=\"22\" height=\"22\">&nbsp;bittencourtoliveira@ufpr.br<\/p>\n","protected":false},"excerpt":{"rendered":"<p>Prof. Adjunto Forma\u00e7\u00e3o acad\u00eamica P\u00f3s-Doutorado, EMBRAPA e UFSM (2015-2017) Dr. em Zootecnia, UFSM (2015) M.Sc. em Ci\u00eancia do Solo, UFSM (2012) Eng. Agr\u00f4nomo, UFSM (2010) \u00c1rea\/Sub-\u00e1rea\/Linha de pesquisa: Agricultura\/Sistemas Integrados\/Sistemas Integrados na Produ\u00e7\u00e3o Agropecu\u00e1ria Disciplinas Ministradas na Gradua\u00e7\u00e3o Manejo de Pastagem \u2013 AF 055 Manejo de Pastagens \u2013&nbsp;AF 084 Forragicultura \u2013&nbsp;AF 079 Unidade de Apoio [&hellip;]<\/p>\n","protected":false},"author":10255,"featured_media":0,"parent":0,"menu_order":0,"comment_status":"closed","ping_status":"closed","template":"","meta":{"footnotes":""},"class_list":["post-4749","page","type-page","status-publish","hentry"],"_links":{"self":[{"href":"https:\/\/agrarias.ufpr.br\/fitotecnia\/wp-json\/wp\/v2\/pages\/4749","targetHints":{"allow":["GET"]}}],"collection":[{"href":"https:\/\/agrarias.ufpr.br\/fitotecnia\/wp-json\/wp\/v2\/pages"}],"about":[{"href":"https:\/\/agrarias.ufpr.br\/fitotecnia\/wp-json\/wp\/v2\/types\/page"}],"author":[{"embeddable":true,"href":"https:\/\/agrarias.ufpr.br\/fitotecnia\/wp-json\/wp\/v2\/users\/10255"}],"replies":[{"embeddable":true,"href":"https:\/\/agrarias.ufpr.br\/fitotecnia\/wp-json\/wp\/v2\/comments?post=4749"}],"version-history":[{"count":11,"href":"https:\/\/agrarias.ufpr.br\/fitotecnia\/wp-json\/wp\/v2\/pages\/4749\/revisions"}],"predecessor-version":[{"id":5346,"href":"https:\/\/agrarias.ufpr.br\/fitotecnia\/wp-json\/wp\/v2\/pages\/4749\/revisions\/5346"}],"wp:attachment":[{"href":"https:\/\/agrarias.ufpr.br\/fitotecnia\/wp-json\/wp\/v2\/media?parent=4749"}],"curies":[{"name":"wp","href":"https:\/\/api.w.org\/{rel}","templated":true}]}}