{"id":3960,"date":"2018-09-05T15:54:24","date_gmt":"2018-09-05T15:54:24","guid":{"rendered":"https:\/\/agrarias.ufpr.br\/fitotecnia\/?page_id=3960"},"modified":"2026-04-07T16:09:04","modified_gmt":"2026-04-07T19:09:04","slug":"disciplinasdff","status":"publish","type":"page","link":"https:\/\/agrarias.ufpr.br\/fitotecnia\/disciplinasdff\/","title":{"rendered":"Disciplinas do Departamento Fitotecnia e Fitossanitarismo"},"content":{"rendered":"\n<p class=\"has-text-align-center\"><a href=\"https:\/\/agrarias.ufpr.br\/agronomia\/wp-content\/uploads\/sites\/24\/2017\/07\/Periodiza%C3%A7%C3%A3o-Disciplinas-Obrigat%C3%B3rias-Curriculo-2015.pdf\"><span style=\"font-size: 18pt;\"><strong>Agronomia &#8211; Curr\u00edculo 2015<\/strong><\/span><\/a><\/p>\n\n\n\n<h4 class=\"wp-block-heading\"><span style=\"color: #0000ff; font-size: 14pt;\"><strong>Obrigat\u00f3rias<\/strong><\/span><\/h4>\n\n\n\n<p><span style=\"color: #000000;\"><strong><a style=\"color: #000000;\" href=\"https:\/\/agrarias.ufpr.br\/fitotecnia\/introducao-a-engenharia-agronomica\/\">AF062 &#8211; Introdu\u00e7\u00e3o \u00e0 Engenharia Agron\u00f4mica<\/a><\/strong><\/span><\/p>\n\n\n\n<p><span style=\"color: #000000;\"><strong><a style=\"color: #000000;\" href=\"https:\/\/agrarias.ufpr.br\/fitotecnia\/horticultura-geral-af-063\/\">AF063 &#8211; Horticultura Geral<\/a><\/strong><\/span><\/p>\n\n\n\n<p><span style=\"color: #000000;\"><strong><a style=\"color: #000000;\" href=\"https:\/\/agrarias.ufpr.br\/fitotecnia\/experimentacao-agricola-af-064\/\">AF064 &#8211; Experimenta\u00e7\u00e3o Agr\u00edcola<\/a><\/strong><\/span><\/p>\n\n\n\n<p><span style=\"color: #000000;\"><strong><a style=\"color: #000000;\" href=\"https:\/\/agrarias.ufpr.br\/fitotecnia\/manejo-integrado-de-pragas-af-065\/\">AF065 &#8211; Manejo Integrado de Pragas<\/a><\/strong><\/span><\/p>\n\n\n\n<p><span style=\"color: #000000;\"><strong><a style=\"color: #000000;\" href=\"https:\/\/agrarias.ufpr.br\/fitotecnia\/agricultura-geral-af-066\/\">AF066 &#8211; Agricultura Geral<\/a><\/strong><\/span><\/p>\n\n\n\n<p><span style=\"color: #000000;\"><strong><a style=\"color: #000000;\" href=\"https:\/\/agrarias.ufpr.br\/fitotecnia\/horticultura-especial-af-067\/\">AF067 &#8211; Horticultura Especial<\/a><\/strong><\/span><\/p>\n\n\n\n<p><span style=\"color: #000000;\"><strong><a style=\"color: #000000;\" href=\"https:\/\/agrarias.ufpr.br\/fitotecnia\/legislacao-e-etica-profissional-af-068\/\">AF068 &#8211; Legisla\u00e7\u00e3o e \u00c9tica Profissional<\/a><\/strong><\/span><\/p>\n\n\n\n<p><span style=\"color: #000000;\"><strong><a style=\"color: #000000;\" href=\"https:\/\/agrarias.ufpr.br\/fitotecnia\/melhoramento-de-plantas-af-069\/\">AF069 &#8211; Melhoramento de Plantas<\/a><\/strong><\/span><\/p>\n\n\n\n<p><span style=\"color: #000000;\"><strong><a style=\"color: #000000;\" href=\"https:\/\/agrarias.ufpr.br\/fitotecnia\/defesa-sanitaria-vegetal-e-urbana-af-070\/\">AF070 &#8211; Defesa Sanit\u00e1ria Vegetal e Urbana<\/a><\/strong><\/span><\/p>\n\n\n\n<p><span style=\"color: #000000;\"><strong><a style=\"color: #000000;\" href=\"https:\/\/agrarias.ufpr.br\/fitotecnia\/manejo-de-lavoura-a-af-071\/\">AF071 &#8211; Manejo de Lavoura A<\/a><\/strong><\/span><\/p>\n\n\n\n<p><span style=\"color: #000000;\"><strong><a style=\"color: #000000;\" href=\"https:\/\/agrarias.ufpr.br\/fitotecnia\/manejo-de-lavoura-b-af-072\/\">AF072 &#8211; Manejo de Lavoura B<\/a><\/strong><\/span><\/p>\n\n\n\n<p><span style=\"color: #000000;\"><strong><a style=\"color: #000000;\" href=\"https:\/\/agrarias.ufpr.br\/fitotecnia\/biotecnologia-vegetal-af-073\/\">AF073 &#8211; Biotecnologia Vegetal<\/a><\/strong><\/span><\/p>\n\n\n\n<p><span style=\"color: #000000;\"><strong><a style=\"color: #000000;\" href=\"https:\/\/agrarias.ufpr.br\/fitotecnia\/manejo-de-lavoura-c-af-074\/\">AF074 &#8211; Manejo de Lavoura C<\/a><\/strong><\/span><\/p>\n\n\n\n<p><span style=\"color: #000000;\"><strong><a style=\"color: #000000;\" href=\"https:\/\/agrarias.ufpr.br\/fitotecnia\/producao-e-tecnologia-de-sementes-af-075\/\">AF075 &#8211; Produ\u00e7\u00e3o e Tecnologia de Sementes<\/a><\/strong><\/span><\/p>\n\n\n\n<p><span style=\"color: #000000;\"><strong><a style=\"color: #000000;\" href=\"https:\/\/agrarias.ufpr.br\/fitotecnia\/doencas-de-plantas-cultivadas-af-076\/\">AF076 &#8211; Doen\u00e7as de Plantas Cultivadas<\/a><\/strong><\/span><\/p>\n\n\n\n<p><span style=\"color: #000000;\"><strong><a style=\"color: #000000;\" href=\"https:\/\/agrarias.ufpr.br\/fitotecnia\/controle-de-plantas-daninhas-af-077\/\">AF077 &#8211; Controle de Plantas Daninhas<\/a><\/strong><\/span><\/p>\n\n\n\n<p><span style=\"color: #000000;\"><strong><a style=\"color: #000000;\" href=\"https:\/\/agrarias.ufpr.br\/fitotecnia\/armazenamento-de-produtos-agricolas-af-078\/\">AF078 &#8211; Armazenamento de Produtos Agr\u00edcolas<\/a><\/strong><\/span><\/p>\n\n\n\n<p><span style=\"color: #000000;\"><strong><a style=\"color: #000000;\" href=\"https:\/\/agrarias.ufpr.br\/fitotecnia\/forragicultura-af-079\/\">AF079 &#8211; Forragicultura<\/a><\/strong><\/span><\/p>\n\n\n\n<p><span style=\"color: #000000;\"><strong><a style=\"color: #000000;\" href=\"https:\/\/agrarias.ufpr.br\/fitotecnia\/fundamentos-de-fitopatologia-af-093\/\">AF093 &#8211; Fundamentos de Fitopatologia<\/a><\/strong><\/span><\/p>\n\n\n\n<h4 class=\"wp-block-heading\"><span style=\"color: #0000ff; font-size: 14pt;\"><strong>Optativas<\/strong><\/span><\/h4>\n\n\n\n<p><span style=\"color: #000000;\"><strong><a style=\"color: #000000;\" href=\"https:\/\/agrarias.ufpr.br\/fitotecnia\/plantas-potenciais-af-080\/\">AF080 &#8211; Plantas Potenciais<\/a><\/strong><\/span><\/p>\n\n\n\n<p><span style=\"color: #000000;\"><strong><a style=\"color: #000000;\" href=\"https:\/\/agrarias.ufpr.br\/fitotecnia\/mecanismos-fisiologicos-da-producao-agricola-af-081\/\">AF081 &#8211; Mecanismos Fisiol\u00f3gicos da Produ\u00e7\u00e3o Agr\u00edcola<\/a><\/strong><\/span><\/p>\n\n\n\n<p><span style=\"color: #000000;\"><strong><a style=\"color: #000000;\" href=\"https:\/\/agrarias.ufpr.br\/fitotecnia\/gestao-ambiental-aplicada-af-082\/\">AF082 &#8211; Gest\u00e3o Ambiental Aplicada<\/a><\/strong><\/span><\/p>\n\n\n\n<p><span style=\"color: #000000;\"><strong><a style=\"color: #000000;\" href=\"https:\/\/agrarias.ufpr.br\/fitotecnia\/pagamento-por-servicos-ambientais-af-083\/\">AF083 &#8211; Pagamento por Servi\u00e7os Ambientais<\/a><\/strong><\/span><\/p>\n\n\n\n<p><span style=\"color: #000000;\"><strong><a style=\"color: #000000;\" href=\"https:\/\/agrarias.ufpr.br\/fitotecnia\/manejo-de-pastagens-af-084\/\">AF084 &#8211; Manejo de Pastagens<\/a><\/strong><\/span><\/p>\n\n\n\n<p><span style=\"color: #000000;\"><strong><a style=\"color: #000000;\" href=\"https:\/\/agrarias.ufpr.br\/fitotecnia\/plantas-medicinais-aromaticas-e-condimentares-af-085\/\">AF085 &#8211; Plantas Medicinais, Arom\u00e1ticas e Condimentares<\/a><\/strong><\/span><\/p>\n\n\n\n<p><span style=\"color: #000000;\"><strong><a style=\"color: #000000;\" href=\"https:\/\/agrarias.ufpr.br\/fitotecnia\/manejo-da-producao-agricola-af-086\/\">AF086 &#8211; Manejo da Produ\u00e7\u00e3o Agr\u00edcola<\/a><\/strong><\/span><\/p>\n\n\n\n<p><span style=\"color: #000000;\"><strong><a style=\"color: #000000;\" href=\"https:\/\/agrarias.ufpr.br\/fitotecnia\/fruticultura-temperada-af-087\/\">AF087 &#8211; Fruticultura Temperada<\/a><\/strong><\/span><\/p>\n\n\n\n<p><span style=\"color: #000000;\"><strong><a style=\"color: #000000;\" href=\"https:\/\/agrarias.ufpr.br\/fitotecnia\/fruticultura-subtropical-e-tropical-af-088\/\">AF088 &#8211; Fruticultura Subtropical e Tropical<\/a><\/strong><\/span><\/p>\n\n\n\n<p><span style=\"color: #000000;\"><strong><a style=\"color: #000000;\" href=\"https:\/\/agrarias.ufpr.br\/fitotecnia\/floricultura-af-089\/\">AF089 &#8211; Floricultura<\/a><\/strong><\/span><\/p>\n\n\n\n<p><span style=\"color: #000000;\"><strong><a style=\"color: #000000;\" href=\"https:\/\/agrarias.ufpr.br\/fitotecnia\/olericultura-af-090\/\">AF090 &#8211; Olericultura<\/a><\/strong><\/span><\/p>\n\n\n\n<p><span style=\"color: #000000;\"><strong><a style=\"color: #000000;\" href=\"https:\/\/agrarias.ufpr.br\/fitotecnia\/paisagismo-af-091\/\">AF091 &#8211; Paisagismo<\/a><\/strong><\/span><\/p>\n\n\n\n<p><span style=\"color: #000000;\"><strong><a style=\"color: #000000;\" href=\"https:\/\/agrarias.ufpr.br\/fitotecnia\/pos-colheita-aplicada-a-horticultura-af-092\/\">AF092 &#8211; P\u00f3s-colheita aplicada \u00e0 Horticultura<\/a><\/strong><\/span><\/p>\n\n\n\n<p>&nbsp;<\/p>\n\n\n\n<p class=\"has-text-align-center\"><a href=\"https:\/\/agrarias.ufpr.br\/agronomia\/wp-content\/uploads\/sites\/24\/2017\/07\/Periodiza%C3%A7%C3%A3o-Disciplinas-Obrigat%C3%B3rias-Curriculo-2008.pdf\"><span style=\"font-size: 18pt;\"><strong>Agronomia &#8211; Curr\u00edculo 2008<\/strong><\/span><\/a><\/p>\n\n\n\n<h4 class=\"wp-block-heading\"><span style=\"color: #0000ff; font-size: 14pt;\"><strong>Obrigat\u00f3rias<\/strong><\/span><\/h4>\n\n\n\n<p><span style=\"color: #000000;\"><strong><a style=\"color: #000000;\" href=\"https:\/\/agrarias.ufpr.br\/fitotecnia\/agricultura-geral-af001\/\">AF001 &#8211; Agricultura Geral<\/a><\/strong><\/span><\/p>\n\n\n\n<p><span style=\"color: #000000;\"><strong><a style=\"color: #000000;\" href=\"https:\/\/agrarias.ufpr.br\/fitotecnia\/agricultura-especial-i-af-025\/\">AF025 &#8211; Agricultura Especial I<\/a><\/strong><\/span><\/p>\n\n\n\n<p><span style=\"color: #000000;\"><strong><a style=\"color: #000000;\" href=\"https:\/\/agrarias.ufpr.br\/fitotecnia\/agricultura-especial-ii-af-026\/\">AF026 &#8211; Agricultura Especial II<\/a><\/strong><\/span><\/p>\n\n\n\n<p><span style=\"color: #000000;\"><strong><a style=\"color: #000000;\" href=\"https:\/\/agrarias.ufpr.br\/fitotecnia\/fitopatologia-geral-af-029-2\/\">AF029 &#8211; Fitopatologia Geral<\/a><\/strong><\/span><\/p>\n\n\n\n<p><span style=\"color: #000000;\"><strong><a style=\"color: #000000;\" href=\"https:\/\/agrarias.ufpr.br\/fitotecnia\/fruticultura-i-af030-2\/\">AF030 &#8211; Fruticultura I<\/a><\/strong><\/span><\/p>\n\n\n\n<p><span style=\"color: #000000;\"><strong><a style=\"color: #000000;\" href=\"https:\/\/agrarias.ufpr.br\/fitotecnia\/fruticultura-ii-af031-2\/\">AF031 &#8211; Fruticultura II<\/a><\/strong><\/span><\/p>\n\n\n\n<p><span style=\"color: #000000;\"><strong><a style=\"color: #000000;\" href=\"https:\/\/agrarias.ufpr.br\/fitotecnia\/armazenamento-de-produtos-agricolas-af-037\/\">AF037 &#8211; Armazenamento de Produtos Agr\u00edcolas<\/a><\/strong><\/span><\/p>\n\n\n\n<p><span style=\"color: #000000;\"><strong><a style=\"color: #000000;\" href=\"https:\/\/agrarias.ufpr.br\/fitotecnia\/plantas-ornamentais-af038\/\">AF038 &#8211; Plantas Ornamentais<\/a><\/strong><\/span><\/p>\n\n\n\n<p><span style=\"color: #000000;\"><strong><a style=\"color: #000000;\" href=\"https:\/\/agrarias.ufpr.br\/fitotecnia\/defesa-sanitaria-vegetal-af045\/\">AF045 &#8211; Defesa Sanit\u00e1ria Vegetal<\/a><\/strong><\/span><\/p>\n\n\n\n<p><span style=\"color: #000000;\"><strong><a style=\"color: #000000;\" href=\"https:\/\/agrarias.ufpr.br\/fitotecnia\/experimentacao-agricola\/\">AF046 &#8211; Experimenta\u00e7\u00e3o Agr\u00edcola<\/a><\/strong><\/span><\/p>\n\n\n\n<p><span style=\"color: #000000;\"><strong><a style=\"color: #000000;\" href=\"https:\/\/agrarias.ufpr.br\/fitotecnia\/forragicultura-af-047\/\">AF047 &#8211; Forragicultura<\/a><\/strong><\/span><\/p>\n\n\n\n<p><span style=\"color: #000000;\"><strong><a style=\"color: #000000;\" href=\"https:\/\/agrarias.ufpr.br\/fitotecnia\/analise-e-tecnologia-de-sementes-af051\/\">AF051 &#8211; An\u00e1lise e Tecnologia de Sementes<\/a><\/strong><\/span><\/p>\n\n\n\n<p><span style=\"color: #000000;\"><strong><a style=\"color: #000000;\" href=\"https:\/\/agrarias.ufpr.br\/fitotecnia\/controle-de-plantas-daninhas-af052\/\">AF052 &#8211; Controle de Plantas Daninhas<\/a><\/strong><\/span><\/p>\n\n\n\n<p><span style=\"color: #000000;\"><strong><a style=\"color: #000000;\" href=\"https:\/\/agrarias.ufpr.br\/fitotecnia\/oleicultura-af304\/\">AF304 &#8211; Olericultura<\/a><\/strong><\/span><\/p>\n\n\n\n<p><span style=\"color: #000000;\"><strong><a style=\"color: #000000;\" href=\"https:\/\/agrarias.ufpr.br\/fitotecnia\/melhoramento-de-plantas-af306\/\">AF306 &#8211; Melhoramento de Plantas<\/a><\/strong><\/span><\/p>\n\n\n\n<p><strong><span style=\"color: #000000;\"><a style=\"color: #000000;\" href=\"https:\/\/agrarias.ufpr.br\/fitotecnia\/fitopatologia-especial-af-013\/\">AF313 &#8211; Fitopatologia Especial<\/a><\/span><\/strong><\/p>\n\n\n\n<p><span style=\"color: #000000;\"><strong><a style=\"color: #000000;\" href=\"https:\/\/agrarias.ufpr.br\/fitotecnia\/legislacao-e-etica-profissional\/\">AF335 &#8211; Legisla\u00e7\u00e3o Prof. do Eng. Agr\u00f4nomo<\/a><\/strong><\/span><\/p>\n\n\n\n<p><span style=\"color: #000000;\"><strong><a style=\"color: #000000;\" href=\"https:\/\/agrarias.ufpr.br\/fitotecnia\/estagio-obrigatorio-supervisionado-em-agronomia-agro-001\/\">AGRO001 &#8211; Est\u00e1gio Obrigat\u00f3rio Supervisionado em Agronomia <\/a><\/strong><\/span><\/p>\n\n\n\n<h4 class=\"wp-block-heading\"><span style=\"color: #0000ff; font-size: 14pt;\"><strong>Optativas<\/strong><\/span><\/h4>\n\n\n\n<p><span style=\"color: #000000;\"><strong><a style=\"color: #000000;\" href=\"https:\/\/agrarias.ufpr.br\/fitotecnia\/agricultura-especial-iii-af027\/\">AF027 &#8211; Agricultura Especial III<\/a><\/strong><\/span><\/p>\n\n\n\n<p><span style=\"color: #000000;\"><strong><a style=\"color: #000000;\" href=\"https:\/\/agrarias.ufpr.br\/fitotecnia\/introducao-a-pesquisa-em-fitotecnia-af048\/\">AF048 &#8211; Introdu\u00e7\u00e3o \u00e0 Pesquisa em Fitotecnia<\/a><\/strong><\/span><\/p>\n\n\n\n<p><span style=\"color: #000000;\"><strong><a style=\"color: #000000;\" href=\"https:\/\/agrarias.ufpr.br\/fitotecnia\/introducao-a-pesquisa-em-fitopatologia-af050\/\">AF050 &#8211; Introdu\u00e7\u00e3o \u00e0 Pesquisa em Fitopatologia<\/a><\/strong><\/span><\/p>\n\n\n\n<p><span style=\"color: #000000;\"><strong><a style=\"color: #000000;\" href=\"https:\/\/agrarias.ufpr.br\/fitotecnia\/agricultura-especial-v-af-053\/\">Af053 &#8211; Agricultura Especial V<\/a><\/strong><\/span><\/p>\n\n\n\n<p><span style=\"color: #000000;\"><strong><a style=\"color: #000000;\" href=\"https:\/\/agrarias.ufpr.br\/fitotecnia\/manejo-de-pastagem-afo55\/\">AF055 &#8211; Manejo de Pastagem<\/a><\/strong><\/span><\/p>\n\n\n\n<p class=\"western\"><span style=\"font-family: Calibri, sans-serif;\"><span style=\"font-size: medium;\">AF059 \u2013 Gest\u00e3o e Servi\u00e7os Ambientais<\/span><\/span><\/p>\n\n\n\n<p class=\"western\"><span style=\"color: #000000;\"><strong><a style=\"color: #000000;\" href=\"https:\/\/agrarias.ufpr.br\/agronomia\/wp-content\/uploads\/sites\/24\/2015\/10\/AF332.pdf\"><span style=\"font-family: Calibri, sans-serif;\"><span style=\"font-size: medium;\">AF332 \u2013 Introdu\u00e7\u00e3o \u00e0 Engenharia Agron\u00f4mica<\/span><\/span><\/a><\/strong><\/span><\/p>\n\n\n\n<p><span style=\"color: #000000;\"><strong><a style=\"color: #000000;\" href=\"https:\/\/agrarias.ufpr.br\/fitotecnia\/manejo-integrado-de-pragas-af333\/\">AF333 &#8211; Manejo Integrado de Pragas<\/a><\/strong><\/span><\/p>\n\n\n\n<p><span style=\"color: #000000;\"><strong><a style=\"color: #000000;\" href=\"https:\/\/agrarias.ufpr.br\/fitotecnia\/mecanismos-fisiologicos-da-producao-agricola-af-336\/\">AF336 &#8211; Mecanismos Fisiol\u00f3gicos da Produ\u00e7\u00e3o Agr\u00edcola<\/a><\/strong><\/span><\/p>\n\n\n\n<p>&nbsp;<\/p>\n\n\n\n<p class=\"has-text-align-center\"><span style=\"font-size: 18pt;\"><strong>Engenharia Florestal<\/strong><\/span><\/p>\n\n\n\n<p><span style=\"color: #000000;\"><strong><a style=\"color: #000000;\" href=\"https:\/\/agrarias.ufpr.br\/fitotecnia\/experimentacao-florestal-i-af-056\/\">AF056 &#8211; Experimenta\u00e7\u00e3o Florestal I<\/a><\/strong><\/span><\/p>\n\n\n\n<p><span style=\"color: #000000;\"><strong><a style=\"color: #000000;\" href=\"https:\/\/agrarias.ufpr.br\/fitotecnia\/experimentacao-florestal-ii-af-057\/\">AF057 &#8211; Experimenta\u00e7\u00e3o Florestal II<\/a><\/strong><\/span><\/p>\n\n\n\n<p><span style=\"color: #000000;\"><strong><a style=\"color: #000000;\" href=\"https:\/\/agrarias.ufpr.br\/fitotecnia\/fitossanidade-florestal-af-058\/\">AF058 &#8211; Fitossanidade Florestal<\/a><\/strong><\/span><\/p>\n\n\n\n<p class=\"has-text-align-center\"><span style=\"font-size: 18pt;\"><strong>Zootecnia<\/strong><\/span><\/p>\n\n\n\n<p><span style=\"color: #000000;\"><strong><a style=\"color: #000000;\" href=\"https:\/\/agrarias.ufpr.br\/fitotecnia\/agricultura-geral-af001\/\">AF001 &#8211; Agricultura Geral<\/a><\/strong><\/span><\/p>\n\n\n\n<p><span style=\"color: #000000;\"><strong><a style=\"color: #000000;\" href=\"https:\/\/agrarias.ufpr.br\/fitotecnia\/manejo-de-pastagem-afo55\/\">AF055 &#8211; Manejo de Pastagem<\/a><\/strong><\/span><\/p>\n\n\n\n<p>&nbsp;<\/p>\n\n\n\n<p>&nbsp;<\/p>\n","protected":false},"excerpt":{"rendered":"<p>Agronomia &#8211; Curr\u00edculo 2015 Obrigat\u00f3rias AF062 &#8211; Introdu\u00e7\u00e3o \u00e0 Engenharia Agron\u00f4mica AF063 &#8211; Horticultura Geral AF064 &#8211; Experimenta\u00e7\u00e3o Agr\u00edcola AF065 &#8211; Manejo Integrado de Pragas AF066 &#8211; Agricultura Geral AF067 &#8211; Horticultura Especial AF068 &#8211; Legisla\u00e7\u00e3o e \u00c9tica Profissional AF069 &#8211; Melhoramento de Plantas AF070 &#8211; Defesa Sanit\u00e1ria Vegetal e Urbana AF071 &#8211; Manejo de [&hellip;]<\/p>\n","protected":false},"author":10267,"featured_media":0,"parent":0,"menu_order":0,"comment_status":"closed","ping_status":"closed","template":"","meta":{"footnotes":""},"class_list":["post-3960","page","type-page","status-publish","hentry"],"_links":{"self":[{"href":"https:\/\/agrarias.ufpr.br\/fitotecnia\/wp-json\/wp\/v2\/pages\/3960","targetHints":{"allow":["GET"]}}],"collection":[{"href":"https:\/\/agrarias.ufpr.br\/fitotecnia\/wp-json\/wp\/v2\/pages"}],"about":[{"href":"https:\/\/agrarias.ufpr.br\/fitotecnia\/wp-json\/wp\/v2\/types\/page"}],"author":[{"embeddable":true,"href":"https:\/\/agrarias.ufpr.br\/fitotecnia\/wp-json\/wp\/v2\/users\/10267"}],"replies":[{"embeddable":true,"href":"https:\/\/agrarias.ufpr.br\/fitotecnia\/wp-json\/wp\/v2\/comments?post=3960"}],"version-history":[{"count":22,"href":"https:\/\/agrarias.ufpr.br\/fitotecnia\/wp-json\/wp\/v2\/pages\/3960\/revisions"}],"predecessor-version":[{"id":6725,"href":"https:\/\/agrarias.ufpr.br\/fitotecnia\/wp-json\/wp\/v2\/pages\/3960\/revisions\/6725"}],"wp:attachment":[{"href":"https:\/\/agrarias.ufpr.br\/fitotecnia\/wp-json\/wp\/v2\/media?parent=3960"}],"curies":[{"name":"wp","href":"https:\/\/api.w.org\/{rel}","templated":true}]}}