{"id":2856,"date":"2016-05-04T17:08:05","date_gmt":"2016-05-04T17:08:05","guid":{"rendered":"https:\/\/agrarias.ufpr.br\/fitotecnia\/?page_id=2856"},"modified":"2016-05-26T15:05:12","modified_gmt":"2016-05-26T15:05:12","slug":"prospeccao-de-especies-aromaticas-nativas","status":"publish","type":"page","link":"https:\/\/agrarias.ufpr.br\/fitotecnia\/prospeccao-de-especies-aromaticas-nativas\/","title":{"rendered":"Prospec\u00e7\u00e3o de esp\u00e9cies arom\u00e1ticas nativas"},"content":{"rendered":"<p><strong>Resumo<\/strong><\/p>\n<p style=\"text-align: justify\">A produ\u00e7\u00e3o de \u00f3leos essenciais de plantas arom\u00e1ticas tem apresentado crescimento \u00e0 n\u00edvel mundial e nacional devido \u00e0 aplica\u00e7\u00e3o desta mat\u00e9ria-prima em v\u00e1rios setores da ind\u00fastria . Al\u00e9m do maior retorno econ\u00f4mico, a produ\u00e7\u00e3o de \u00f3leo essencial apresenta vantagens operacionais importantes para a atividade agr\u00edcola, tais como a facilidade de transporte, reciclagem de nutrientes nas \u00e1reas produtivas, facilidade de conserva\u00e7\u00e3o do produto por longos per\u00edodos e organiza\u00e7\u00e3o de comunidades rurais nas unidades de destila\u00e7\u00e3o. Este projeto tem como objetivo principal identificar o teor, composi\u00e7\u00e3o e aplica\u00e7\u00e3o do \u00f3leo essencial de esp\u00e9cies arom\u00e1ticas nativas fornecendo novas alternativas de produ\u00e7\u00e3o aos produtores rurais. O crescente n\u00famero de fam\u00edlias envolvidas na produ\u00e7\u00e3o de planta medicinais no Paran\u00e1 reflete uma forte demanda do mercado, principalmente por mat\u00e9ria-prima proveniente do sistema agroecol\u00f3gico. Apesar do mercado favor\u00e1vel, v\u00e1rios entraves \u00e0 produ\u00e7\u00e3o sustent\u00e1vel de plantas medicinais t\u00eam sido diagnosticados nas propriedades rurais devido principalmente \u00e0 falta de desenvolvimento tecnol\u00f3gico do setor e de assist\u00eancia t\u00e9cnica. O cultivo de materiais sem padr\u00e3o gen\u00e9tico, aus\u00eancia de ado\u00e7\u00e3o de crit\u00e9rios t\u00e9cnicos no manejo da aduba\u00e7\u00e3o org\u00e2nica de plantio e reposi\u00e7\u00e3o e ado\u00e7\u00e3o de m\u00e9todos de secagem inadequados \u00e9 observado na regi\u00e3o. Devido \u00e0 aplica\u00e7\u00e3o dos \u00f3leos essenciais em v\u00e1rios setores da ind\u00fastria nacional, h\u00e1 grande demanda tamb\u00e9m por estes produtos, o que resulta em agrega\u00e7\u00e3o de valor e maior gera\u00e7\u00e3o de renda aos agricultores. Al\u00e9m do maior retorno econ\u00f4mico, a explora\u00e7\u00e3o comercial do \u00f3leo essencial de plantas medicinais tem outras vantagens operacionais importantes para agricultura familiar, tais como a facilidade de transporte, reciclagem de nutrientes com o retorno do res\u00edduo da destila\u00e7\u00e3o \u00e0s \u00e1reas de produ\u00e7\u00e3o, facilidade de conserva\u00e7\u00e3o do produto em temperatura ambiente por longos per\u00edodos e incentivo ao trabalho comunit\u00e1rio em torno de uma unidade de destila\u00e7\u00e3o.<\/p>\n<p><strong>Coordenador<\/strong><\/p>\n<p><a href=\"https:\/\/agrarias.ufpr.br\/fitotecnia\/cicero-deschamps\/\">Cicero Deschamps<\/a><\/p>\n","protected":false},"excerpt":{"rendered":"<p>Resumo A produ\u00e7\u00e3o de \u00f3leos essenciais de plantas arom\u00e1ticas tem apresentado crescimento \u00e0 n\u00edvel mundial e nacional devido \u00e0 aplica\u00e7\u00e3o desta mat\u00e9ria-prima em v\u00e1rios setores da ind\u00fastria . Al\u00e9m do maior retorno econ\u00f4mico, a produ\u00e7\u00e3o de \u00f3leo essencial apresenta vantagens operacionais importantes para a atividade agr\u00edcola, tais como a facilidade de transporte, reciclagem de nutrientes [&hellip;]<\/p>\n","protected":false},"author":10255,"featured_media":0,"parent":0,"menu_order":0,"comment_status":"closed","ping_status":"closed","template":"","meta":{"footnotes":""},"class_list":["post-2856","page","type-page","status-publish","hentry"],"_links":{"self":[{"href":"https:\/\/agrarias.ufpr.br\/fitotecnia\/wp-json\/wp\/v2\/pages\/2856","targetHints":{"allow":["GET"]}}],"collection":[{"href":"https:\/\/agrarias.ufpr.br\/fitotecnia\/wp-json\/wp\/v2\/pages"}],"about":[{"href":"https:\/\/agrarias.ufpr.br\/fitotecnia\/wp-json\/wp\/v2\/types\/page"}],"author":[{"embeddable":true,"href":"https:\/\/agrarias.ufpr.br\/fitotecnia\/wp-json\/wp\/v2\/users\/10255"}],"replies":[{"embeddable":true,"href":"https:\/\/agrarias.ufpr.br\/fitotecnia\/wp-json\/wp\/v2\/comments?post=2856"}],"version-history":[{"count":2,"href":"https:\/\/agrarias.ufpr.br\/fitotecnia\/wp-json\/wp\/v2\/pages\/2856\/revisions"}],"predecessor-version":[{"id":3449,"href":"https:\/\/agrarias.ufpr.br\/fitotecnia\/wp-json\/wp\/v2\/pages\/2856\/revisions\/3449"}],"wp:attachment":[{"href":"https:\/\/agrarias.ufpr.br\/fitotecnia\/wp-json\/wp\/v2\/media?parent=2856"}],"curies":[{"name":"wp","href":"https:\/\/api.w.org\/{rel}","templated":true}]}}