{"id":2854,"date":"2016-05-04T17:07:05","date_gmt":"2016-05-04T17:07:05","guid":{"rendered":"https:\/\/agrarias.ufpr.br\/fitotecnia\/?page_id=2854"},"modified":"2016-05-04T17:07:05","modified_gmt":"2016-05-04T17:07:05","slug":"pesquisa-e-extensao-da-cadeia-produtiva-de-plantas-medicinais-aromaticas-e-condimentares-no-estado-do-parana","status":"publish","type":"page","link":"https:\/\/agrarias.ufpr.br\/fitotecnia\/pesquisa-e-extensao-da-cadeia-produtiva-de-plantas-medicinais-aromaticas-e-condimentares-no-estado-do-parana\/","title":{"rendered":"Pesquisa e extens\u00e3o da cadeia produtiva de plantas medicinais, arom\u00e1ticas e condimentares no estado do Paran\u00e1"},"content":{"rendered":"<p><strong>Resumo <\/strong><\/p>\n<p style=\"text-align: justify\">O crescente n\u00famero de fam\u00edlias envolvidas na produ\u00e7\u00e3o de plantas medicinais no Paran\u00e1 reflete uma forte demanda do mercado. Apesar do mercado favor\u00e1vel, v\u00e1rios entraves \u00e0 produ\u00e7\u00e3o sustent\u00e1vel de plantas medicinais t\u00eam sido diagnosticados nas propriedades rurais devido principalmente \u00e0 falta de desenvolvimento tecnol\u00f3gico do setor e de assist\u00eancia t\u00e9cnica. O cultivo de materiais sem padr\u00e3o gen\u00e9tico, aus\u00eancia de crit\u00e9rios t\u00e9cnicos no manejo das \u00e1reas de plantio e ado\u00e7\u00e3o de m\u00e9todos de secagem inadequados s\u00e3o frequentemente observados. Este projeto busca desenvolver tecnologias para a produ\u00e7\u00e3o de plantas medicinais, arom\u00e1ticas e condimentares no Estado do Paran\u00e1 bem como promover atividades demonstrativas para capacitar os produtores rurais.<\/p>\n<p><strong>Coordenador<\/strong><\/p>\n<p><a href=\"https:\/\/agrarias.ufpr.br\/fitotecnia\/cicero-deschamps\/\">Cicero Deschamps<\/a><\/p>\n","protected":false},"excerpt":{"rendered":"<p>Resumo O crescente n\u00famero de fam\u00edlias envolvidas na produ\u00e7\u00e3o de plantas medicinais no Paran\u00e1 reflete uma forte demanda do mercado. Apesar do mercado favor\u00e1vel, v\u00e1rios entraves \u00e0 produ\u00e7\u00e3o sustent\u00e1vel de plantas medicinais t\u00eam sido diagnosticados nas propriedades rurais devido principalmente \u00e0 falta de desenvolvimento tecnol\u00f3gico do setor e de assist\u00eancia t\u00e9cnica. O cultivo de materiais [&hellip;]<\/p>\n","protected":false},"author":10255,"featured_media":0,"parent":0,"menu_order":0,"comment_status":"closed","ping_status":"closed","template":"","meta":{"footnotes":""},"class_list":["post-2854","page","type-page","status-publish","hentry"],"_links":{"self":[{"href":"https:\/\/agrarias.ufpr.br\/fitotecnia\/wp-json\/wp\/v2\/pages\/2854","targetHints":{"allow":["GET"]}}],"collection":[{"href":"https:\/\/agrarias.ufpr.br\/fitotecnia\/wp-json\/wp\/v2\/pages"}],"about":[{"href":"https:\/\/agrarias.ufpr.br\/fitotecnia\/wp-json\/wp\/v2\/types\/page"}],"author":[{"embeddable":true,"href":"https:\/\/agrarias.ufpr.br\/fitotecnia\/wp-json\/wp\/v2\/users\/10255"}],"replies":[{"embeddable":true,"href":"https:\/\/agrarias.ufpr.br\/fitotecnia\/wp-json\/wp\/v2\/comments?post=2854"}],"version-history":[{"count":1,"href":"https:\/\/agrarias.ufpr.br\/fitotecnia\/wp-json\/wp\/v2\/pages\/2854\/revisions"}],"predecessor-version":[{"id":2855,"href":"https:\/\/agrarias.ufpr.br\/fitotecnia\/wp-json\/wp\/v2\/pages\/2854\/revisions\/2855"}],"wp:attachment":[{"href":"https:\/\/agrarias.ufpr.br\/fitotecnia\/wp-json\/wp\/v2\/media?parent=2854"}],"curies":[{"name":"wp","href":"https:\/\/api.w.org\/{rel}","templated":true}]}}