{"id":2183,"date":"2016-04-26T16:53:44","date_gmt":"2016-04-26T16:53:44","guid":{"rendered":"https:\/\/agrarias.ufpr.br\/fitotecnia\/?page_id=2183"},"modified":"2016-05-11T13:08:13","modified_gmt":"2016-05-11T13:08:13","slug":"agricultura-especial-i-af-025","status":"publish","type":"page","link":"https:\/\/agrarias.ufpr.br\/fitotecnia\/agricultura-especial-i-af-025\/","title":{"rendered":"Agricultura Especial I &#8211; AF 025"},"content":{"rendered":"<p><strong>Curso<\/strong><\/p>\n<p>Agronomia<\/p>\n<p><strong>Ementa<\/strong><\/p>\n<p style=\"text-align: justify;\">Aspectos espec\u00edficos de cultivos e produ\u00e7\u00e3o das principais culturas de interesse econ\u00f4mico regional, utilizadas principalmente como fornecedores de mat\u00e9ria-prima \u00e0 ind\u00fastria: Caf\u00e9, Algod\u00e3o, Cana-de-A\u00e7\u00facar e Soja.<\/p>\n<p><strong>Natureza<\/strong><\/p>\n<p>Obrigat\u00f3ria<\/p>\n<p><strong>Carga hor\u00e1ria<\/strong><\/p>\n<p>60 horas<\/p>\n<p><strong>Per\u00edodo<\/strong><\/p>\n<p>1\u00ba e 2\u00ba<\/p>\n<p><strong>Dia\/Hor\u00e1rio<\/strong><\/p>\n<p>Segunda-feira \/13:30 \u2013 17:30 horas<\/p>\n<p>Ter\u00e7a-feira \/ 07:30 \u2013 11:30 horas<\/p>\n<p><strong>Docente<\/strong><\/p>\n<p><a href=\"https:\/\/agrarias.ufpr.br\/fitotecnia\/edelclaiton-daros\/\">Edelclaiton Daros<\/a><\/p>\n","protected":false},"excerpt":{"rendered":"<p>Curso Agronomia Ementa Aspectos espec\u00edficos de cultivos e produ\u00e7\u00e3o das principais culturas de interesse econ\u00f4mico regional, utilizadas principalmente como fornecedores de mat\u00e9ria-prima \u00e0 ind\u00fastria: Caf\u00e9, Algod\u00e3o, Cana-de-A\u00e7\u00facar e Soja. Natureza Obrigat\u00f3ria Carga hor\u00e1ria 60 horas Per\u00edodo 1\u00ba e 2\u00ba Dia\/Hor\u00e1rio Segunda-feira \/13:30 \u2013 17:30 horas Ter\u00e7a-feira \/ 07:30 \u2013 11:30 horas Docente Edelclaiton Daros<\/p>\n","protected":false},"author":10255,"featured_media":0,"parent":0,"menu_order":0,"comment_status":"closed","ping_status":"closed","template":"","meta":{"footnotes":""},"class_list":["post-2183","page","type-page","status-publish","hentry"],"_links":{"self":[{"href":"https:\/\/agrarias.ufpr.br\/fitotecnia\/wp-json\/wp\/v2\/pages\/2183","targetHints":{"allow":["GET"]}}],"collection":[{"href":"https:\/\/agrarias.ufpr.br\/fitotecnia\/wp-json\/wp\/v2\/pages"}],"about":[{"href":"https:\/\/agrarias.ufpr.br\/fitotecnia\/wp-json\/wp\/v2\/types\/page"}],"author":[{"embeddable":true,"href":"https:\/\/agrarias.ufpr.br\/fitotecnia\/wp-json\/wp\/v2\/users\/10255"}],"replies":[{"embeddable":true,"href":"https:\/\/agrarias.ufpr.br\/fitotecnia\/wp-json\/wp\/v2\/comments?post=2183"}],"version-history":[{"count":9,"href":"https:\/\/agrarias.ufpr.br\/fitotecnia\/wp-json\/wp\/v2\/pages\/2183\/revisions"}],"predecessor-version":[{"id":3129,"href":"https:\/\/agrarias.ufpr.br\/fitotecnia\/wp-json\/wp\/v2\/pages\/2183\/revisions\/3129"}],"wp:attachment":[{"href":"https:\/\/agrarias.ufpr.br\/fitotecnia\/wp-json\/wp\/v2\/media?parent=2183"}],"curies":[{"name":"wp","href":"https:\/\/api.w.org\/{rel}","templated":true}]}}