{"id":1933,"date":"2016-04-20T14:51:50","date_gmt":"2016-04-20T14:51:50","guid":{"rendered":"https:\/\/agrarias.ufpr.br\/fitotecnia\/?page_id=1933"},"modified":"2023-02-28T10:52:58","modified_gmt":"2023-02-28T10:52:58","slug":"mario-nieweglowski-filho","status":"publish","type":"page","link":"https:\/\/agrarias.ufpr.br\/fitotecnia\/mario-nieweglowski-filho\/","title":{"rendered":"Mario Nieweglowski Filho"},"content":{"rendered":"<p>Prof. Titular<\/p>\n<p><strong>Forma\u00e7\u00e3o Acad\u00eamica<\/strong><\/p>\n<p>Dr. em Agronomia, UFPR (2005)<\/p>\n<p>M.Sc. em Ci\u00eancias Biol\u00f3gicas, UFPR (1994)<\/p>\n<p>Eng. Agr\u00f4nomo, UFPR (1981)<\/p>\n<p><strong>\u00c1rea\/Sub-\u00e1rea\/Linha de pesquisa<\/strong><\/p>\n<p>Fitossanidade\/Defesa Fitossanit\u00e1ria\/Avalia\u00e7\u00e3o de sistemas de produ\u00e7\u00e3o agr\u00edcolas por meio de indicadores sociais, fitossanit\u00e1rios, ambientais e legais.<\/p>\n<p><strong>Disciplinas Ministradas na Gradua\u00e7\u00e3o\u00a0<\/strong><\/p>\n<p><a href=\"https:\/\/agrarias.ufpr.br\/fitotecnia\/defesa-sanitaria-vegetal-af045\/\">AF 045 \u2013 Defesa Sanit\u00e1ria Vegetal\u00a0<\/a><\/p>\n<p><a href=\"https:\/\/agrarias.ufpr.br\/fitotecnia\/estagio-obrigatorio-supervisionado-em-agronomia-agro-001\/\">AGRO 001 \u2013 Est\u00e1gio Obrigat\u00f3rio Supervisionado em Agronomia<\/a><\/p>\n<p><a href=\"https:\/\/agrarias.ufpr.br\/fitotecnia\/introducao-a-pesquisa-em-fitotecnia-af048\/\">AF 048 \u2013 Introdu\u00e7\u00e3o \u00e0 Pesquisa em Fitotecnia\u00a0(orienta\u00e7\u00e3o)<\/a><\/p>\n<p><strong>Laborat\u00f3rio\u00a0<\/strong><\/p>\n<p><a href=\"https:\/\/agrarias.ufpr.br\/fitotecnia\/laboratorio-de-defesa-sanitaria-vegetal-e-controle-de-plantas-daninhas\/\">Laborat\u00f3rio de Defesa Sanit\u00e1ria Vegetal e Controle de Plantas Daninhas<\/a><\/p>\n<p><strong>Publica\u00e7\u00f5es<\/strong><\/p>\n<p><strong><a href=\"http:\/\/buscatextual.cnpq.br\/buscatextual\/visualizacv.do?id=K4759559P2\"><img loading=\"lazy\" decoding=\"async\" class=\"alignnone wp-image-742\" src=\"https:\/\/agrarias.ufpr.br\/fitotecnia\/wp-content\/uploads\/sites\/26\/2016\/03\/icon_lattes.png\" alt=\"icon_lattes\" width=\"30\" height=\"29\" \/><\/a>\u00a0<a href=\"http:\/\/buscatextual.cnpq.br\/buscatextual\/visualizacv.do?id=K4210579T0\">Lattes<\/a>\u00a0 \u00a0 \u00a0<\/strong><\/p>\n<p><strong>Contatos<\/strong><\/p>\n<p><img loading=\"lazy\" decoding=\"async\" class=\"wp-image-758 alignnone\" src=\"https:\/\/agrarias.ufpr.br\/fitotecnia\/wp-content\/uploads\/sites\/26\/2016\/03\/telefone.png\" alt=\"telefone\" width=\"22\" height=\"22\" srcset=\"https:\/\/agrarias.ufpr.br\/fitotecnia\/wp-content\/uploads\/sites\/26\/2016\/03\/telefone.png 200w, https:\/\/agrarias.ufpr.br\/fitotecnia\/wp-content\/uploads\/sites\/26\/2016\/03\/telefone-150x150.png 150w\" sizes=\"auto, (max-width: 22px) 100vw, 22px\" \/>+55 (41) 9956-1865 e 3350-5686<\/p>\n<p><img loading=\"lazy\" decoding=\"async\" class=\"alignnone wp-image-757\" src=\"https:\/\/agrarias.ufpr.br\/fitotecnia\/wp-content\/uploads\/sites\/26\/2016\/03\/email-small-.jpg\" alt=\"email small\" width=\"22\" height=\"22\" \/> niewe@terra.com.br<\/p>\n<div class=\"t4p-reading-box-container reading-box-container-1\"><\/div>\n","protected":false},"excerpt":{"rendered":"<p>Prof. Titular Forma\u00e7\u00e3o Acad\u00eamica Dr. em Agronomia, UFPR (2005) M.Sc. em Ci\u00eancias Biol\u00f3gicas, UFPR (1994) Eng. Agr\u00f4nomo, UFPR (1981) \u00c1rea\/Sub-\u00e1rea\/Linha de pesquisa Fitossanidade\/Defesa Fitossanit\u00e1ria\/Avalia\u00e7\u00e3o de sistemas de produ\u00e7\u00e3o agr\u00edcolas por meio de indicadores sociais, fitossanit\u00e1rios, ambientais e legais. Disciplinas Ministradas na Gradua\u00e7\u00e3o\u00a0 AF 045 \u2013 Defesa Sanit\u00e1ria Vegetal\u00a0 AGRO 001 \u2013 Est\u00e1gio Obrigat\u00f3rio Supervisionado em [&hellip;]<\/p>\n","protected":false},"author":10255,"featured_media":0,"parent":0,"menu_order":0,"comment_status":"closed","ping_status":"closed","template":"","meta":{"footnotes":""},"class_list":["post-1933","page","type-page","status-publish","hentry"],"_links":{"self":[{"href":"https:\/\/agrarias.ufpr.br\/fitotecnia\/wp-json\/wp\/v2\/pages\/1933","targetHints":{"allow":["GET"]}}],"collection":[{"href":"https:\/\/agrarias.ufpr.br\/fitotecnia\/wp-json\/wp\/v2\/pages"}],"about":[{"href":"https:\/\/agrarias.ufpr.br\/fitotecnia\/wp-json\/wp\/v2\/types\/page"}],"author":[{"embeddable":true,"href":"https:\/\/agrarias.ufpr.br\/fitotecnia\/wp-json\/wp\/v2\/users\/10255"}],"replies":[{"embeddable":true,"href":"https:\/\/agrarias.ufpr.br\/fitotecnia\/wp-json\/wp\/v2\/comments?post=1933"}],"version-history":[{"count":10,"href":"https:\/\/agrarias.ufpr.br\/fitotecnia\/wp-json\/wp\/v2\/pages\/1933\/revisions"}],"predecessor-version":[{"id":5762,"href":"https:\/\/agrarias.ufpr.br\/fitotecnia\/wp-json\/wp\/v2\/pages\/1933\/revisions\/5762"}],"wp:attachment":[{"href":"https:\/\/agrarias.ufpr.br\/fitotecnia\/wp-json\/wp\/v2\/media?parent=1933"}],"curies":[{"name":"wp","href":"https:\/\/api.w.org\/{rel}","templated":true}]}}