{"id":1931,"date":"2016-04-20T14:51:34","date_gmt":"2016-04-20T14:51:34","guid":{"rendered":"https:\/\/agrarias.ufpr.br\/fitotecnia\/?page_id=1931"},"modified":"2023-01-30T19:09:21","modified_gmt":"2023-01-30T19:09:21","slug":"lucimeris-ruaro","status":"publish","type":"page","link":"https:\/\/agrarias.ufpr.br\/fitotecnia\/lucimeris-ruaro\/","title":{"rendered":"Lucimeris Ruaro"},"content":{"rendered":"<p>Prof. Titular<\/p>\n<p><strong>Forma\u00e7\u00e3o Acad\u00eamica<\/strong><\/p>\n<p>P\u00f3s-Doutorado,\u00a0United States Department of Agriculture (2012-2013)<\/p>\n<p>Dr. em Agronomia (Produ\u00e7\u00e3o Vegetal), UFPR (2003)<\/p>\n<p>M.Sc. em Ci\u00eancias do Solo, UFPR (1993)<\/p>\n<p>Eng. Agr\u00f4noma, UFPR (1989)<\/p>\n<p><strong>\u00c1rea\/Sub-\u00e1rea\/Linha de pesquisa<\/strong><\/p>\n<p>Fitossanidade<b>\/<\/b>Fitopatologia\/Controle de Doen\u00e7as de Plantas<\/p>\n<p><strong>Disciplinas Ministradas na Gradua\u00e7\u00e3o\u00a0<\/strong><\/p>\n<p><a href=\"https:\/\/agrarias.ufpr.br\/fitotecnia\/fitopatologia-especial-af-013\/\">AF 013 &#8211; Fitopatologia Especial<\/a><\/p>\n<p><a href=\"https:\/\/agrarias.ufpr.br\/fitotecnia\/estagio-obrigatorio-supervisionado-em-agronomia-agro-001\/\">AGRO 001 \u2013 Est\u00e1gio Obrigat\u00f3rio Supervisionado em Agronomia<\/a><\/p>\n<p><a href=\"https:\/\/agrarias.ufpr.br\/fitotecnia\/introducao-a-pesquisa-em-fitopatologia-af050\/\">AF 050 \u2013 Introdu\u00e7\u00e3o \u00e0 Pesquisa em Fitopatologia\u00a0(orienta\u00e7\u00e3o)<\/a><\/p>\n<p><strong>Laborat\u00f3rios\/Unidade de Apoio\u00a0<\/strong><\/p>\n<p><a href=\"https:\/\/agrarias.ufpr.br\/fitotecnia\/laboratorio-de-fitopatologia\/\">Laborat\u00f3rio de Fitopatologia<\/a><\/p>\n<p><a href=\"https:\/\/agrarias.ufpr.br\/fitotecnia\/laboratorio-de-protecao-de-plantas\/\">Laborat\u00f3rio de Patologia de Sementes<\/a><\/p>\n<p><a href=\"https:\/\/agrarias.ufpr.br\/fitotecnia\/area-experimental-doencas-em-grandes-culturas\/\">\u00c1rea Experimental Doen\u00e7as em Grandes Culturas<\/a><\/p>\n<p><strong>Publica\u00e7\u00f5es<\/strong><\/p>\n<p><strong><a href=\"http:\/\/buscatextual.cnpq.br\/buscatextual\/visualizacv.do?id=K4759559P2\"><img loading=\"lazy\" decoding=\"async\" class=\"alignnone wp-image-742\" src=\"https:\/\/agrarias.ufpr.br\/fitotecnia\/wp-content\/uploads\/sites\/26\/2016\/03\/icon_lattes.png\" alt=\"icon_lattes\" width=\"30\" height=\"29\" \/><\/a>\u00a0<a href=\"http:\/\/buscatextual.cnpq.br\/buscatextual\/visualizacv.do?id=K4723867H0\">Lattes<\/a>\u00a0\u00a0<a href=\"https:\/\/orcid.org\/0000-0003-1936-4130\"><img loading=\"lazy\" decoding=\"async\" class=\"alignnone wp-image-4780\" src=\"https:\/\/agrarias.ufpr.br\/fitotecnia\/wp-content\/uploads\/sites\/26\/2021\/02\/unnamed-1.jpg\" alt=\"\" width=\"93\" height=\"37\" srcset=\"https:\/\/agrarias.ufpr.br\/fitotecnia\/wp-content\/uploads\/sites\/26\/2021\/02\/unnamed-1.jpg 347w, https:\/\/agrarias.ufpr.br\/fitotecnia\/wp-content\/uploads\/sites\/26\/2021\/02\/unnamed-1-300x119.jpg 300w, https:\/\/agrarias.ufpr.br\/fitotecnia\/wp-content\/uploads\/sites\/26\/2021\/02\/unnamed-1-250x99.jpg 250w\" sizes=\"auto, (max-width: 93px) 100vw, 93px\" \/><\/a><\/strong><\/p>\n<p><strong>Contatos<\/strong><\/p>\n<p><img loading=\"lazy\" decoding=\"async\" class=\"wp-image-758 alignnone\" src=\"https:\/\/agrarias.ufpr.br\/fitotecnia\/wp-content\/uploads\/sites\/26\/2016\/03\/telefone.png\" alt=\"telefone\" width=\"22\" height=\"22\" srcset=\"https:\/\/agrarias.ufpr.br\/fitotecnia\/wp-content\/uploads\/sites\/26\/2016\/03\/telefone.png 200w, https:\/\/agrarias.ufpr.br\/fitotecnia\/wp-content\/uploads\/sites\/26\/2016\/03\/telefone-150x150.png 150w\" sizes=\"auto, (max-width: 22px) 100vw, 22px\" \/>+55 (41) 3350-5749<\/p>\n<p><img loading=\"lazy\" decoding=\"async\" class=\"alignnone wp-image-757\" src=\"https:\/\/agrarias.ufpr.br\/fitotecnia\/wp-content\/uploads\/sites\/26\/2016\/03\/email-small-.jpg\" alt=\"email small\" width=\"22\" height=\"22\" \/> lucimeris@ufpr.br<\/p>\n<div class=\"t4p-reading-box-container reading-box-container-1\"><\/div>\n","protected":false},"excerpt":{"rendered":"<p>Prof. Titular Forma\u00e7\u00e3o Acad\u00eamica P\u00f3s-Doutorado,\u00a0United States Department of Agriculture (2012-2013) Dr. em Agronomia (Produ\u00e7\u00e3o Vegetal), UFPR (2003) M.Sc. em Ci\u00eancias do Solo, UFPR (1993) Eng. Agr\u00f4noma, UFPR (1989) \u00c1rea\/Sub-\u00e1rea\/Linha de pesquisa Fitossanidade\/Fitopatologia\/Controle de Doen\u00e7as de Plantas Disciplinas Ministradas na Gradua\u00e7\u00e3o\u00a0 AF 013 &#8211; Fitopatologia Especial AGRO 001 \u2013 Est\u00e1gio Obrigat\u00f3rio Supervisionado em Agronomia AF 050 [&hellip;]<\/p>\n","protected":false},"author":10255,"featured_media":0,"parent":0,"menu_order":0,"comment_status":"closed","ping_status":"closed","template":"","meta":{"footnotes":""},"class_list":["post-1931","page","type-page","status-publish","hentry"],"_links":{"self":[{"href":"https:\/\/agrarias.ufpr.br\/fitotecnia\/wp-json\/wp\/v2\/pages\/1931","targetHints":{"allow":["GET"]}}],"collection":[{"href":"https:\/\/agrarias.ufpr.br\/fitotecnia\/wp-json\/wp\/v2\/pages"}],"about":[{"href":"https:\/\/agrarias.ufpr.br\/fitotecnia\/wp-json\/wp\/v2\/types\/page"}],"author":[{"embeddable":true,"href":"https:\/\/agrarias.ufpr.br\/fitotecnia\/wp-json\/wp\/v2\/users\/10255"}],"replies":[{"embeddable":true,"href":"https:\/\/agrarias.ufpr.br\/fitotecnia\/wp-json\/wp\/v2\/comments?post=1931"}],"version-history":[{"count":16,"href":"https:\/\/agrarias.ufpr.br\/fitotecnia\/wp-json\/wp\/v2\/pages\/1931\/revisions"}],"predecessor-version":[{"id":5745,"href":"https:\/\/agrarias.ufpr.br\/fitotecnia\/wp-json\/wp\/v2\/pages\/1931\/revisions\/5745"}],"wp:attachment":[{"href":"https:\/\/agrarias.ufpr.br\/fitotecnia\/wp-json\/wp\/v2\/media?parent=1931"}],"curies":[{"name":"wp","href":"https:\/\/api.w.org\/{rel}","templated":true}]}}