{"id":514,"date":"2016-10-13T12:31:31","date_gmt":"2016-10-13T12:31:31","guid":{"rendered":"https:\/\/agrarias.ufpr.br\/solos\/?page_id=514"},"modified":"2026-04-23T14:10:34","modified_gmt":"2026-04-23T14:10:34","slug":"pesquisa","status":"publish","type":"page","link":"https:\/\/agrarias.ufpr.br\/dsea\/pesquisa\/","title":{"rendered":"Pesquisa"},"content":{"rendered":"\n<h2 class=\"wp-block-heading\"><span style=\"font-family: Arial\"><strong><mark style=\"background-color:#ffffff\" class=\"has-inline-color has-luminous-vivid-orange-color\">Projetos em Andamento<\/mark><\/strong><\/span><\/h2>\n\n\n\n<div style=\"height:27px\" aria-hidden=\"true\" class=\"wp-block-spacer\"><\/div>\n\n\n\n<p><span style=\"font-family: Arial\"><strong>Aspectos f\u00edsicos do solo sob sistemas agropecu\u00e1rios e suas implica\u00e7\u00f5es nasa\u00fade e sustentabilidade do solo<\/strong><\/span><\/p>\n\n\n\n<ul class=\"wp-block-list\">\n<li><span style=\"font-family: Arial\">Coordenadora: Profa. Karina Maria Vieira Cavalieri Polizeli<\/span><\/li>\n\n\n\n<li><span style=\"font-family: Arial\">Vig\u00eancia: 03\/2023 a 03\/2028 <\/span><\/li>\n<\/ul>\n\n\n\n<p><span style=\"font-family: Arial\"><strong>Avalia\u00e7\u00e3o de 13C e 15N na ciclagem de nutrientes e servi\u00e7os ecossist\u00eamicos na Floresta Atl\u00e2ntica<\/strong><\/span><\/p>\n\n\n\n<ul class=\"wp-block-list\">\n<li><span style=\"font-family: Arial\">Coordenador: Prof. Renato Marques<\/span><\/li>\n\n\n\n<li><span style=\"font-family: Arial\">Vig\u00eancia: 08\/2025 a 07\/2028 <\/span><\/li>\n\n\n\n<li><span style=\"font-family: Arial\">Ag\u00eancia f<\/span><span><span style=\"font-family: Arial\">inanciadora: CNPq 311603\/2025-4<\/span><\/span><\/li>\n<\/ul>\n\n\n\n<p><span style=\"font-family: Arial\"><strong>Carbono e gases de efeito estufa em sistemas de uso e manejo do solo<\/strong><\/span><\/p>\n\n\n\n<ul class=\"wp-block-list\">\n<li><span style=\"font-family: Arial\">Coordenador: Prof. Jeferson Dieckow<\/span><\/li>\n\n\n\n<li><span style=\"font-family: Arial\">Vig\u00eancia: 01\/2023 a 12\/2027 <\/span><\/li>\n<\/ul>\n\n\n\n<p><span style=\"font-family: Arial\"><strong>Desenvolvimento de estrat\u00e9gias de plantas de cobertura para ado\u00e7\u00e3o de sistemas conservacionistas aplicados ao cultivo de hortali\u00e7as<\/strong><\/span><\/p>\n\n\n\n<ul class=\"wp-block-list\">\n<li><span style=\"font-family: Arial\">Coordenador: Prof. Andr\u00e9 Carlos Auler<\/span><\/li>\n\n\n\n<li><span style=\"font-family: Arial\">Vig\u00eancia: 09\/2023 a 09\/2028<\/span><\/li>\n<\/ul>\n\n\n\n<p><span style=\"font-family: Arial\"><strong>Ecologiza\u00e7\u00e3o da agricultura familiar: transi\u00e7\u00e3o agroecol\u00f3gica, preserva\u00e7\u00e3o do solo e seguran\u00e7a alimentar &#8211; um estudo multicasos no cintur\u00e3o verde de Curitiba<\/strong><\/span><\/p>\n\n\n\n<ul class=\"wp-block-list\">\n<li><span style=\"font-family: Arial\">Coordenadora: Profa. Shirley Grazieli da Silva Nascimento<\/span><\/li>\n\n\n\n<li><span style=\"font-family: Arial\">Vig\u00eancia: 01\/2025 a 12\/2029 <\/span><\/li>\n<\/ul>\n\n\n\n<p><span style=\"font-family: Arial\"><strong>Ecossistemas agr\u00edcolas de complexidade ecol\u00f3gica na promo\u00e7\u00e3o da qualidade do solo<\/strong><\/span><\/p>\n\n\n\n<ul class=\"wp-block-list\">\n<li><span style=\"font-family: Arial\">Coordenador: Prof. Felipe Bonini da Luz<\/span><\/li>\n\n\n\n<li><span style=\"font-family: Arial\">Vig\u00eancia: 01\/2024 a 12\/2029 <\/span><\/li>\n\n\n\n<li><span><span style=\"font-family: Arial\">Registro UFPR 202475708 &#8211; Processo SEI n\u00b0 23075.021302\/2024-29<\/span><\/span><\/li>\n<\/ul>\n\n\n\n<p><span style=\"font-family: Arial\"><strong>Intera\u00e7\u00f5es da mat\u00e9ria org\u00e2nica e a mineralogia do solo, mecanismos de estabiliza\u00e7\u00e3o do carbono em solos de ecossistemas campestres do sul do brasil e tecnologias baseadas no uso de pir\u00f3lise e subst\u00e2ncias h\u00famicas<\/strong><\/span><\/p>\n\n\n\n<ul class=\"wp-block-list\">\n<li><span style=\"font-family: Arial\">Coordenador: Prof. Daniel Hanke<\/span><\/li>\n\n\n\n<li><span style=\"font-family: Arial\">Vig\u00eancia: 01\/2024 a 12\/2029 <\/span><\/li>\n<\/ul>\n\n\n\n<p><span style=\"font-family: Arial\"><strong>Levantamento da termitofauna em \u00e1rea de cultivo de Ilex Paraguariensis St. Hil 1822 (erva-mate)<\/strong><\/span><\/p>\n\n\n\n<ul class=\"wp-block-list\">\n<li><span style=\"font-family: Arial\">Coordenadora: Profa. M\u00e1rcia Marzag\u00e3o Ribeiro<\/span><\/li>\n\n\n\n<li><span style=\"font-family: Arial\">Vig\u00eancia: 01\/2021 a 12\/2027 <\/span><\/li>\n<\/ul>\n\n\n\n<p><span style=\"font-family: Arial\"><strong>Mapeamento dos alimentos plant-based comercializados no sul do Brasil<\/strong><\/span><\/p>\n\n\n\n<ul class=\"wp-block-list\">\n<li><span style=\"font-family: Arial\">Coordenadora: Profa. Helayne Aparecida Maieves<\/span><\/li>\n\n\n\n<li><span style=\"font-family: Arial\">Vig\u00eancia: 03\/2024 a 12\/2026 <\/span><\/li>\n<\/ul>\n\n\n\n<p><span style=\"font-family: Arial\"><strong>Mecanismos de agrega\u00e7\u00e3o, qualidade estrutural e processos f\u00edsicos de transfer\u00eancia regulados pelo manejo, corre\u00e7\u00e3o, aduba\u00e7\u00e3o e deposi\u00e7\u00e3o de res\u00edduos e efluentes em solos agr\u00edcolas<\/strong><\/span><\/p>\n\n\n\n<ul class=\"wp-block-list\">\n<li><span style=\"font-family: Arial\">Coordenador: Prof. Andr\u00e9 Carlos Auler<\/span><\/li>\n\n\n\n<li><span style=\"font-family: Arial\">Vig\u00eancia: 08\/2021 a 08\/2026<\/span><\/li>\n\n\n\n<li><span style=\"font-family: Arial\">Ag\u00eancia f<\/span><span><span style=\"font-family: Arial\">inanciadora: CSP-Ag<\/span><\/span><\/li>\n<\/ul>\n\n\n\n<p><span style=\"font-family: Arial\"><strong>Micropl\u00e1sticos em Solos: altera\u00e7\u00f5es em atributos qu\u00edmicos e reten\u00e7\u00e3o de esp\u00e9cies i\u00f4nicas inorg\u00e2nicas<\/strong><\/span><\/p>\n\n\n\n<ul class=\"wp-block-list\">\n<li><span style=\"font-family: Arial\">Coordenadora: Profa. Eloana Janice Bonfleur<\/span><\/li>\n\n\n\n<li><span style=\"font-family: Arial\">Vig\u00eancia: 03\/2024 a 03\/2029<\/span><\/li>\n<\/ul>\n\n\n\n<p><span style=\"font-family: Arial\"><strong>Monitoramento do Desempenho Energ\u00e9tico e Operacional de Tratores Agr\u00edcolas<\/strong><\/span><\/p>\n\n\n\n<ul class=\"wp-block-list\">\n<li><span style=\"font-family: Arial\">Coordenador: Prof. Samir Paulo Jasper<\/span><\/li>\n\n\n\n<li><span style=\"font-family: Arial\">Vig\u00eancia: 01\/2023 a 12\/2027<\/span><\/li>\n<\/ul>\n\n\n\n<p><span style=\"font-family: Arial\"><strong>NAPI Agrogen\u00f4mica: Microbioma de solos<\/strong><\/span><\/p>\n\n\n\n<ul class=\"wp-block-list\">\n<li><span style=\"font-family: Arial\">Coordenador: Prof. Felipe Bonini da Luz<\/span><\/li>\n\n\n\n<li><span style=\"font-family: Arial\">Vig\u00eancia: 012026 a 12\/2031 <\/span><\/li>\n\n\n\n<li><span><span style=\"font-family: Arial\">Registro UFPR 202687412 &#8211; Processo SEI&nbsp;n\u00b0 23075.065992\/2025-17<\/span><\/span><\/li>\n<\/ul>\n\n\n\n<p><span style=\"font-family: Arial\"><strong>Natura\u00e7\u00e3o Urbana e Seguran\u00e7a Alimentar Urbana como Estrat\u00e9gia Integrada em Megal\u00f3poles<\/strong><\/span><\/p>\n\n\n\n<ul class=\"wp-block-list\">\n<li><span style=\"font-family: Arial\">Coordenadora: Profa. Helayne Aparecida Maieves<\/span><\/li>\n\n\n\n<li><span style=\"font-family: Arial\">Vig\u00eancia: 02\/2026 a 12\/2030 <\/span><\/li>\n<\/ul>\n\n\n\n<p><span style=\"font-family: Arial\"><strong>N\u00facleo de Restaura\u00e7\u00e3o de \u00c1reas \u00damidas &#8211; NERAU<\/strong><\/span><\/p>\n\n\n\n<ul class=\"wp-block-list\">\n<li><span style=\"font-family: Arial\">Coordenador: Prof. Jairo Calderari de Oliveira Junior<\/span><\/li>\n\n\n\n<li><span style=\"font-family: Arial\">Vig\u00eancia: 10\/2025 a 09\/2030 <\/span><\/li>\n<\/ul>\n\n\n\n<p><span style=\"font-family: Arial\"><strong>Nutri\u00e7\u00e3o, aduba\u00e7\u00e3o e qualidade de erva-mate<\/strong> <strong>e oler\u00edcolas<\/strong><\/span><\/p>\n\n\n\n<ul class=\"wp-block-list\">\n<li><span style=\"font-family: Arial\">Coordenador: Prof. Volnei Pauletti<\/span><\/li>\n\n\n\n<li><span style=\"font-family: Arial\">Vig\u00eancia: 02\/2024 a 01\/2029 <\/span><\/li>\n<\/ul>\n\n\n\n<p><span style=\"font-family: Arial\"><strong><strong>Pinus Taeda: Fertiliza\u00e7\u00e3o e Calagem no Sul do Brasil<\/strong><\/strong><\/span><\/p>\n\n\n\n<ul class=\"wp-block-list\">\n<li><span style=\"font-family: Arial\">Coordenador: Prof. Antonio Carlos Vargas Motta<\/span><\/li>\n\n\n\n<li><span style=\"font-family: Arial\">Vig\u00eancia: 01\/2023 a 12\/2028<\/span><\/li>\n<\/ul>\n\n\n\n<p><span style=\"font-family: Arial\"><strong><strong>PolarConnections &#8211; Conex\u00f5es clim\u00e1ticas polos-tr\u00f3picos: Investigando as rela\u00e7\u00f5es entre o gelo marinho e a mon\u00e7\u00e3o da Am\u00e9rica do Sul<\/strong><\/strong><\/span><\/p>\n\n\n\n<ul class=\"wp-block-list\">\n<li><span style=\"font-family: Arial\">Coordenadora: Profa. Camila Bertoletti Carpenedo<\/span><\/li>\n\n\n\n<li><span style=\"font-family: Arial\">Vig\u00eancia: 01\/2024 a 12\/2027 <\/span><\/li>\n\n\n\n<li><span style=\"font-family: Arial\">Ag\u00eancia f<\/span><span><span style=\"font-family: Arial\">inanciadora: CNPq\/MCTI\/FNDCT 082023 &#8211; PROANTAR<\/span><\/span><\/li>\n<\/ul>\n\n\n\n<p><span style=\"font-family: Arial\"><strong>Rela\u00e7\u00f5es entre o estoque de carbono e a permeabilidade ao ar e \u00e0 \u00e1gua no solo sob diferentes sistemas de uso e manejo<\/strong><\/span><\/p>\n\n\n\n<ul class=\"wp-block-list\">\n<li><span style=\"font-family: Arial\">Coordenadora: Profa. Karina Maria Vieira Cavalieri Polizeli<\/span><\/li>\n\n\n\n<li><span style=\"font-family: Arial\">Vig\u00eancia: 07\/2024 a 06\/2026<\/span><\/li>\n\n\n\n<li><span style=\"font-family: Arial\">Ag\u00eancia f<\/span><span><span style=\"font-family: Arial\">inanciadora: Funda\u00e7\u00e3o Arauc\u00e1ria<\/span><\/span><\/li>\n<\/ul>\n\n\n\n<p><span style=\"font-family: Arial\"><strong><strong>Risco &nbsp;ambiental com aplica\u00e7\u00e3o de dejetos de animais no solo<\/strong><\/strong><\/span><\/p>\n\n\n\n<ul class=\"wp-block-list\">\n<li><span style=\"font-family: Arial\">Coordenadora: Profa. Nerilde Favaretto<\/span><\/li>\n\n\n\n<li><span style=\"font-family: Arial\">Vig\u00eancia: 01\/2023 a 12\/2028 <\/span><\/li>\n\n\n\n<li><span style=\"font-family: Arial\">Ag\u00eancia f<\/span><span><span style=\"font-family: Arial\">inanciadora: CNPq\/MCTI\/FNDCT 082023 &#8211; PROANTAR<\/span><\/span><\/li>\n<\/ul>\n\n\n\n<p><span style=\"font-family: Arial\"><strong><strong>SEA ICCE &#8211; Din\u00e2mica atmosf\u00e9rica na interface oceano-gelo marinho-atmosfera durante a Expedi\u00e7\u00e3o Internacional de Circum-navega\u00e7\u00e3o Costeira Ant\u00e1rtica, ver\u00e3o de 2024-2025: observa\u00e7\u00f5es in situ e modelagem atmosf\u00e9rica<\/strong><\/strong><\/span><\/p>\n\n\n\n<ul class=\"wp-block-list\">\n<li><span style=\"font-family: Arial\">Coordenadora: Profa. Camila Bertoletti Carpenedo<\/span><\/li>\n\n\n\n<li><span style=\"font-family: Arial\">Vig\u00eancia: 12\/2025 a 11\/2027 <\/span><\/li>\n\n\n\n<li><span style=\"font-family: Arial\">Ag\u00eancia f<\/span><span><span style=\"font-family: Arial\">inanciadora: CNPq\/MCTI \/FNDCT N 44\/2024 &#8211; UNIVERSAL<\/span><\/span><\/li>\n<\/ul>\n\n\n\n<p><span style=\"font-family: Arial\"><strong><strong>Secas na Am\u00e9rica do Sul: detec\u00e7\u00e3o, monitoramento e proje\u00e7\u00f5es futuras<\/strong><\/strong><\/span><\/p>\n\n\n\n<ul class=\"wp-block-list\">\n<li><span style=\"font-family: Arial\">Coordenadora: Profa. Camila Bertoletti Carpenedo<\/span><\/li>\n\n\n\n<li><span style=\"font-family: Arial\">Vig\u00eancia: 02\/2023 a 01\/2028 <\/span><\/li>\n\n\n\n<li><span><span style=\"font-family: Arial\"><span><span style=\"font-family: Arial\">Registro UFPR 5129994 &#8211; Processo SEI n\u00b0<\/span><\/span> 23075.076366\/2022-03<\/span><\/span><\/li>\n<\/ul>\n\n\n\n<p><span style=\"font-family: Arial\"><strong><strong>Sistemas agropecu\u00e1rios livre de pesticidas: Efeitos sobre a qualidade do solo e produtividade<\/strong><\/strong><\/span><\/p>\n\n\n\n<ul class=\"wp-block-list\">\n<li><span style=\"font-family: Arial\">Coordenadora: Profa. Karina Maria Vieira Cavalieri Polizeli<\/span><\/li>\n\n\n\n<li><span style=\"font-family: Arial\">Vig\u00eancia: 02\/2023 a 02\/2026 <\/span><\/li>\n\n\n\n<li><span style=\"font-family: Arial\">Ag\u00eancia f<\/span><span><span style=\"font-family: Arial\">inanciadora: CNPq<\/span><\/span><\/li>\n<\/ul>\n\n\n\n<p><span style=\"font-family: Arial\"><strong><strong>Uso de drones para tomada de decis\u00e3o em \u00e1reas de plantio de pupunha para palmito no Litoral Paranaense<\/strong><\/strong><\/span><\/p>\n\n\n\n<ul class=\"wp-block-list\">\n<li><span style=\"font-family: Arial\">Coordenador: Prof. Jairo Calderari de Oliveira Junior<\/span><\/li>\n\n\n\n<li><span style=\"font-family: Arial\">Vig\u00eancia: 10\/2022 a 09\/2027 <\/span><\/li>\n<\/ul>\n\n\n\n<p><\/p>\n","protected":false},"excerpt":{"rendered":"<p>Projetos em Andamento Aspectos f\u00edsicos do solo sob sistemas agropecu\u00e1rios e suas implica\u00e7\u00f5es nasa\u00fade e sustentabilidade do solo Avalia\u00e7\u00e3o de 13C e 15N na ciclagem de nutrientes e servi\u00e7os ecossist\u00eamicos na Floresta Atl\u00e2ntica Carbono e gases de efeito estufa em sistemas de uso e manejo do solo Desenvolvimento de estrat\u00e9gias de plantas de cobertura para [&hellip;]<\/p>\n","protected":false},"author":3,"featured_media":0,"parent":0,"menu_order":0,"comment_status":"closed","ping_status":"closed","template":"","meta":{"footnotes":""},"class_list":["post-514","page","type-page","status-publish","hentry"],"_links":{"self":[{"href":"https:\/\/agrarias.ufpr.br\/dsea\/wp-json\/wp\/v2\/pages\/514","targetHints":{"allow":["GET"]}}],"collection":[{"href":"https:\/\/agrarias.ufpr.br\/dsea\/wp-json\/wp\/v2\/pages"}],"about":[{"href":"https:\/\/agrarias.ufpr.br\/dsea\/wp-json\/wp\/v2\/types\/page"}],"author":[{"embeddable":true,"href":"https:\/\/agrarias.ufpr.br\/dsea\/wp-json\/wp\/v2\/users\/3"}],"replies":[{"embeddable":true,"href":"https:\/\/agrarias.ufpr.br\/dsea\/wp-json\/wp\/v2\/comments?post=514"}],"version-history":[{"count":15,"href":"https:\/\/agrarias.ufpr.br\/dsea\/wp-json\/wp\/v2\/pages\/514\/revisions"}],"predecessor-version":[{"id":1495,"href":"https:\/\/agrarias.ufpr.br\/dsea\/wp-json\/wp\/v2\/pages\/514\/revisions\/1495"}],"wp:attachment":[{"href":"https:\/\/agrarias.ufpr.br\/dsea\/wp-json\/wp\/v2\/media?parent=514"}],"curies":[{"name":"wp","href":"https:\/\/api.w.org\/{rel}","templated":true}]}}