{"id":76,"date":"2012-11-14T13:12:58","date_gmt":"2012-11-14T13:12:58","guid":{"rendered":"http:\/\/localhost\/\/?page_id=24"},"modified":"2012-11-14T13:12:58","modified_gmt":"2012-11-14T13:12:58","slug":"graduacao","status":"publish","type":"page","link":"https:\/\/agrarias.ufpr.br\/detf\/graduacao\/","title":{"rendered":"Gradua\u00e7\u00e3o"},"content":{"rendered":"<h4><\/h4>\n<h4><strong><span style=\"color: #000080\">ENGENHARIA AGRON\u00d4MICA<\/span><\/strong><\/h4>\n<p>Coordenador: Prof. \u00a0Jo\u00e3o Carlos Bespalhok Filho<br \/>\nVice-Coordenador: Prof. Jo\u00e3o Batista Padilha J\u00fanior<br \/>\nSecret\u00e1rias: Almira Mariano de Oliveira e Cleunice Novak<br \/>\nTelefone: (41) 3350-5610<br \/>\n<a href=\"mailto:agronomia@ufpr.br\">agronomia@ufpr.br<\/a><br \/>\n<a href=\"http:\/\/localhost\/agronomia\/\">http:\/\/localhost\/agronomia\/<\/a><\/p>\n<h4><span style=\"color: #000080\">ENGENHARIA FLORESTAL<\/span><\/h4>\n<p>Coordenador: Prof. \u00a0Umberto Klock<br \/>\nVice-Coordenador: Prof. Ana Paula Dala Corte<br \/>\nSecret\u00e1rio: Newton Celso Gurak<br \/>\nTelefone: (41) 3360.4206<br \/>\n<a href=\"mailto:floresta@ufpr.br\">floresta@ufpr.br<\/a><br \/>\n<a href=\"http:\/\/www.floresta.ufpr.br\" target=\"_blank\">http:\/\/www.engenhariaflorestal.ufpr.br<\/a><\/p>\n<h4><span style=\"color: #003366\">ENGENHARIA INDUSTRIAL MADEIREIRA<\/span><\/h4>\n<p>Coordenadora: Profa. Simone Ribeiro Morrone<br \/>\nVice-Coordenador: Prof . Alan Sulato de Andrade<br \/>\nSecret\u00e1rio: Giovanna Bianchi Micoski Lucas<br \/>\nTelefone: (41) 3360.4306<br \/>\n<a href=\"mailto:cceim@ufpr.br\">cceim@ufpr.br<\/a><br \/>\n<a href=\"http:\/\/www.madeira.ufpr.br\/ceim\/\" target=\"_blank\">http:\/\/www.madeira.ufpr.br\/ceim\/<\/a><\/p>\n<h4><span style=\"color: #003366\">MEDICINA VETERIN\u00c1RIA<\/span><\/h4>\n<p>Coordenador: Prof.Ricardo Guilherme Otaviano de Castro Vilani<br \/>\nVice-Coordenador:\u00a0Carla Forte Maiolino Molento<br \/>\nSecret\u00e1rio: Silvia Cristina Werle Bostelmann<br \/>\n(41) 3350.5615<br \/>\n<a href=\"mailto:ccmv@ufpr.br\">ccmv@ufpr.br<\/a><br \/>\n<a href=\"http:\/\/www.ccmv.ufpr.br\/\" target=\"_blank\">http:\/\/www.ccmv.ufpr.br\/<\/a><\/p>\n<h4><span style=\"color: #003366\">ZOOTECNIA<\/span><\/h4>\n<p>Coordenador: Prof. Rodrigo de Almeida Teixeira<br \/>\nVice-Coordenador:\u00a0Marcos Martinez do Vale<br \/>\nSecret\u00e1rio: Giuliano Henrique de Marchi<br \/>\nTelefone: (41) 3350.5769<br \/>\n<a href=\"mailto:cursozootecnia@ufpr.br\">cursozootecnia@ufpr.br<\/a><br \/>\n<a href=\"http:\/\/www.ccz.agrarias.ufpr.br\/\" target=\"_blank\">http:\/\/www.ccz.agrarias.ufpr.br\/<\/a><\/p>\n","protected":false},"excerpt":{"rendered":"<p>ENGENHARIA AGRON\u00d4MICA Coordenador: Prof. \u00a0Jo\u00e3o Carlos Bespalhok Filho Vice-Coordenador: Prof. Jo\u00e3o Batista Padilha J\u00fanior Secret\u00e1rias: Almira Mariano de Oliveira e Cleunice Novak Telefone: (41) 3350-5610 agronomia@ufpr.br http:\/\/localhost\/agronomia\/ ENGENHARIA FLORESTAL Coordenador: Prof. \u00a0Umberto Klock Vice-Coordenador: Prof. Ana Paula Dala Corte Secret\u00e1rio: Newton Celso Gurak Telefone: (41) 3360.4206 floresta@ufpr.br http:\/\/www.engenhariaflorestal.ufpr.br ENGENHARIA INDUSTRIAL MADEIREIRA Coordenadora: Profa. Simone Ribeiro [&hellip;]<\/p>\n","protected":false},"author":3,"featured_media":0,"parent":0,"menu_order":0,"comment_status":"open","ping_status":"open","template":"","meta":{"footnotes":""},"class_list":["post-76","page","type-page","status-publish","hentry"],"_links":{"self":[{"href":"https:\/\/agrarias.ufpr.br\/detf\/wp-json\/wp\/v2\/pages\/76","targetHints":{"allow":["GET"]}}],"collection":[{"href":"https:\/\/agrarias.ufpr.br\/detf\/wp-json\/wp\/v2\/pages"}],"about":[{"href":"https:\/\/agrarias.ufpr.br\/detf\/wp-json\/wp\/v2\/types\/page"}],"author":[{"embeddable":true,"href":"https:\/\/agrarias.ufpr.br\/detf\/wp-json\/wp\/v2\/users\/3"}],"replies":[{"embeddable":true,"href":"https:\/\/agrarias.ufpr.br\/detf\/wp-json\/wp\/v2\/comments?post=76"}],"version-history":[{"count":0,"href":"https:\/\/agrarias.ufpr.br\/detf\/wp-json\/wp\/v2\/pages\/76\/revisions"}],"wp:attachment":[{"href":"https:\/\/agrarias.ufpr.br\/detf\/wp-json\/wp\/v2\/media?parent=76"}],"curies":[{"name":"wp","href":"https:\/\/api.w.org\/{rel}","templated":true}]}}