{"id":5537,"date":"2021-07-28T18:47:01","date_gmt":"2021-07-28T18:47:01","guid":{"rendered":"https:\/\/agrarias.ufpr.br\/detf\/?page_id=5537"},"modified":"2026-03-18T17:25:37","modified_gmt":"2026-03-18T17:25:37","slug":"concursos-2","status":"publish","type":"page","link":"https:\/\/agrarias.ufpr.br\/detf\/concursos-2\/","title":{"rendered":"Concursos e Testes Seletivos"},"content":{"rendered":"<div>\u00a0<\/div>\n<div><strong>Concurso para Professor Adjunto A- DE \u2013 do Departamento de Engenharia e Tecnologia Florestal<\/strong><br \/>\u00c1rea de Conhecimento: Colheita Florestal, Mecaniza\u00e7\u00e3o Florestal, Gest\u00e3o do Abastecimento Florestal e<br \/>Infraestrutura Florestal.<br \/><strong>Per\u00edodo das inscri\u00e7\u00f5es: 27\/10\/2025 a 25\/11\/2025 (17h) atrav\u00e9s do email <em>detf@ufpr.br<\/em><\/strong><\/div>\n<div><strong>As provas iniciam dia 15\/12\/2025<\/strong><\/div>\n<div>\u00a0<\/div>\n<div>24\/10\/2025 &#8211; <a href=\"https:\/\/progepe.ufpr.br\/a\/concursos\/docente\/concursos_publicos\/concursos.html\">Edital 330\/25 &#8211; PROGEPE<\/a><\/div>\n<p>24\/10\/2025 &#8211; Programa\/Titula\u00e7\u00e3o e Temas <a href=\"https:\/\/agrarias.ufpr.br\/detf\/wp-content\/uploads\/sites\/34\/2025\/10\/SEI_8103346_Oficio_84.pdf\">SEI_8103346_Oficio_84<\/a><\/p>\n<div>11\/11\/2025 &#8211; <span style=\"color: initial\">Edital 001\/2025 \/DETF &#8211; Resultado pedido de isen\u00e7\u00e3o REDOME <\/span><a href=\"https:\/\/agrarias.ufpr.br\/detf\/wp-content\/uploads\/sites\/34\/2025\/11\/SEI_8368941_Edital_001.pdf\">SEI_8368941_Edital_001<\/a><\/div>\n<div>\u00a0<\/div>\n<div>26\/11\/2025 &#8211; Portaria Banca de Homologa\u00e7\u00e3o da Inscri\u00e7\u00f5es <a href=\"https:\/\/agrarias.ufpr.br\/detf\/wp-content\/uploads\/sites\/34\/2025\/11\/SEI_8411751_Portaria_65_2025___AG.pdf\">SEI_8411751_Portaria_65_2025___AG<\/a><\/div>\n<div>\u00a0<\/div>\n<div>01\/12\/2025 &#8211; Resultado da Homologa\u00e7\u00e3o das Inscri\u00e7\u00f5es &#8211; <a href=\"https:\/\/agrarias.ufpr.br\/detf\/wp-content\/uploads\/sites\/34\/2025\/12\/SEI_8417068_Ata_de_Reuniao.pdf\">SEI_8417068_Ata_de_Reuniao<\/a><\/div>\n<div>\u00a0<\/div>\n<div>04\/12\/2025 &#8211; Portaria Banca Examinadora\u00a0<a href=\"https:\/\/agrarias.ufpr.br\/detf\/wp-content\/uploads\/sites\/34\/2025\/12\/SEI_8437165_Portaria_67_2025___AG.pdf\">SEI_8437165_Portaria_67_2025___AG<\/a><\/div>\n<div>\u00a0<\/div>\n<div>04\/12\/2025 &#8211; Edital 002\/2025\/DETF &#8211; Data e Local da Avalia\u00e7\u00e3o &#8211; <a href=\"https:\/\/agrarias.ufpr.br\/detf\/wp-content\/uploads\/sites\/34\/2025\/12\/SEI_8439719_Edital_002-1.pdf\">SEI_8439719_Edital_002 (1)<\/a><\/div>\n<div>\u00a0<\/div>\n<div>09\/12\/2025 &#8211; Edital 003\/2025\/DETF &#8211; Cronograma Inicial &#8211; <a href=\"https:\/\/agrarias.ufpr.br\/detf\/wp-content\/uploads\/sites\/34\/2025\/12\/CRONOGRAMA-DO-CONCURSO-colheita.pdf\">CRONOGRAMA DO CONCURSO colheita<\/a><\/div>\n<div>\u00a0<\/div>\n<div>09\/12\/2025 &#8211; Edital 004\/2025\/DETF &#8211; Crit\u00e9rios de Avalia\u00e7\u00e3o da Prova Escrita &#8211; <a href=\"https:\/\/agrarias.ufpr.br\/detf\/wp-content\/uploads\/sites\/34\/2025\/12\/criterios-prova-escrita-colheita-1.pdf\">criterios prova escrita colheita<\/a><\/div>\n<div>\u00a0<\/div>\n<div>15\/12\/2025 &#8211; Edital 005\/2025\/DETF &#8211; Ponto Sorteado Prova Escrita &#8211; <a href=\"https:\/\/agrarias.ufpr.br\/detf\/wp-content\/uploads\/sites\/34\/2025\/12\/edital-05-ponto-sorteado-prova-escrita.pdf\">edital 05 &#8211; ponto sorteado prova escrita<\/a><\/div>\n<div>\u00a0<\/div>\n<div>15\/12\/2025 &#8211; Edital\u00a0 006\/2025\/DETF &#8211; Resultado Prova Escrita &#8211; <a href=\"https:\/\/agrarias.ufpr.br\/detf\/wp-content\/uploads\/sites\/34\/2025\/12\/edital-06-resultado-prova-escrita.pdf\">edital 06 &#8211; resultado prova escrita<\/a><\/div>\n<div>\u00a0<\/div>\n<div>15\/12\/2025 &#8211; Edital 007\/2025\/DETF &#8211; Hor\u00e1rio de Sorteio de Ponto Prova Did\u00e1tica e entrega de Curr\u00edculo e Projeto &#8211;<a href=\"https:\/\/agrarias.ufpr.br\/detf\/wp-content\/uploads\/sites\/34\/2025\/12\/07-EDITAL-HORARIO-DE-SORTEIO-DA-PROVA-DIDATICA-E-CRITERIOS-DE-AVALIACAO-endereco-colheita-1.pdf\">07 &#8211; EDITAL HORARIO DE SORTEIO DA PROVA DID\u00c1TICA E CRITERIOS DE AVALIA\u00c7\u00c3O endere\u00e7o colheita<\/a><\/div>\n<div>\u00a0<\/div>\n<div>15\/12\/2025 &#8211;<span style=\"font-size: revert;color: initial\">Aten\u00e7\u00e3o, Senhores Candidatos! <\/span><span style=\"font-size: revert;color: initial\"><strong>A entrega do curr\u00edculo e do projeto<\/strong> pelo candidato ser\u00e1 no <strong>mesmo hor\u00e1rio do sorteio do ponto<\/strong> para a prova did\u00e1tica indicado para cada candidato, conforme Edital 007\/2025\/DETF.<\/span><\/div>\n<div>\u00a0<\/div>\n<div>17\/12\/2025 &#8211; Edital 008\/2025\/DETF &#8211; Resultado Prova Did\u00e1tica &#8211; <a href=\"https:\/\/agrarias.ufpr.br\/detf\/wp-content\/uploads\/sites\/34\/2025\/12\/Edital-008-resultado-prova-didatica.pdf\">Edital 008 &#8211; resultado prova didatica<\/a><\/div>\n<div>\u00a0<\/div>\n<div>17\/12\/2025 &#8211; Edital 009\/2025\/DETF &#8211; Cronograma Defesa Curriculo e Projeto &#8211; <a href=\"https:\/\/agrarias.ufpr.br\/detf\/wp-content\/uploads\/sites\/34\/2025\/12\/CRONOGRAMA-DEFESA-CURRICULO-E-PROJETO-COM-LOCAL-colheita.pdf\">CRONOGRAMA DEFESA CURRICULO E PROJETO COM LOCAL colheita<\/a><\/div>\n<div>\u00a0<\/div>\n<div>18\/12\/2025 &#8211; Edital 010\/2025\/DETF &#8211; Cronograma &#8211; Altera\u00e7\u00e3o do hor\u00e1rio da Sess\u00e3o P\u00fablica de Resultado Final &#8211;<a href=\"https:\/\/agrarias.ufpr.br\/detf\/wp-content\/uploads\/sites\/34\/2025\/12\/CRONOGRAMA-DO-CONCURSO-colheita-2.pdf\">CRONOGRAMA DO CONCURSO colheita<\/a><\/div>\n<div>\u00a0<\/div>\n<div>18\/12\/2025 &#8211; Edital 011\/2025\/DETF &#8211; Resultado Final <a href=\"https:\/\/agrarias.ufpr.br\/detf\/wp-content\/uploads\/sites\/34\/2025\/12\/Resultado-Final.pdf\">Resultado Final<\/a><\/div>\n<div>\u00a0<\/div>\n<div><strong style=\"color: initial\">Concurso para Professor Adjunto A \u2013 do Departamento de Engenharia e Tecnologia Florestal<\/strong><\/div>\n<div>\u00c1rea de Conhecimento: Conserva\u00e7\u00e3o de Recursos Naturais e Recursos H\u00eddricos<br \/><strong>Per\u00edodo das inscri\u00e7\u00f5es: 13\/01\/2025 a 11\/02\/2025<\/strong><\/div>\n<div>\u00a0<\/div>\n<div>14\/01\/2025 \u2013\u00a0<a href=\"https:\/\/agrarias.ufpr.br\/detf\/wp-content\/uploads\/sites\/34\/2025\/03\/01-edital416-24-2.pdf\"><span data-olk-copy-source=\"MessageBody\">Edital n\u00ba 416\/24-PROGEPE<\/span><\/a><\/div>\n<div>15\/01\/2025 \u2013\u00a0<a href=\"https:\/\/agrarias.ufpr.br\/detf\/wp-content\/uploads\/sites\/34\/2025\/03\/02-SEI_7337329_Informacao_22-2.pdf\">Programa\/Titula\u00e7\u00e3o e Temas<\/a><\/div>\n<div>28\/01\/2025 \u2013\u00a0<a href=\"https:\/\/agrarias.ufpr.br\/detf\/wp-content\/uploads\/sites\/34\/2025\/03\/03-02.2025-Resultado-isencao-taxa-concurso-DETF.pdf\">Edital 02\/2025 \u2013 AG \u2013 Isen\u00e7\u00e3o Taxa de Inscri\u00e7\u00e3o<\/a><\/div>\n<div>17\/02\/2025 \u2013\u00a0<a href=\"https:\/\/agrarias.ufpr.br\/detf\/wp-content\/uploads\/sites\/34\/2025\/03\/04-SEI_7505006_Portaria_5_2025_AG.pdf\">Portaria n\u00ba 5\/2025-AG \u2013 Comiss\u00e3o respons\u00e1vel pela homologa\u00e7\u00e3o das inscri\u00e7\u00f5es<\/a><\/div>\n<div>\n<div>17\/02\/2025 \u2013\u00a0<a href=\"https:\/\/agrarias.ufpr.br\/detf\/wp-content\/uploads\/sites\/34\/2025\/03\/05-SEI_7505397_Edital_03_2025.pdf\">Edital n\u00ba 3\/2025-DETF \u2013 Homologa\u00e7\u00e3o das Inscri\u00e7\u00f5es<\/a><\/div>\n<\/div>\n<div>05\/03\/2025 \u2013\u00a0<a href=\"https:\/\/agrarias.ufpr.br\/detf\/wp-content\/uploads\/sites\/34\/2025\/03\/06-SEI_7541517_Portaria_08_2025___AG.pdf\">Portaria n\u00ba 8\/2025-AG \u2013 Banca Examinadora do Concurso<\/a><\/div>\n<div>06\/03\/2025 &#8211; <a href=\"https:\/\/agrarias.ufpr.br\/detf\/wp-content\/uploads\/sites\/34\/2025\/03\/CRONOGRAMA-DO-CONCURSO.pdf\">Edital n\u00ba 4\/2025 &#8211; DETF &#8211; Cronograma\u00a0<\/a><\/div>\n<div>10\/03\/2025 &#8211; <a href=\"https:\/\/agrarias.ufpr.br\/detf\/wp-content\/uploads\/sites\/34\/2025\/03\/CRONOGRAMA-DO-CONCURSO-retificado-dia-10.03.2025.docx\">Edital n\u00ba 5\/2025 &#8211; DETF &#8211; Cronograma retificado<\/a><\/div>\n<div>10\/03\/2025 &#8211; <a href=\"https:\/\/agrarias.ufpr.br\/detf\/wp-content\/uploads\/sites\/34\/2025\/03\/doc00304220250310165513-1.pdf\">Edital n\u00ba 6\/2025 &#8211; DETF &#8211; Resultado Prova escrita\u00a0<\/a><\/div>\n<div>10\/03\/2025 &#8211; <a href=\"https:\/\/agrarias.ufpr.br\/detf\/wp-content\/uploads\/sites\/34\/2025\/03\/sorteio-ddiatica.pdf\">Edital n\u00ba 7\/2025 &#8211; DETF &#8211; Convoca\u00e7\u00e3o pra sorteio de ponto prova didatica e criterios de avalia\u00e7\u00e3o\u00a0<\/a><\/div>\n<div>11\/03\/2025 &#8211; <a href=\"https:\/\/agrarias.ufpr.br\/detf\/wp-content\/uploads\/sites\/34\/2025\/03\/edital8-Local-da-prova.docx\">Edital 8\/2025 &#8211; DETF &#8211; Local da Prova didatica<\/a><\/div>\n<div>12\/03\/2025 &#8211; <a href=\"https:\/\/agrarias.ufpr.br\/detf\/wp-content\/uploads\/sites\/34\/2025\/03\/doc00306120250312120311.pdf\">Edital 9\/2025 &#8211; DETF &#8211; Resultado Prova Didatica<\/a><\/div>\n<div>12\/03\/2025 &#8211; <a href=\"https:\/\/agrarias.ufpr.br\/detf\/wp-content\/uploads\/sites\/34\/2025\/03\/doc00306520250312121725.pdf\">RETIFICA\u00c7\u00c3O EDITAL 09 &#8211; Motivo onde l\u00ea-se &#8220;Prova Escrita&#8221; Leia-se &#8220;Prova Did\u00e1tica&#8221; Edital 9\/2025 &#8211; DETF &#8211; Resultado Prova Did\u00e1tica\u00a0<\/a><\/div>\n<div>12\/03\/205 &#8211; <a href=\"https:\/\/agrarias.ufpr.br\/detf\/wp-content\/uploads\/sites\/34\/2025\/03\/CRONOGRAMA-DO-CONCURSO-retificado-dia-12.03.2025-1.docx\">Edital 10\/2025 &#8211; DETF &#8211; Retifica\u00e7\u00e3o de Cronograma de Sess\u00e3o Publica<\/a><\/div>\n<div>13\/03\/2025 &#8211; 13h30 &#8211; <a href=\"https:\/\/agrarias.ufpr.br\/detf\/wp-content\/uploads\/sites\/34\/2025\/03\/doc00309020250313132721-1.pdf\">Edital 11\/2025 -DETF &#8211; Edital de Resultado Final<\/a><\/div>\n<p><strong>Teste Seletivo para Professor Substituto \u2013\u00a0 Engenharia e Tecnologia Florestal\u00a0<\/strong><br \/>\u00c1rea de Conhecimento: Tecnologia em Engenharia Florestal<br \/>Mat\u00e9ria Espec\u00edfica: Anatomia da Madeira e Qualidade Tecnol\u00f3gica da Madeira<br \/><strong>Per\u00edodo das Inscri\u00e7\u00f5es: 22\/07\/2021 at\u00e9 04\/08\/2021<\/strong><br \/>22\/07\/2021 \u2013\u00a0<a href=\"http:\/\/www.progepe.ufpr.br\/progepe\/concursos\/docente\/concursos_publicos\/editais\/edital254-21.pdf\">Edital n\u00ba 254\/2021 \u2013 PROGEPE<\/a><br \/>22\/07\/2021 \u2013\u00a0<a href=\"https:\/\/agrarias.ufpr.br\/wp-content\/uploads\/2021\/07\/Tabela-pontuac?a?o-curriculo.docx\">Tabela de Pontua\u00e7\u00e3o para Curr\u00edculo<\/a><br \/>28\/07\/2021 \u2013\u00a0<a href=\"https:\/\/agrarias.ufpr.br\/wp-content\/uploads\/2021\/07\/SEI_UFPR-3682023-Edital.pdf\">Lista de pontos do teste seletivo<\/a><\/p>\n\n\n<hr class=\"wp-block-separator has-alpha-channel-opacity is-style-wide\"\/>\n\n\n\n<p><strong>Teste Seletivo para Professor Substituto \u2013 Departamento de Engenharia e Tecnologia Florestal<\/strong><\/p>\n\n\n\n<p>\u00c1rea de Conhecimento:&nbsp;Engenharia Industrial Madeireira<\/p>\n\n\n\n<p>Mat\u00e9ria Espec\u00edfica:&nbsp; Gest\u00e3o Ambiental e Introdu\u00e7\u00e3o \u00e0 Administra\u00e7\u00e3o de Empresas de Base Florestal.<\/p>\n\n\n\n<p><strong>Per\u00edodo das Inscri\u00e7\u00f5es: 15\/02\/2024 at\u00e9 21\/02\/2024<\/strong><\/p>\n\n\n\n<p>20\/02\/2024 \u2013&nbsp;<a href=\"https:\/\/agrarias.ufpr.br\/wp-content\/uploads\/2024\/02\/edital031-24.pdf\">Edital n\u00ba 31\/2024<\/a><\/p>\n\n\n\n<p>20\/02\/2024 \u2013&nbsp;<a href=\"https:\/\/agrarias.ufpr.br\/wp-content\/uploads\/2024\/02\/SEI_6285097_Informacao_36-1.pdf\">Pontos<\/a><\/p>\n\n\n\n<p>22\/02\/2024 \u2013&nbsp;<a href=\"https:\/\/agrarias.ufpr.br\/wp-content\/uploads\/2024\/02\/SEI_6418477_Edital_001_AG_DETF.pdf\">Edital N\u00ba 01\/2024-DETF \u2013 Homologa\u00e7\u00e3o das Inscri\u00e7\u00f5es<\/a><\/p>\n\n\n\n<p><strong>Testes Seletivos para a contrata\u00e7\u00e3o de professores substitutos encerrados<\/strong><\/p>\n","protected":false},"excerpt":{"rendered":"<p>\u00a0 Concurso para Professor Adjunto A- DE \u2013 do Departamento de Engenharia e Tecnologia Florestal\u00c1rea de Conhecimento: Colheita Florestal, Mecaniza\u00e7\u00e3o Florestal, Gest\u00e3o do Abastecimento Florestal eInfraestrutura Florestal.Per\u00edodo das inscri\u00e7\u00f5es: 27\/10\/2025 a 25\/11\/2025 (17h) atrav\u00e9s do email detf@ufpr.br As provas iniciam dia 15\/12\/2025 \u00a0 24\/10\/2025 &#8211; Edital 330\/25 &#8211; PROGEPE 24\/10\/2025 &#8211; Programa\/Titula\u00e7\u00e3o e Temas SEI_8103346_Oficio_84 [&hellip;]<\/p>\n","protected":false},"author":3,"featured_media":0,"parent":0,"menu_order":0,"comment_status":"closed","ping_status":"closed","template":"","meta":{"footnotes":""},"class_list":["post-5537","page","type-page","status-publish","hentry"],"_links":{"self":[{"href":"https:\/\/agrarias.ufpr.br\/detf\/wp-json\/wp\/v2\/pages\/5537","targetHints":{"allow":["GET"]}}],"collection":[{"href":"https:\/\/agrarias.ufpr.br\/detf\/wp-json\/wp\/v2\/pages"}],"about":[{"href":"https:\/\/agrarias.ufpr.br\/detf\/wp-json\/wp\/v2\/types\/page"}],"author":[{"embeddable":true,"href":"https:\/\/agrarias.ufpr.br\/detf\/wp-json\/wp\/v2\/users\/3"}],"replies":[{"embeddable":true,"href":"https:\/\/agrarias.ufpr.br\/detf\/wp-json\/wp\/v2\/comments?post=5537"}],"version-history":[{"count":48,"href":"https:\/\/agrarias.ufpr.br\/detf\/wp-json\/wp\/v2\/pages\/5537\/revisions"}],"predecessor-version":[{"id":5755,"href":"https:\/\/agrarias.ufpr.br\/detf\/wp-json\/wp\/v2\/pages\/5537\/revisions\/5755"}],"wp:attachment":[{"href":"https:\/\/agrarias.ufpr.br\/detf\/wp-json\/wp\/v2\/media?parent=5537"}],"curies":[{"name":"wp","href":"https:\/\/api.w.org\/{rel}","templated":true}]}}