{"id":1100,"date":"2014-12-15T18:33:06","date_gmt":"2014-12-15T18:33:06","guid":{"rendered":"http:\/\/localhost\/?page_id=1100"},"modified":"2014-12-15T18:33:06","modified_gmt":"2014-12-15T18:33:06","slug":"projetos-de-extensao","status":"publish","type":"page","link":"https:\/\/agrarias.ufpr.br\/detf\/projetos-de-extensao\/","title":{"rendered":"Extens\u00e3o"},"content":{"rendered":"<p style=\"text-align: center\"><strong>Secretaria Geral do Comit\u00ea do SCA.<\/strong><\/p>\n<p style=\"text-align: center\">Marinez de Oliveira<br \/>\nVera Lucia L\u00f6schner<br \/>\nTelefones: <strong>(41) 3350.5620<\/strong><br \/>\nloschner@ufpr.br<br \/>\nE-mail do Comit\u00ea do SCA que recebe informa\u00e7\u00e3o da PROEC: <strong>csexag@ufpr.br<\/strong><br \/>\n<a href=\"http:\/\/localhost\/wp-content\/uploads\/2016\/02\/image2016-02-22-154835.pdf\">Portaria 09-2016 &#8211;<\/a> Comit\u00ea de Extens\u00e3o e Altera\u00e7\u00f5es\u00a0 <a href=\"http:\/\/localhost\/wp-content\/uploads\/2016\/03\/Portaria-24-2016.pdf\" rel=\"\">Portaria 24-2016<\/a>\u00a0,\u00a0<a href=\"http:\/\/localhost\/wp-content\/uploads\/2016\/03\/Portaria-30-2016.pdf\" rel=\"\">Portaria 30-2016<\/a>,\u00a0<a href=\"http:\/\/localhost\/wp-content\/uploads\/2014\/12\/Portaria-72-2016.pdf\">Portaria-72-2016<\/a>,\u00a0<a href=\"http:\/\/localhost\/wp-content\/uploads\/2014\/12\/Portaria-25-2017.pdf\">Portaria-25-2017<\/a>,\u00a0<a href=\"http:\/\/localhost\/wp-content\/uploads\/2014\/12\/Portaria-27-2017.pdf\">Portaria-27-2017<\/a>\u00a0e <a href=\"http:\/\/localhost\/wp-content\/uploads\/2014\/12\/Portaria-38-2017-1.pdf\">Portaria-38-2017<\/a><\/p>\n<p style=\"text-align: center\"><a href=\"http:\/\/localhost\/wp-content\/uploads\/2014\/12\/Membros-do-Comit\u00ea-de-Extens\u00e3o-2017-atualizada-em-abril-de-2017-site.doc\">membros-do-comite-de-extensao-2017-atualizada-em-abril-de-2017-site<\/a>\u00a0<a href=\"http:\/\/localhost\/wp-content\/uploads\/2014\/12\/12-Comit\u00ea-de-Extens\u00e3o-retifica-a-06.doc\">&#8211;<\/a>\u00a0Consta e-mails e telefones dos integrantes do Comit\u00ea de Extens\u00e3o do SCA<a href=\"http:\/\/localhost\/wp-content\/uploads\/2014\/12\/12-Comit\u00ea-de-Extens\u00e3o-retifica-a-06-2.doc\"><br \/>\n<\/a><\/p>\n<p style=\"text-align: center\"><strong>COMIT\u00ca SETORIAL DE EXTENS\u00c3O<\/strong><\/p>\n<p style=\"text-align: center\">Presidente:Prof. Rui Andr\u00e9 Maggi dos Anjos<br \/>\nVice-Presidente: Prof. Dornelles Vissotto Junior<\/p>\n<p style=\"text-align: center\"><strong>Departamento de Solos e Engenharia Agr\u00edcola &#8211; DSEA<\/strong><br \/>\nProf. Angelo Evaristo Sirtoli<br \/>\nProfa. Fabiane Machado Vezzani<br \/>\nProf. Francisco Jos\u00e9 Pereira de Campos Carvalho<br \/>\n<strong>Departamento de Medicina Veterin\u00e1ria &#8211; DMV<\/strong><br \/>\nProf. Alexander Welker Biondo<br \/>\nProf. Antonio Waldir Cunha da Silva<br \/>\n<strong>Departamento de Engenharia e Tecnologia Florestal &#8211; DETF<\/strong><br \/>\nProf. Dorneles Vissoto Junior<br \/>\nProf. Rui Andre Maggi dos Anjos<br \/>\n<strong>Departamento de Ci\u00eancias Florestais &#8211; DECIF<\/strong><br \/>\nProf\u00aa. Ana Paula Dalla Corte<br \/>\nProf\u00aa. Giovana Bomfim de Alc\u00e2ntara<br \/>\nProf. Richardson Ribeiro<\/p>\n<p style=\"text-align: center\"><strong>Departamento de Fitotecnia e Fitossanitarismo &#8211; DFF<\/strong><br \/>\nProfa Claudete Reisdoffer Lang<br \/>\nProfa Daniella Nogueira Moraes Carneiro<br \/>\n<strong>Departamento de Zootecnia &#8211; DZ<\/strong><br \/>\nProf. Jo\u00e3o Ricardo Dittrich<br \/>\nProf. Alex Maiorka<br \/>\n<strong>Departamento de Economia e Extens\u00e3o Rural &#8211; DERE<\/strong><br \/>\nProf. Ivo Luiz dos Santos<br \/>\nProf. Derli Dossa<\/p>\n<p style=\"text-align: center\"><a href=\"http:\/\/www.proec.ufpr.br\/links\/extensao.htm\" target=\"_blank\"><strong>Pro-Reitoria de Extens\u00e3o e Cultura &#8211; PROEC<\/strong><\/a><br \/>\nCoordenadora: Prof\u00aa Iara Picchioni Thielen<br \/>\nSecret\u00e1ria do Comit\u00ea de Extens\u00e3o <strong>Giovana Candiotto<\/strong><br \/>\nE-mail: <a class=\"menu01fundoclaro\" href=\"mailto:coex@ufpr.br\">coex@ufpr.br<\/a><br \/>\nP\u00e1gina:\u00a0<a href=\"http:\/\/www.proec.ufpr.br\/links\/extensao\/caex.html\">http:\/\/www.proec.ufpr.br\/links\/extensao\/caex.html<\/a><br \/>\nFone: (41) 3310-2653 \/ 2756 \/ 2721<br \/>\nA Coordenadoria de Extens\u00e3o (COEX) \u00e9 respons\u00e1vel pela orienta\u00e7\u00e3o, coordena\u00e7\u00e3o, supervis\u00e3o e certifica\u00e7\u00e3o de atividades de Extens\u00e3o realizadas na Universidade Federal do Paran\u00e1 \u2013 UFPR.<br \/>\n<strong><a href=\"http:\/\/localhost\/wp-content\/uploads\/2014\/12\/Reolu\u00e7\u00e3o-de-Atividades-de-Extens\u00e3o-CEPE-72-de-2011.pdf\">Resolu\u00e7\u00e3o de Atividades de Extens\u00e3o &#8211; CEPE 72 de 2011<\/a> <\/strong><br \/>\n<strong><a href=\"http:\/\/localhost\/wp-content\/uploads\/2014\/12\/Resolu\u00e7\u00e3o-de-Atividades-de-Extens\u00e3o-CEPE-70-de-2012-que-modifica-a-72-de-2011.pdf\">Resolu\u00e7\u00e3o de Atividades de Extens\u00e3o &#8211; CEPE 70 de 2012 que modifica a 72 de 2011<\/a><br \/>\n<\/strong><\/p>\n<p>&nbsp;<\/p>\n<p><span class=\"TextoTitulos\">\u00a0<\/span><\/p>\n","protected":false},"excerpt":{"rendered":"<p>Secretaria Geral do Comit\u00ea do SCA. Marinez de Oliveira Vera Lucia L\u00f6schner Telefones: (41) 3350.5620 loschner@ufpr.br E-mail do Comit\u00ea do SCA que recebe informa\u00e7\u00e3o da PROEC: csexag@ufpr.br Portaria 09-2016 &#8211; Comit\u00ea de Extens\u00e3o e Altera\u00e7\u00f5es\u00a0 Portaria 24-2016\u00a0,\u00a0Portaria 30-2016,\u00a0Portaria-72-2016,\u00a0Portaria-25-2017,\u00a0Portaria-27-2017\u00a0e Portaria-38-2017 membros-do-comite-de-extensao-2017-atualizada-em-abril-de-2017-site\u00a0&#8211;\u00a0Consta e-mails e telefones dos integrantes do Comit\u00ea de Extens\u00e3o do SCA COMIT\u00ca SETORIAL DE EXTENS\u00c3O [&hellip;]<\/p>\n","protected":false},"author":3,"featured_media":0,"parent":0,"menu_order":0,"comment_status":"open","ping_status":"open","template":"","meta":{"footnotes":""},"class_list":["post-1100","page","type-page","status-publish","hentry"],"_links":{"self":[{"href":"https:\/\/agrarias.ufpr.br\/detf\/wp-json\/wp\/v2\/pages\/1100","targetHints":{"allow":["GET"]}}],"collection":[{"href":"https:\/\/agrarias.ufpr.br\/detf\/wp-json\/wp\/v2\/pages"}],"about":[{"href":"https:\/\/agrarias.ufpr.br\/detf\/wp-json\/wp\/v2\/types\/page"}],"author":[{"embeddable":true,"href":"https:\/\/agrarias.ufpr.br\/detf\/wp-json\/wp\/v2\/users\/3"}],"replies":[{"embeddable":true,"href":"https:\/\/agrarias.ufpr.br\/detf\/wp-json\/wp\/v2\/comments?post=1100"}],"version-history":[{"count":0,"href":"https:\/\/agrarias.ufpr.br\/detf\/wp-json\/wp\/v2\/pages\/1100\/revisions"}],"wp:attachment":[{"href":"https:\/\/agrarias.ufpr.br\/detf\/wp-json\/wp\/v2\/media?parent=1100"}],"curies":[{"name":"wp","href":"https:\/\/api.w.org\/{rel}","templated":true}]}}