{"id":1089,"date":"2014-12-15T18:30:58","date_gmt":"2014-12-15T18:30:58","guid":{"rendered":"http:\/\/localhost\/?page_id=1089"},"modified":"2014-12-15T18:30:58","modified_gmt":"2014-12-15T18:30:58","slug":"especializacao","status":"publish","type":"page","link":"https:\/\/agrarias.ufpr.br\/detf\/especializacao\/","title":{"rendered":"Cursos de Especializa\u00e7\u00e3o"},"content":{"rendered":"<h3 style=\"text-align: center\"><span style=\"color: #339966\"><strong>PROGRAMA DE EDUCA\u00c7\u00c3O CONTINUADA EM CI\u00caNCIAS AGR\u00c1RIAS &#8211; PECCA<\/strong><\/span><\/h3>\n<p style=\"text-align: center\">Telefones (41) 3350-5787 \/ (41) 3350-5696 \/ (41) 3253-5569<br \/>\nFax (41) 3253-5569<\/p>\n<p style=\"text-align: center\"><strong>Site: <\/strong><a href=\"http:\/\/www.pecca.ufpr.br\/\"><strong>http:\/\/www.pecca.ufpr.br\/<\/strong><\/a><\/p>\n<p style=\"text-align: center\"><a href=\"http:\/\/www.pecca.ufpr.br\/\">pecca@pecca.com.br<\/a><\/p>\n<p style=\"text-align: center\"><strong>Endere\u00e7o: <\/strong>Rua dos Funcion\u00e1rios, 1540, Juvev\u00ea, CEP 80035-050. Curitiba \u2013 Paran\u00e1.<\/p>\n<p style=\"text-align: center\"><span style=\"color: #00ccff\"><strong>DIREITO AMBIENTAL (EAD)<\/strong><\/span><br \/>\nCoordenador: Dr. Eugenio Stefanello<br \/>\nTelefone: (41) 3350-5787<br \/>\n<a href=\"mailto:direitoambiental@pecca.com.br\">direitoambiental@pecca.com.br<\/a><br \/>\n<a href=\"http:\/\/www.direitoambiental.ufpr.br\/\">http:\/\/www.direitoambiental.ufpr.br\/<\/a><\/p>\n<p style=\"text-align: center\"><strong><span style=\"color: #00ccff\">MBA EM NEG\u00d3CIOS AMBIENTAIS (EAD)<\/span><\/strong><br \/>\nCoordenador: Prof. Dr. Anadalvo Juazeiro dos Santos<br \/>\nTelefone: (41) 3350-5787<br \/>\n<a href=\"mailto:negociosambientais@pecca.com.br\">negociosambientais@pecca.com.br<\/a><br \/>\n<a href=\"http:\/\/www.negociosambientais.com.br\/\">http:\/\/www.negociosambientais.com.br\/<\/a><\/p>\n<p style=\"text-align: center\"><strong><span style=\"color: #00ccff\">MBA EM GEST\u00c3O FLORESTAL (EAD)<\/span><\/strong><br \/>\nCoordenador: Prof. Dr. Jo\u00e3o Carlos Garzel Leodoro da Silva<br \/>\nTelefone: (41) 3350-5787<br \/>\n<a href=\"mailto:florestal@pecca.com.br\">florestal@pecca.com.br<\/a><br \/>\n<a href=\"http:\/\/www.florestal.ufpr.br\/\">http:\/\/www.florestal.ufpr.br\/<\/a><\/p>\n<p style=\"text-align: center\"><strong><span style=\"color: #00ccff\">MBA EM GEST\u00c3O AMBIENTAL (EAD)<\/span><\/strong><br \/>\nCoordenador: Prof. Romano Timofeiczyk<br \/>\nTelefone: (41) 3350-5787<br \/>\ngestaoambiental@pecca.com.br<br \/>\n<a href=\"http:\/\/www.mbaambiental.ufpr.br\/\">www.gestaoambiental.ufpr.br\/<\/a><\/p>\n<p style=\"text-align: center\"><strong><span style=\"color: #00ccff\">MBA EM GEST\u00c3O DO AGRONEG\u00d3CIO<\/span><\/strong><br \/>\nCoordenador: Prof. Dr. Jo\u00e3o Batista Padilha Jr.<br \/>\nTelefone: (41) 3350-5787<br \/>\n<a href=\"mailto:mbaagronegocio@pecca.ufpr.br\">mbaagronegocio@pecca.ufpr.br<\/a><br \/>\n<a href=\"http:\/\/www.mbaagronegocio.ufpr.br\">www.mbaagronegocio.ufpr.br<\/a><\/p>\n<p style=\"text-align: center\"><strong><span style=\"color: #00ccff\">PROJETOS SUSTENT\u00c1VEIS, MUDAN\u00c7AS CLIM\u00c1TICAS E MERCADO DE CARBONO (EAD)<\/span><\/strong><br \/>\nCoordenador: Prof. Dr. Ana Paula Dalla C\u00f4rte<br \/>\nTelefone: (41) 3350-5787<br \/>\n<a href=\"mailto:projetossustentaveis@pecca.com.br\">projetossustentaveis@pecca.com.br<\/a><br \/>\n<a href=\"http:\/\/www.projetossustentaveis.ufpr.br\">www.projetossustentaveis.ufpr.br<\/a><\/p>\n<p style=\"text-align: center\"><span style=\"color: #00ccff\"><strong>MBA EM MANEJO FLORESTAL DE PRECIS\u00c3O<\/strong><\/span><br \/>\nCoordenador: Prof. Dr. Carlos Roberto Sanquetta<br \/>\nTelefone: (41) 3350-5787<br \/>\n<a href=\"mailto:manejooflorestal@pecca.com.br\">manejoflorestal@pecca.com.br<\/a><br \/>\n<a href=\"http:\/\/www.manejoflorestal.ufpr.br\">www.manejoflorestal.ufpr.br<\/a><\/p>\n<p style=\"text-align: center\">\n","protected":false},"excerpt":{"rendered":"<p>PROGRAMA DE EDUCA\u00c7\u00c3O CONTINUADA EM CI\u00caNCIAS AGR\u00c1RIAS &#8211; PECCA Telefones (41) 3350-5787 \/ (41) 3350-5696 \/ (41) 3253-5569 Fax (41) 3253-5569 Site: http:\/\/www.pecca.ufpr.br\/ pecca@pecca.com.br Endere\u00e7o: Rua dos Funcion\u00e1rios, 1540, Juvev\u00ea, CEP 80035-050. Curitiba \u2013 Paran\u00e1. DIREITO AMBIENTAL (EAD) Coordenador: Dr. Eugenio Stefanello Telefone: (41) 3350-5787 direitoambiental@pecca.com.br http:\/\/www.direitoambiental.ufpr.br\/ MBA EM NEG\u00d3CIOS AMBIENTAIS (EAD) Coordenador: Prof. Dr. [&hellip;]<\/p>\n","protected":false},"author":3,"featured_media":0,"parent":0,"menu_order":0,"comment_status":"open","ping_status":"open","template":"","meta":{"footnotes":""},"class_list":["post-1089","page","type-page","status-publish","hentry"],"_links":{"self":[{"href":"https:\/\/agrarias.ufpr.br\/detf\/wp-json\/wp\/v2\/pages\/1089","targetHints":{"allow":["GET"]}}],"collection":[{"href":"https:\/\/agrarias.ufpr.br\/detf\/wp-json\/wp\/v2\/pages"}],"about":[{"href":"https:\/\/agrarias.ufpr.br\/detf\/wp-json\/wp\/v2\/types\/page"}],"author":[{"embeddable":true,"href":"https:\/\/agrarias.ufpr.br\/detf\/wp-json\/wp\/v2\/users\/3"}],"replies":[{"embeddable":true,"href":"https:\/\/agrarias.ufpr.br\/detf\/wp-json\/wp\/v2\/comments?post=1089"}],"version-history":[{"count":0,"href":"https:\/\/agrarias.ufpr.br\/detf\/wp-json\/wp\/v2\/pages\/1089\/revisions"}],"wp:attachment":[{"href":"https:\/\/agrarias.ufpr.br\/detf\/wp-json\/wp\/v2\/media?parent=1089"}],"curies":[{"name":"wp","href":"https:\/\/api.w.org\/{rel}","templated":true}]}}