{"id":9537,"date":"2024-08-29T14:28:23","date_gmt":"2024-08-29T14:28:23","guid":{"rendered":"https:\/\/agrarias.ufpr.br\/dere\/?page_id=9537"},"modified":"2025-01-29T19:54:24","modified_gmt":"2025-01-29T19:54:24","slug":"concursos-e-testes-seletivos","status":"publish","type":"page","link":"https:\/\/agrarias.ufpr.br\/dere\/concursos-e-testes-seletivos\/","title":{"rendered":"Concursos e Testes Seletivos"},"content":{"rendered":"\n<p>As normas relativas aos Concursos e Teste Seletivos para docentes do DERE est\u00e3o dispon\u00edveis no site da PROGEPE (<a href=\"https:\/\/progepe.ufpr.br\/a\/concursos\/docente\/concursos_publicos\/testes_seletivos.html\" target=\"_blank\" rel=\"noopener\" title=\"\"><mark style=\"background-color:#ffffff;color:#0718e3\" class=\"has-inline-color\">https:\/\/progepe.ufpr.br\/a\/concursos\/docente\/concursos_publicos\/testes_seletivos.html<\/mark><\/a>)<\/p>\n\n\n\n<h2 class=\"wp-block-heading has-text-align-center\"><span style=\"text-decoration: underline\"><mark style=\"background-color:#8ed1fc\" class=\"has-inline-color\"><strong>TESTES SELETIVOS<\/strong><\/mark><\/span><\/h2>\n\n\n\n<h2 class=\"wp-block-heading has-text-align-center\"><mark><strong>2024<\/strong><\/mark><\/h2>\n\n\n\n<p><strong>\u00c1rea de Conhecimento<\/strong>: Economia Rural e Administra\u00e7\u00e3o Rural<br><strong>Mat\u00e9ria Espec\u00edfica<\/strong>: Pol\u00edtica e Legisla\u00e7\u00e3o Rural &#8211; (20h)<br>(<mark style=\"background-color:#fcb900\" class=\"has-inline-color\">Finalizado<\/mark>)<br>&#8211; Inscri\u00e7\u00f5es: das 00h00 do dia 30\/09\/2024 at\u00e9 \u00e0s 23h59 do dia 11\/10\/2024 &#8211;<\/p>\n\n\n\n<ul class=\"wp-block-list\">\n<li>1. <a href=\"https:\/\/progepe.ufpr.br\/a\/concursos\/docente\/concursos_publicos\/editais\/edital321-24.pdf\" target=\"_blank\" rel=\"noopener\" title=\"\">EDITAL 321\/24<\/a> &#8211; PROGEPE (27\/09\/24)<br>2. <a href=\"https:\/\/agrarias.ufpr.br\/dere\/wp-content\/uploads\/sites\/47\/2024\/10\/2024_profsubs20_ed040_programa.pdf\" target=\"_blank\" rel=\"noopener\" title=\"\">Programa <\/a>(27\/09\/24)<br>3. <a href=\"https:\/\/agrarias.ufpr.br\/dere\/wp-content\/uploads\/sites\/47\/2024\/10\/2024_profsubs20_portaria04_comissao_inscricao.pdf\" target=\"_blank\" rel=\"noopener\" title=\"\">Comiss\u00e3o Avaliadora das Inscri\u00e7\u00f5es <\/a>(03\/10\/24)<br>4. <a href=\"https:\/\/agrarias.ufpr.br\/dere\/wp-content\/uploads\/sites\/47\/2024\/10\/2024_profsubs20_ed041_iseninscricao.pdf\" target=\"_blank\" rel=\"noopener\" title=\"\">Resultado da solicita\u00e7\u00e3o de isen\u00e7\u00e3o da taxa de inscri\u00e7\u00e3o<\/a> (04\/10\/24)<br>5. <a href=\"https:\/\/agrarias.ufpr.br\/dere\/wp-content\/uploads\/sites\/47\/2024\/10\/2024_profsubs20_ed042_homologainscricao.pdf\" target=\"_blank\" rel=\"noopener\" title=\"\">Homologa\u00e7\u00e3o das Inscri\u00e7\u00f5es<\/a> (15\/10\/24)<br>6. <a href=\"https:\/\/agrarias.ufpr.br\/dere\/wp-content\/uploads\/sites\/47\/2024\/10\/2024_profsubs20_portaria_05_comissaojulgadora.pdf\" target=\"_blank\" rel=\"noopener\" title=\"\">Comiss\u00e3o Julgadora<\/a> (30\/10\/24)<br>7. <a href=\"https:\/\/agrarias.ufpr.br\/dere\/wp-content\/uploads\/sites\/47\/2024\/10\/2024_profsubs20_ed043_cronograma.pdf\" target=\"_blank\" rel=\"noopener\" title=\"\">Cronograma <\/a>(30\/10\/24)<br>8. <a href=\"https:\/\/agrarias.ufpr.br\/dere\/wp-content\/uploads\/sites\/47\/2024\/11\/2024_profsubs20_ed048_curriculo.pdf\" target=\"_blank\" rel=\"noopener\" title=\"\">An\u00e1lise de Curr\u00edculo<\/a> (04\/11\/24)<br>9. <a href=\"https:\/\/agrarias.ufpr.br\/dere\/wp-content\/uploads\/sites\/47\/2024\/11\/2024_profsubs20_ed049_sorteioponto.pdf\" target=\"_blank\" rel=\"noopener\" title=\"\">Sorteio do ponto da prova did\u00e1tica<\/a> (05\/11\/24)<br>9. <a href=\"https:\/\/agrarias.ufpr.br\/dere\/wp-content\/uploads\/sites\/47\/2024\/11\/2024_profsubs20_ed050_resultado.pdf\" target=\"_blank\" rel=\"noopener\" title=\"\">Resultado<\/a> (06\/11\/24)<br><\/li>\n<\/ul>\n\n\n\n<p><strong>\u00c1rea de Conhecimento<\/strong>: Economia Rural e Administra\u00e7\u00e3o Rural<br><strong>Mat\u00e9ria Espec\u00edfica<\/strong>: Pol\u00edtica e Legisla\u00e7\u00e3o Rural &#8211; (40h)<br>(<mark style=\"background-color:#fcb900\" class=\"has-inline-color\">Finalizado<\/mark>)<br>&#8211; Inscri\u00e7\u00f5es: das 00h00 do dia 29\/07\/2024 at\u00e9 \u00e0s 23h59 do dia 02\/08\/2024 &#8211;<\/p>\n\n\n\n<ul class=\"wp-block-list\">\n<li>1. <a href=\"https:\/\/agrarias.ufpr.br\/dere\/wp-content\/uploads\/sites\/47\/2024\/08\/2024_profsubs40_227_progepe_abertura.pdf\" target=\"_blank\" rel=\"noopener\" title=\"EDITAL 227\/24 - PROGEPE\">EDITAL 227\/24 &#8211; PROGEPE<\/a> (26\/07\/24)<br>2. <a href=\"https:\/\/agrarias.ufpr.br\/dere\/wp-content\/uploads\/sites\/47\/2024\/08\/2024_profsubs40_ed017_programa.pdf\" target=\"_blank\" rel=\"noopener\" title=\"\">Programa <\/a>(26\/07\/24)<br>3. <a href=\"https:\/\/agrarias.ufpr.br\/dere\/wp-content\/uploads\/sites\/47\/2024\/08\/2024_profsubs40_ed018_homologainscricao.pdf\" target=\"_blank\" rel=\"noopener\" title=\"\">Homologa\u00e7\u00e3o das Inscri\u00e7\u00f5es<\/a> (06\/08\/24)<br>4. <a href=\"https:\/\/agrarias.ufpr.br\/dere\/wp-content\/uploads\/sites\/47\/2024\/08\/2024_profsubs40_ed028_cronograma.pdf\" target=\"_blank\" rel=\"noopener\" title=\"\">Cronograma <\/a>(16\/08\/24)<br>5. <a href=\"https:\/\/agrarias.ufpr.br\/dere\/wp-content\/uploads\/sites\/47\/2024\/08\/2024_profsubs40_ed030_provacurriculo.pdf\" target=\"_blank\" rel=\"noopener\" title=\"\">Resultado da Prova de An\u00e1lise de Curr\u00edculos<\/a> (16\/08\/24)<br>6. <a href=\"https:\/\/agrarias.ufpr.br\/dere\/wp-content\/uploads\/sites\/47\/2024\/08\/2024_profsubs40_ed031_sorteioponto.pdf\" target=\"_blank\" rel=\"noopener\" title=\"\">Sorteio da Prova Did\u00e1tica<\/a> (19\/08\/24)<br>7. <a href=\"https:\/\/agrarias.ufpr.br\/dere\/wp-content\/uploads\/sites\/47\/2024\/08\/2024_profsubs40_ed033_provadidatica.pdf\" target=\"_blank\" rel=\"noopener\" title=\"\">Resultado da Prova Did\u00e1tica<\/a> (20\/08\/24)<br>8. <a href=\"https:\/\/agrarias.ufpr.br\/dere\/wp-content\/uploads\/sites\/47\/2024\/09\/2024_profsubs40_dou_resultado.pdf\" target=\"_blank\" rel=\"noopener\" title=\"\">Resultado do Concurso<\/a> (18\/09\/24)<br><\/li>\n<\/ul>\n\n\n\n<p><strong>\u00c1rea de Conhecimento<\/strong>: Economia Rural<br><strong>Mat\u00e9ria Espec\u00edfica<\/strong>: Economia e Pol\u00edtica Agr\u00e1ria &#8211; (40h)<br>(<mark style=\"background-color:#fcb900\" class=\"has-inline-color\">Finalizado<\/mark>)<br>&#8211; Inscri\u00e7\u00f5es: das 00h00 do dia 15\/07\/2024 at\u00e9 \u00e0s 23h59 do dia 19\/07\/2024 &#8211;<\/p>\n\n\n\n<ul class=\"wp-block-list\">\n<li>1. <a href=\"https:\/\/agrarias.ufpr.br\/dere\/wp-content\/uploads\/sites\/47\/2024\/08\/2024_profsubs40_213_progepe_abertura.pdf\" target=\"_blank\" rel=\"noopener\" title=\"\">EDITAL 213\/24 &#8211; PROGEPE<\/a> (12\/07\/24)<br>2. <a href=\"https:\/\/agrarias.ufpr.br\/dere\/wp-content\/uploads\/sites\/47\/2024\/08\/2024_profsubs40_ed001_programa.pdf\" target=\"_blank\" rel=\"noopener\" title=\"\">Programa <\/a>(16\/07\/24)<br>3. <a href=\"https:\/\/agrarias.ufpr.br\/dere\/wp-content\/uploads\/sites\/47\/2024\/08\/2024_profsubs40_ed003_homologainscricao.pdf\" target=\"_blank\" rel=\"noopener\" title=\"\">Homologa\u00e7\u00e3o das Inscri\u00e7\u00f5es<\/a> (22\/07\/24)<br>4. <a href=\"https:\/\/agrarias.ufpr.br\/dere\/wp-content\/uploads\/sites\/47\/2024\/08\/2024_profsubs40_ed019_cronograma.pdf\" target=\"_blank\" rel=\"noopener\" title=\"Cronograma \">Cronograma <\/a>(06\/08\/24)<br>5. <a href=\"https:\/\/agrarias.ufpr.br\/dere\/wp-content\/uploads\/sites\/47\/2024\/08\/2024_profsubs40_ed000_provacurriculo.pdf\" target=\"_blank\" rel=\"noopener\" title=\"\">Resultado da Prova de An\u00e1lise de Curr\u00edculos<\/a> (06\/08\/24)<br>6. <a href=\"https:\/\/agrarias.ufpr.br\/dere\/wp-content\/uploads\/sites\/47\/2024\/08\/2024_profsubs40_ed022_sorteioponto.pdf\" target=\"_blank\" rel=\"noopener\" title=\"\">Sorteio da Prova Did\u00e1tica<\/a> (07\/08\/24)<br>7. <a href=\"https:\/\/agrarias.ufpr.br\/dere\/wp-content\/uploads\/sites\/47\/2024\/08\/2024_profsubs40_ed023_provadidatica.pdf\" target=\"_blank\" rel=\"noopener\" title=\"\">Resultado da Prova Did\u00e1tica<\/a> (08\/08\/24)<br>8. <a href=\"https:\/\/agrarias.ufpr.br\/dere\/wp-content\/uploads\/sites\/47\/2024\/08\/2024_profsubs40_ed282_progepe_resultado.pdf\" target=\"_blank\" rel=\"noopener\" title=\"\">Resultado do Concurso<\/a> (29\/08\/24)<br><\/li>\n<\/ul>\n\n\n\n<p><strong>\u00c1rea de Conhecimento<\/strong>: Economia Rural<br><strong>Mat\u00e9ria Espec\u00edfica<\/strong>: Economia e Pol\u00edtica Agr\u00e1ria &#8211; (20h)<br>(<mark style=\"background-color:#fcb900\" class=\"has-inline-color\">Finalizado<\/mark>)<br>&#8211; Inscri\u00e7\u00f5es: das 00h00 do dia 15\/07\/2024 at\u00e9 \u00e0s 23h59 do dia 19\/07\/2024 &#8211;<\/p>\n\n\n\n<ul class=\"wp-block-list\">\n<li>1. <a href=\"https:\/\/agrarias.ufpr.br\/dere\/wp-content\/uploads\/sites\/47\/2024\/08\/2024_profsubs40_213_progepe_abertura.pdf\" target=\"_blank\" rel=\"noopener\" title=\"\">EDITAL 213\/24 &#8211; PROGEPE<\/a> (12\/07\/24)<br>2. <a href=\"https:\/\/agrarias.ufpr.br\/dere\/wp-content\/uploads\/sites\/47\/2024\/08\/2024_profsubs20_ed002_programa.pdf\" target=\"_blank\" rel=\"noopener\" title=\"\">Programa <\/a>(16\/07\/24)<br>3. <a href=\"https:\/\/agrarias.ufpr.br\/dere\/wp-content\/uploads\/sites\/47\/2024\/08\/2024_profsubs20_ed004_homologainscricao.pdf\" target=\"_blank\" rel=\"noopener\" title=\"\">Homologa\u00e7\u00e3o das Inscri\u00e7\u00f5es<\/a> (22\/07\/24)<br>4. <a href=\"https:\/\/agrarias.ufpr.br\/dere\/wp-content\/uploads\/sites\/47\/2024\/08\/2024_profsubs20_ed020_cronograma.pdf\" target=\"_blank\" rel=\"noopener\" title=\"\">Cronograma <\/a>(13\/08\/24)<br>5. <a href=\"https:\/\/agrarias.ufpr.br\/dere\/wp-content\/uploads\/sites\/47\/2024\/08\/2024_profsubs20_ed024_provacurriculo.pdf\" target=\"_blank\" rel=\"noopener\" title=\"\">Resultado da Prova de An\u00e1lise de Curr\u00edculos<\/a> (14\/08\/24)<br>6. <a href=\"https:\/\/agrarias.ufpr.br\/dere\/wp-content\/uploads\/sites\/47\/2024\/08\/2024_profsubs20_ed029_sorteioponto.pdf\" target=\"_blank\" rel=\"noopener\" title=\"\">Sorteio da Prova Did\u00e1tica<\/a> (18\/08\/24)<br>7. Resultado da Prova Did\u00e1tica (n\u00e3o houve)<br>8. <a href=\"https:\/\/agrarias.ufpr.br\/dere\/wp-content\/uploads\/sites\/47\/2024\/09\/2024_profsubs20_dou_resultado.pdf\" target=\"_blank\" rel=\"noopener\" title=\"\">Resultado do concurso<\/a> (17\/09\/24)<br><\/li>\n<\/ul>\n\n\n\n<p><\/p>\n\n\n\n<h2 class=\"wp-block-heading has-text-align-center\"><span style=\"text-decoration: underline\"><mark style=\"background-color:#8ed1fc\" class=\"has-inline-color\"><strong>CONCURSOS<\/strong><\/mark><\/span><\/h2>\n\n\n\n<ol class=\"wp-block-list\">\n<li>As Resolu\u00e7\u00f5es que regem os Concursos P\u00fablicos dos Docentes s\u00e3o: <a href=\"https:\/\/soc.ufpr.br\/wp-content\/uploads\/2016\/12\/Res.-66-A-16-CEPE-Concurso-atual-alterada-pela-Res.-31-21-CEPE.pdf\" target=\"_blank\" rel=\"noopener\" title=\"\"><span style=\"text-decoration: underline\"><strong>66A\/16 \u2013 CEPE<\/strong><\/span><\/a> e <a href=\"https:\/\/soc.ufpr.br\/wp-content\/uploads\/2016\/12\/Res.-70-16-CEPE-relat%C3%B3rio-da-comiss%C3%A3o-e-proposta-nova-resolu%C3%A7%C3%A3o-apresentando-tabela-de-pontua%C3%A7%C3%A3o-revoga-Res.-10-05-CEPE-alterada-pela-Res-20.18.pdf\" target=\"_blank\" rel=\"noopener\" title=\"70\/16 \u2013 CEPE\"><strong><span style=\"text-decoration: underline\">70\/16 \u2013 CEPE<\/span><\/strong><\/a>. <\/li>\n\n\n\n<li>Leia atentamente o Edital do seu concurso. \u00c9 de inteira responsabilidade do candidato a interpreta\u00e7\u00e3o do Edital, o acompanhamento da publica\u00e7\u00e3o de todos os atos, instru\u00e7\u00f5es e comunicados ao longo do per\u00edodo em que se realiza o concurso p\u00fablico, bem como atender aos prazos e condi\u00e7\u00f5es neles estipulados, n\u00e3o podendo ser alegado desconhecimento ou discord\u00e2ncia.<\/li>\n<\/ol>\n\n\n\n<h2 class=\"wp-block-heading has-text-align-center\"><mark><strong>2024<\/strong><\/mark><\/h2>\n\n\n\n<p><strong>\u00c1rea de Conhecimento<\/strong>: Economia Rural (<mark style=\"background-color:#fcb900\" class=\"has-inline-color\">Finalizado<\/mark>)<br><strong>Sub\u00e1rea<\/strong>: Economia Rural &#8211; (20h)<br>&#8211; Inscri\u00e7\u00f5es: das 00h00 do dia 18\/10\/2024 at\u00e9 \u00e0s 23h59 do dia 16\/11\/2024 &#8211;<\/p>\n\n\n\n<ul class=\"wp-block-list\">\n<li>1. <a title=\"\" href=\"https:\/\/agrarias.ufpr.br\/dere\/wp-content\/uploads\/sites\/47\/2024\/10\/2024_concursoprof20h_ed349progepe_abertura.pdf\" target=\"_blank\" rel=\"noopener\">EDITAL 349\/24<\/a> &#8211; PROGEPE (17\/10\/24)<br>2. <a title=\"\" href=\"https:\/\/agrarias.ufpr.br\/dere\/wp-content\/uploads\/sites\/47\/2024\/10\/2024_concursoprof20h_ed44_programa.pdf\" target=\"_blank\" rel=\"noopener\">Programa <\/a>(31\/10\/24)<br>3. <a title=\"\" href=\"https:\/\/agrarias.ufpr.br\/dere\/wp-content\/uploads\/sites\/47\/2024\/10\/2024_concursoprof20h_portaria_07_comissaoinscricao.pdf\" target=\"_blank\" rel=\"noopener\">Comiss\u00e3o Avaliadora das Inscri\u00e7\u00f5es<\/a> (31\/10\/24)<br>4. Resultado da Isen\u00e7\u00e3o das Inscri\u00e7\u00f5es (01\/11\/24) &#8211; N\u00e3o houveram solicita\u00e7\u00f5es<br>5. <a title=\"\" href=\"https:\/\/agrarias.ufpr.br\/dere\/wp-content\/uploads\/sites\/47\/2024\/11\/2024_concursoprof20h_portaria_59_ag_comissaoinscricao.pdf\" target=\"_blank\" rel=\"noopener\">Comiss\u00e3o de Homologa\u00e7\u00e3o das Inscri\u00e7\u00f5es<\/a> (19\/11\/24)<br>6. <a title=\"\" href=\"https:\/\/agrarias.ufpr.br\/dere\/wp-content\/uploads\/sites\/47\/2024\/11\/2024_concursoprof20h_ed51_homologainscricoes-2.pdf\" target=\"_blank\" rel=\"noopener\">Homologa\u00e7\u00e3o das Inscri\u00e7\u00f5es<\/a> (19\/11\/24)<br>7. <a href=\"https:\/\/agrarias.ufpr.br\/dere\/wp-content\/uploads\/sites\/47\/2024\/12\/2024_concursoprof20h_ed23_ag_recursohomologainscricao.pdf\" target=\"_blank\" rel=\"noreferrer noopener\">Resultado da An\u00e1lise do Conselho Setorial aos Recursos relacionados \u00e0s Inscri\u00e7\u00f5es<\/a> (26\/11\/24)<br>8. <a href=\"https:\/\/agrarias.ufpr.br\/dere\/wp-content\/uploads\/sites\/47\/2024\/12\/2024_concursoprof20h_port61_ag_bancajulgadora.pdf\" target=\"_blank\" rel=\"noreferrer noopener\">Banca Examinadora do Concurso P\u00fablico<\/a> (28\/11\/2024)<br>9. <a href=\"https:\/\/agrarias.ufpr.br\/dere\/wp-content\/uploads\/sites\/47\/2024\/12\/2024_concursoprof20h_ed53_dere_cronograma.pdf\" target=\"_blank\" rel=\"noreferrer noopener\">Cronograma de Atividades do Concurso<\/a> (29\/11\/2024)<br>10. <a href=\"https:\/\/agrarias.ufpr.br\/dere\/wp-content\/uploads\/sites\/47\/2024\/12\/2024_concursoprof20h_port64_ag_alterabancajulgadora.pdf\" target=\"_blank\" rel=\"noreferrer noopener\">Altera\u00e7\u00e3o na Banca Examinadora do Concurso P\u00fablico<\/a> (06\/12\/2024)<br>11. <a href=\"https:\/\/agrarias.ufpr.br\/dere\/wp-content\/uploads\/sites\/47\/2024\/12\/2024_concursoprof20h_ed54_dere_provaescrita.pdf\" target=\"_blank\" rel=\"noreferrer noopener\">Resultado da Prova Escrita<\/a> (10\/12\/2024 &#8211; 18:40)<br>12. <a href=\"https:\/\/agrarias.ufpr.br\/dere\/wp-content\/uploads\/sites\/47\/2024\/12\/2024_concursoprof20h_ed55_dere_cronograma2.pdf\" target=\"_blank\" rel=\"noreferrer noopener\">Cronograma de Atividades do Concurso-2<\/a> (10\/12\/2024 &#8211; 18:40)<br>13. <a href=\"https:\/\/agrarias.ufpr.br\/dere\/wp-content\/uploads\/sites\/47\/2024\/12\/2024_concursoprof20h_ed56_dere_sorteiodospontos_cronograma-3.pdf\" target=\"_blank\" rel=\"noreferrer noopener\">Cronograma de Atividades do Concurso-3 e Sorteio dos Pontos<\/a> (11\/12\/2024)<br>14. <a href=\"https:\/\/agrarias.ufpr.br\/dere\/wp-content\/uploads\/sites\/47\/2024\/12\/2024_concursoprof20h_ed57_dere_resultadodaprovadidatica.pdf\" target=\"_blank\" rel=\"noreferrer noopener\">Resultado da Prova Did\u00e1tica<\/a> (12\/12\/2024)<br>15. <a href=\"https:\/\/agrarias.ufpr.br\/dere\/wp-content\/uploads\/sites\/47\/2024\/12\/2024_concursoprof20h_ed58_dere_resultadodoconcurso.pdf\" target=\"_blank\" rel=\"noreferrer noopener\">Resultado do Concurso<\/a> (13\/12\/2024)<br>17. <a href=\"https:\/\/agrarias.ufpr.br\/dere\/wp-content\/uploads\/sites\/47\/2025\/01\/2025_concursoprof20h_dou_resultado.pdf\" data-type=\"link\" data-id=\"https:\/\/agrarias.ufpr.br\/dere\/wp-content\/uploads\/sites\/47\/2025\/01\/2025_concursoprof40h_ed001_dere_cronograma2.pdf\" target=\"_blank\" rel=\"noreferrer noopener\">Resultado do Concurso &#8211; DOU<\/a> (10\/01\/2025)<\/li>\n<\/ul>\n\n\n\n<p><\/p>\n\n\n\n<p><strong>\u00c1rea de Conhecimento<\/strong>: Economia Rural (<mark style=\"background-color:#fcb900\" class=\"has-inline-color\">Finalizado<\/mark>)<br><strong>Sub\u00e1rea<\/strong>: Economia e Pol\u00edtica Agr\u00e1ria &#8211; (40h &#8211; com Dedica\u00e7\u00e3o Exclusiva)<br>&#8211; Inscri\u00e7\u00f5es: das 00h00 do dia 18\/10\/2024 at\u00e9 \u00e0s 23h59 do dia 16\/11\/2024 &#8211;<\/p>\n\n\n\n<ul class=\"wp-block-list\">\n<li>1. <a title=\"\" href=\"https:\/\/agrarias.ufpr.br\/dere\/wp-content\/uploads\/sites\/47\/2024\/10\/2024_concursoprof40h_ed349progepe_abertura.pdf\" target=\"_blank\" rel=\"noopener\">EDITAL 349\/24<\/a> &#8211; PROGEPE (17\/10\/24)<br>2. <a title=\"\" href=\"https:\/\/agrarias.ufpr.br\/dere\/wp-content\/uploads\/sites\/47\/2024\/10\/2024_concursoprof40h_ed45_programa.pdf\" target=\"_blank\" rel=\"noopener\">Programa <\/a>(31\/10\/24)<br>3. <a title=\"\" href=\"https:\/\/agrarias.ufpr.br\/dere\/wp-content\/uploads\/sites\/47\/2024\/10\/2024_concursoprof40h_portaria_06_comissaoinscricao.pdf\" target=\"_blank\" rel=\"noopener\">Comiss\u00e3o Avaliadora das Inscri\u00e7\u00f5es<\/a> (31\/10\/24)<br>4. <a title=\"\" href=\"https:\/\/agrarias.ufpr.br\/dere\/wp-content\/uploads\/sites\/47\/2024\/11\/2024_concursoprof40h_ed47_isencaoinscricao.pdf\" target=\"_blank\" rel=\"noopener\">Resultado da Isen\u00e7\u00e3o das Inscri\u00e7\u00f5es<\/a> (01\/11\/24)<br>5. <a href=\"https:\/\/agrarias.ufpr.br\/dere\/wp-content\/uploads\/sites\/47\/2024\/12\/2024_concursoprof40h_port60_ag_comissaohomologainscricao.pdf\" target=\"_blank\" rel=\"noreferrer noopener\">Comiss\u00e3o de Homologa\u00e7\u00e3o das Inscri\u00e7\u00f5es<\/a> (27\/11\/24)<br>6. <a href=\"https:\/\/agrarias.ufpr.br\/dere\/wp-content\/uploads\/sites\/47\/2024\/12\/2024_concursoprof40h_ed52_dere_homologacaoinscricoes.pdf\" target=\"_blank\" rel=\"noreferrer noopener\">Homologa\u00e7\u00e3o das Inscri\u00e7\u00f5es<\/a> (29\/11\/24)<br>7. <a href=\"https:\/\/agrarias.ufpr.br\/dere\/wp-content\/uploads\/sites\/47\/2024\/12\/2024_concursoprof40h_ed24_ag_recursohomologainscricao.pdf\" target=\"_blank\" rel=\"noreferrer noopener\">Resultado da An\u00e1lise do Conselho Setorial aos Recursos relacionados \u00e0s Inscri\u00e7\u00f5es<\/a> (06\/12\/24)<br>8. <a href=\"https:\/\/agrarias.ufpr.br\/dere\/wp-content\/uploads\/sites\/47\/2024\/12\/2024_concursoprof40h_ed68_ag_bancaexaminadora.pdf\" target=\"_blank\" rel=\"noreferrer noopener\">Banca Examinadora do Concurso P\u00fablico<\/a> (23\/12\/2024)<br>9. <a href=\"https:\/\/agrarias.ufpr.br\/dere\/wp-content\/uploads\/sites\/47\/2024\/12\/2024_concursoprof40h_ed59_dere_cronograma.pdf\" target=\"_blank\" rel=\"noreferrer noopener\">Cronograma<\/a> (23\/12\/2024)<br>10. <a href=\"https:\/\/agrarias.ufpr.br\/dere\/wp-content\/uploads\/sites\/47\/2025\/01\/2025_concursoprof40h_ed001_dere_cronograma2.pdf\" data-type=\"link\" data-id=\"https:\/\/agrarias.ufpr.br\/dere\/wp-content\/uploads\/sites\/47\/2025\/01\/2025_concursoprof40h_ed001_dere_cronograma2.pdf\" target=\"_blank\" rel=\"noreferrer noopener\">Cronograma Atualizado<\/a> (13\/01\/2025)<br>11. <a href=\"https:\/\/agrarias.ufpr.br\/dere\/wp-content\/uploads\/sites\/47\/2025\/01\/2025_concursoprof40h_ed002_dere_provaescrita.pdf\" data-type=\"link\" data-id=\"https:\/\/agrarias.ufpr.br\/dere\/wp-content\/uploads\/sites\/47\/2025\/01\/2025_concursoprof40h_ed001_dere_cronograma2.pdf\" target=\"_blank\" rel=\"noreferrer noopener\">Resultado da Prova Escrita<\/a> (14\/01\/2025)<br>12. <a href=\"https:\/\/agrarias.ufpr.br\/dere\/wp-content\/uploads\/sites\/47\/2025\/01\/2025_concursoprof40h_ed003_dere_sorteiopontos.pdf\" data-type=\"link\" data-id=\"https:\/\/agrarias.ufpr.br\/dere\/wp-content\/uploads\/sites\/47\/2025\/01\/2025_concursoprof40h_ed001_dere_cronograma2.pdf\" target=\"_blank\" rel=\"noreferrer noopener\">Sorteio dos Pontos da Prova Did\u00e1tica<\/a> (14\/01\/2025)<br>13. <a href=\"https:\/\/agrarias.ufpr.br\/dere\/wp-content\/uploads\/sites\/47\/2025\/01\/2025_concursoprof40h_ed004_dere_provadidatica.pdf\" data-type=\"link\" data-id=\"https:\/\/agrarias.ufpr.br\/dere\/wp-content\/uploads\/sites\/47\/2025\/01\/2025_concursoprof40h_ed001_dere_cronograma2.pdf\" target=\"_blank\" rel=\"noreferrer noopener\">Resultado da Prova Did\u00e1tica<\/a> (15\/01\/2025 &#8211; 17:50)<br>14. <a href=\"https:\/\/agrarias.ufpr.br\/dere\/wp-content\/uploads\/sites\/47\/2025\/01\/2025_concursoprof40h_ed005_dere_cronograma3.pdf\" data-type=\"link\" data-id=\"https:\/\/agrarias.ufpr.br\/dere\/wp-content\/uploads\/sites\/47\/2025\/01\/2025_concursoprof40h_ed001_dere_cronograma2.pdf\" target=\"_blank\" rel=\"noreferrer noopener\">Cronograma Atualizado<\/a> (16\/01\/2025)<br>15. <a href=\"https:\/\/agrarias.ufpr.br\/dere\/wp-content\/uploads\/sites\/47\/2025\/01\/2025_concursoprof40h_ed006_dere_resultado.pdf\" data-type=\"link\" data-id=\"https:\/\/agrarias.ufpr.br\/dere\/wp-content\/uploads\/sites\/47\/2025\/01\/2025_concursoprof40h_ed001_dere_cronograma2.pdf\" target=\"_blank\" rel=\"noreferrer noopener\">Resultado do Concurso<\/a> (16\/01\/2025 &#8211; 17:00)<br>16. <a href=\"https:\/\/agrarias.ufpr.br\/dere\/wp-content\/uploads\/sites\/47\/2025\/01\/2025_concursoprof40h_ed007_dere_recurso.pdf\" data-type=\"link\" data-id=\"https:\/\/agrarias.ufpr.br\/dere\/wp-content\/uploads\/sites\/47\/2025\/01\/2025_concursoprof40h_ed001_dere_cronograma2.pdf\" target=\"_blank\" rel=\"noreferrer noopener\">Resultado do Concurso &#8211; Ap\u00f3s Recurso<\/a> (22\/01\/2025 -10:00)<br>17. <a href=\"https:\/\/agrarias.ufpr.br\/dere\/wp-content\/uploads\/sites\/47\/2025\/01\/2025_concursoprof40h_ed003_ag_recurso_resultado.pdf\" data-type=\"link\" data-id=\"https:\/\/agrarias.ufpr.br\/dere\/wp-content\/uploads\/sites\/47\/2025\/01\/2025_concursoprof40h_ed001_dere_cronograma2.pdf\" target=\"_blank\" rel=\"noreferrer noopener\">Resultado do Recurso do Conselho Setorial<\/a> (29\/01\/2025 -17:00)<\/li>\n<\/ul>\n\n\n\n<p><\/p>\n","protected":false},"excerpt":{"rendered":"<p>As normas relativas aos Concursos e Teste Seletivos para docentes do DERE est\u00e3o dispon\u00edveis no site da PROGEPE (https:\/\/progepe.ufpr.br\/a\/concursos\/docente\/concursos_publicos\/testes_seletivos.html) TESTES SELETIVOS 2024 \u00c1rea de Conhecimento: Economia Rural e Administra\u00e7\u00e3o RuralMat\u00e9ria Espec\u00edfica: Pol\u00edtica e Legisla\u00e7\u00e3o Rural &#8211; (20h)(Finalizado)&#8211; Inscri\u00e7\u00f5es: das 00h00 do dia 30\/09\/2024 at\u00e9 \u00e0s 23h59 do dia 11\/10\/2024 &#8211; \u00c1rea de Conhecimento: Economia Rural [&hellip;]<\/p>\n","protected":false},"author":10289,"featured_media":0,"parent":0,"menu_order":0,"comment_status":"closed","ping_status":"closed","template":"","meta":{"footnotes":""},"class_list":["post-9537","page","type-page","status-publish","hentry"],"_links":{"self":[{"href":"https:\/\/agrarias.ufpr.br\/dere\/wp-json\/wp\/v2\/pages\/9537","targetHints":{"allow":["GET"]}}],"collection":[{"href":"https:\/\/agrarias.ufpr.br\/dere\/wp-json\/wp\/v2\/pages"}],"about":[{"href":"https:\/\/agrarias.ufpr.br\/dere\/wp-json\/wp\/v2\/types\/page"}],"author":[{"embeddable":true,"href":"https:\/\/agrarias.ufpr.br\/dere\/wp-json\/wp\/v2\/users\/10289"}],"replies":[{"embeddable":true,"href":"https:\/\/agrarias.ufpr.br\/dere\/wp-json\/wp\/v2\/comments?post=9537"}],"version-history":[{"count":101,"href":"https:\/\/agrarias.ufpr.br\/dere\/wp-json\/wp\/v2\/pages\/9537\/revisions"}],"predecessor-version":[{"id":9918,"href":"https:\/\/agrarias.ufpr.br\/dere\/wp-json\/wp\/v2\/pages\/9537\/revisions\/9918"}],"wp:attachment":[{"href":"https:\/\/agrarias.ufpr.br\/dere\/wp-json\/wp\/v2\/media?parent=9537"}],"curies":[{"name":"wp","href":"https:\/\/api.w.org\/{rel}","templated":true}]}}