{"id":10010,"date":"2025-08-06T19:49:31","date_gmt":"2025-08-06T19:49:31","guid":{"rendered":"https:\/\/agrarias.ufpr.br\/dere\/?page_id=10010"},"modified":"2025-09-18T13:27:26","modified_gmt":"2025-09-18T13:27:26","slug":"bolsas-2025","status":"publish","type":"page","link":"https:\/\/agrarias.ufpr.br\/dere\/bolsas\/bolsas-2025\/","title":{"rendered":"Bolsas 2025"},"content":{"rendered":"\n<p><strong>BOLSAS DE EXTENS\u00c3O:<\/strong> visam apoiar a participa\u00e7\u00e3o de estudantes em Programas e Projetos de Extens\u00e3o, contribuindo para o desenvolvimento de cidad\u00e3os e de futuros profissionais, bem como a integra\u00e7\u00e3o do ensino e da pesquisa com as demandas sociais.<\/p>\n\n\n\n<p><strong>BOLSAS MONITORIA &#8211; PIM:<\/strong> O Programa Institucional de Monitoria (PIM) tem como finalidade o aprimoramento do processo de ensino e aprendizagem, promovendo tanto a forma\u00e7\u00e3o complementar do (a) estudante, que desempenha a fun\u00e7\u00e3o de monitor, quanto o cumprimento dos objetivos estrat\u00e9gicos do ensino de gradua\u00e7\u00e3o contidos no Projeto Pedag\u00f3gico Institucional (PPI), em conformidade com o disposto no Plano de Desenvolvimento Institucional (PDI) da UFPR.<\/p>\n\n\n\n<p><strong>BOLSAS PIBIC:<\/strong> O PIBIC UFPR \u00e9 o Programa Institucional de Bolsas de Inicia\u00e7\u00e3o Cient\u00edfica da Universidade Federal do Paran\u00e1. Ele oferece bolsas para estudantes de gradua\u00e7\u00e3o participarem de projetos de pesquisa, visando despertar o interesse pela ci\u00eancia e estimular o desenvolvimento de novas habilidades e conhecimentos.<\/p>\n\n\n\n<hr class=\"wp-block-separator has-alpha-channel-opacity\" \/>\n\n\n\n<hr class=\"wp-block-separator has-alpha-channel-opacity is-style-wide\" \/>\n\n\n\n<h1 class=\"wp-block-heading has-text-align-center\"><strong>EDITAIS ABERTOS:<\/strong><\/h1>\n\n\n\n<h4 class=\"wp-block-heading\">SELE\u00c7\u00c3O DE 2 BOLSISTAS para atuar no projeto CONSECANA PARAN\u00c1 <\/h4>\n\n\n\n<p>O Departamento de Economia Rural e Extens\u00e3o torna p\u00fablico o presente Edital para sele\u00e7\u00e3o de <strong>2 estudantes de gradua\u00e7\u00e3o em Agronomia ou Engenharia Agron\u00f4mica<\/strong>, para atuar como bolsistas no projeto <strong>CONSECANA PARAN\u00c1<\/strong>. As atividades est\u00e3o relacionadas \u00e0 organiza\u00e7\u00e3o, sistematiza\u00e7\u00e3o e acompanhamento de estat\u00edsticas de mercado para dar base ao c\u00e1lculo de Valores de Refer\u00eancia para a mat\u00e9ria-prima Cana de A\u00e7\u00facar no Estado do Paran\u00e1. <\/p>\n\n\n\n<ol class=\"wp-block-list\">\n<li><strong><a href=\"https:\/\/agrarias.ufpr.br\/dere\/wp-content\/uploads\/sites\/47\/2025\/09\/2025_bolsaconsecana_ed23_dere_abertura.pdf\" target=\"_blank\" rel=\"noreferrer noopener\"><mark style=\"background-color:#ffffff\" class=\"has-inline-color has-vivid-cyan-blue-color\">Edital 23\/2025<\/mark><\/a><\/strong>&#8211; Abertura (19\/09\/2025)<\/li>\n<\/ol>\n\n\n\n<hr class=\"wp-block-separator has-alpha-channel-opacity\" \/>\n\n\n\n<hr class=\"wp-block-separator has-alpha-channel-opacity\" \/>\n\n\n\n<h1 class=\"wp-block-heading has-text-align-center\"><strong>EDITAIS ENCERRADOS:<\/strong><\/h1>\n\n\n\n<h4 class=\"wp-block-heading\">SELE\u00c7\u00c3O DE BOLSISTA MONITORIA DISCENTE para atuar na disciplina &#8220;Economia Rural (AE086)&#8221;  (<span style=\"background-color: #ff9900\">encerrado<\/span>)<\/h4>\n\n\n\n<p>O Departamento de Economia Rural e Extens\u00e3o, torna p\u00fablico o presente Edital para sele\u00e7\u00e3o de monitores para a disciplina de <strong>Economia Rural (AE086)<\/strong> , conforme <a href=\"https:\/\/agrarias.ufpr.br\/dere\/wp-content\/uploads\/sites\/47\/2025\/08\/2025_bolsamonitoria_prograp.pdf\" target=\"_blank\" rel=\"noreferrer noopener\"><mark class=\"has-inline-color has-vivid-cyan-blue-color\">EDITAL N\u00ba 05\/2025\/PROGRAP\/COAPPE<\/mark><\/a> &#8211; PROGRAMA INSTITUCIONAL DE MONITORIA<\/p>\n\n\n\n<ol class=\"wp-block-list\">\n<li><strong><a href=\"https:\/\/agrarias.ufpr.br\/dere\/wp-content\/uploads\/sites\/47\/2025\/08\/2025_bolsamonitoria_ed20_dere_abertura.pdf\" target=\"_blank\" rel=\"noreferrer noopener\"><mark style=\"background-color:#ffffff\" class=\"has-inline-color has-vivid-cyan-blue-color\">Edital 20\/2025<\/mark><\/a><\/strong>&#8211; Abertura (08\/08\/2025)<\/li>\n\n\n\n<li><strong><a href=\"https:\/\/agrarias.ufpr.br\/dere\/wp-content\/uploads\/sites\/47\/2025\/08\/2025_bolsamonitoria_ed21_dere_resultado.pdf\" target=\"_blank\" rel=\"noreferrer noopener\"><mark style=\"background-color:#ffffff\" class=\"has-inline-color has-vivid-cyan-blue-color\">Edital 21\/2025<\/mark><\/a><\/strong>&#8211; Resultado (12\/08\/2025)<\/li>\n<\/ol>\n\n\n\n<hr class=\"wp-block-separator has-alpha-channel-opacity\" \/>\n\n\n\n<h4 class=\"wp-block-heading\">SELE\u00c7\u00c3O DE BOLSISTA MONITORIA DISCENTE para atuar na disciplina &#8220;Economia Rural Aplicada a Zootecnia (AE035)&#8221; (<span style=\"background-color: #ff9900\">encerrado<\/span>)<\/h4>\n\n\n\n<p>O Departamento de Economia Rural e Extens\u00e3o, torna p\u00fablico o presente Edital para sele\u00e7\u00e3o de monitores para a disciplina de Economia Rural Aplicada a Zootecnia (AE035) , conforme <a href=\"https:\/\/agrarias.ufpr.br\/dere\/wp-content\/uploads\/sites\/47\/2025\/08\/2025_bolsamonitoria_prograp.pdf\" target=\"_blank\" rel=\"noreferrer noopener\"><mark class=\"has-inline-color has-vivid-cyan-blue-color\">EDITAL N\u00ba 05\/2025\/PROGRAP\/COAPPE<\/mark><\/a> &#8211; PROGRAMA INSTITUCIONAL DE MONITORIA<\/p>\n\n\n\n<ol class=\"wp-block-list\">\n<li><strong><a href=\"https:\/\/agrarias.ufpr.br\/dere\/wp-content\/uploads\/sites\/47\/2025\/08\/2025_bolsamonitoria_ed19_dere_abertura.pdf\" target=\"_blank\" rel=\"noreferrer noopener\"><mark style=\"background-color:#ffffff\" class=\"has-inline-color has-vivid-cyan-blue-color\">Edital 19\/2025<\/mark><\/a><\/strong>&#8211; Abertura (06\/08\/2025)<\/li>\n\n\n\n<li><strong><a href=\"https:\/\/agrarias.ufpr.br\/dere\/wp-content\/uploads\/sites\/47\/2025\/08\/2025_bolsamonitoria_ed22_dere_resultado.pdf\" target=\"_blank\" rel=\"noreferrer noopener\"><mark style=\"background-color:#ffffff\" class=\"has-inline-color has-vivid-cyan-blue-color\">Edital 22\/2025<\/mark><\/a><\/strong>&#8211; Resultado (12\/08\/2025)<\/li>\n<\/ol>\n\n\n\n<hr class=\"wp-block-separator has-alpha-channel-opacity\" \/>\n\n\n\n<h4 class=\"wp-block-heading\">EDITAL N\u00ba 18\/2025 &#8211; SELE\u00c7\u00c3O BOLSISTAS PIBIC DISCENTE para atuar no projeto &#8220;CAPACITA\u00c7\u00c3O EM EMPREENDEDORISMO AGR\u00cdCOLA PARA INOVA\u00c7\u00c3O SUSTENT\u00c1VEL NO PARAN\u00c1 \u2013 MULHERES DO CAF\u00c9&#8221;- GRADUA\u00c7\u00c3O (<span style=\"background-color: #ff9900\">encerrado<\/span>)<\/h4>\n\n\n\n<p>A Coordena\u00e7\u00e3o do Projeto \u201cMulheres do Caf\u00e9\u201d, no \u00e2mbito do Programa de Apoio a Ambientes Promotores de Inova\u00e7\u00e3o no Paran\u00e1 (CP 19\/2023 \u2013 Funda\u00e7\u00e3o Arauc\u00e1ria), torna p\u00fablica a abertura de inscri\u00e7\u00f5es para a sele\u00e7\u00e3o de 3 (tr\u00eas) bolsistas de Inicia\u00e7\u00e3o Cient\u00edfica (PIBIC).<\/p>\n\n\n\n<ol class=\"wp-block-list\">\n<li><strong><a href=\"https:\/\/agrarias.ufpr.br\/dere\/wp-content\/uploads\/sites\/47\/2025\/06\/2025_bolsapibic_ed19_dere_abertura.pdf\" target=\"_blank\" rel=\"noreferrer noopener\"><mark style=\"background-color:#ffffff\" class=\"has-inline-color has-vivid-cyan-blue-color\">Edital 18\/2025<\/mark><\/a><\/strong> &#8211; Abertura (30\/06\/25)<\/li>\n\n\n\n<li><strong><a href=\"https:\/\/agrarias.ufpr.br\/dere\/wp-content\/uploads\/sites\/47\/2025\/08\/2025_bolsapibic_ed18_dere_resultado.pdf\" target=\"_blank\" rel=\"noreferrer noopener\"><mark style=\"background-color:#ffffff\" class=\"has-inline-color has-vivid-cyan-blue-color\">Resultado<\/mark><\/a><\/strong> (26\/07\/25)<\/li>\n<\/ol>\n\n\n\n<hr class=\"wp-block-separator has-alpha-channel-opacity\" \/>\n\n\n\n<h4 class=\"wp-block-heading\">EDITAL N\u00ba 16\/2025 &#8211; UFPR\/CI\u00caNCIAS AGR\u00c1RIAS EM A\u00c7\u00c3O NA ONG COLETIVO INCLUS\u00c3O \u2013 SELE\u00c7\u00c3O DE BOLSISTA DE EXTENS\u00c3O \u2013 GRADUA\u00c7\u00c3O (<span style=\"background-color: #ff9900\">encerrado<\/span>)<\/h4>\n\n\n\n<p>O Projeto de Extens\u00e3o \u201cCi\u00eancias Agr\u00e1rias em A\u00e7\u00e3o na Ong Coletivo Inclus\u00e3o\u201d, do Departamento de Economia Rural e Extens\u00e3o do Setor de Ci\u00eancias Agr\u00e1rias da Universidade Federal do Paran\u00e1, torna p\u00fablico o presente edital com as normas do processo seletivo de bolsistas da <strong>GRADUA\u00c7\u00c3O <\/strong>em \u00e1reas de forma\u00e7\u00e3o de Agronomia, Medicina Veterin\u00e1ria ou Zootecnia.<\/p>\n\n\n\n<ol class=\"wp-block-list\">\n<li><strong><a href=\"https:\/\/agrarias.ufpr.br\/dere\/wp-content\/uploads\/sites\/47\/2025\/04\/2025_bolsaprojetoextensaoong_ed16_dere_editaldeselecao.pdf\" target=\"_blank\" rel=\"noreferrer noopener\"><mark style=\"background-color:#ffffff\" class=\"has-inline-color has-vivid-cyan-blue-color\">Edital 16\/2025<\/mark><\/a><\/strong> &#8211; Abertura (23\/04\/25)<\/li>\n\n\n\n<li><strong><a href=\"https:\/\/agrarias.ufpr.br\/dere\/wp-content\/uploads\/sites\/47\/2025\/04\/2025_bolsaprojetoextensaoong_ed17_dere_resultado.pdf\" target=\"_blank\" rel=\"noreferrer noopener\"><mark style=\"background-color:#ffffff\" class=\"has-inline-color has-vivid-cyan-blue-color\">Edital 17\/2025<\/mark><\/a><\/strong> &#8211; Resultado (28\/04\/25)<\/li>\n<\/ol>\n\n\n\n<hr class=\"wp-block-separator has-alpha-channel-opacity\" \/>\n\n\n\n<h4 class=\"wp-block-heading\">EDITAL DE SELE\u00c7\u00c3O DE ESTUDANTES PARA ATUAR COMO VOLUNT\u00c1RIOS NO PROJETO DE EXTENS\u00c3O &#8220;CI\u00caNCIAS AGR\u00c1RIAS EM A\u00c7\u00c3O NA ONG COLETIVO INCLUS\u00c3O&#8221; (<span style=\"background-color: #ff9900\">encerrado<\/span>)<\/h4>\n\n\n\n<p>O presente Edital destina-se \u00e0 sele\u00e7\u00e3o de estudantes para atuar no projeto de extens\u00e3o \u201cCi\u00eancias Agr\u00e1rias em a\u00e7\u00e3o na ONG Coletivo Inclus\u00e3o\u201d, o qual tem por objetivo possibilitar boa nutri\u00e7\u00e3o, sanidade e bem-estar dos equinos utilizados nas sess\u00f5es do Centro de Equoterapia da ONG Coletivo Inclus\u00e3o, localizado no munic\u00edpio de Fazenda Rio Grande &#8211; PR, visando \u00e0 express\u00e3o do potencial terap\u00eautico dos cavalos e, por consequ\u00eancia, a qualidade de vida, sa\u00fade e bem-estar das pessoas beneficiadas pelo projeto de equoterapia, atrav\u00e9s de suporte e orienta\u00e7\u00e3o t\u00e9cnica por meio de a\u00e7\u00f5es de ensino, pesquisa e extens\u00e3o promovidas por professores e alunos das Ci\u00eancias Agr\u00e1rias da UFPR, em um processo de integra\u00e7\u00e3o multidisciplinar e multiprofissional.<\/p>\n\n\n\n<ol class=\"wp-block-list\">\n<li><strong><a href=\"https:\/\/agrarias.ufpr.br\/dere\/wp-content\/uploads\/sites\/47\/2025\/04\/2025_voluntariosprojetoextensaoong_ed13_dere_editaldeselecao.pdf\" target=\"_blank\" rel=\"noreferrer noopener\"><mark style=\"background-color:#ffffff\" class=\"has-inline-color has-vivid-cyan-blue-color\">Edital 13\/2025<\/mark><\/a><\/strong>&#8211; Edital de Abertura (08\/04\/2025)<\/li>\n\n\n\n<li><strong><a href=\"https:\/\/agrarias.ufpr.br\/dere\/wp-content\/uploads\/sites\/47\/2025\/04\/2025_voluntariosprojetoextensaoong_ed14_dere_entrevista.pdf\" target=\"_blank\" rel=\"noreferrer noopener\"><mark style=\"background-color:#ffffff\" class=\"has-inline-color has-vivid-cyan-blue-color\">Edital 14\/2025<\/mark><\/a><\/strong>&#8211; Entrevistas (15\/04\/2025)<\/li>\n\n\n\n<li><strong><a href=\"https:\/\/agrarias.ufpr.br\/dere\/wp-content\/uploads\/sites\/47\/2025\/04\/2025_voluntariosprojetoextensaoong_ed15_dere_resultado.pdf\" target=\"_blank\" rel=\"noreferrer noopener\"><mark style=\"background-color:#ffffff\" class=\"has-inline-color has-vivid-cyan-blue-color\">Edital 15\/2025<\/mark><\/a><\/strong>&#8211; Resultado (23\/04\/2025)<\/li>\n<\/ol>\n\n\n\n<hr class=\"wp-block-separator has-alpha-channel-opacity\" \/>\n\n\n\n<h4 class=\"wp-block-heading\">SELE\u00c7\u00c3O DE BOLSISTAS MONITORIA DISCENTES para atuar nas disciplinas &#8220;Economia Rural (AE086) e Comercializa\u00e7\u00e3o e Sistemas Agroindustriais (AE077)&#8221;  (<span style=\"background-color: #ff9900\">encerrado<\/span>)<\/h4>\n\n\n\n<p>O Departamento de Economia Rural e Extens\u00e3o, torna p\u00fablico o presente Edital para sele\u00e7\u00e3o de monitores para as disciplinas de Economia Rural  (AE086) e Comercializa\u00e7\u00e3o e Sistemas Agroindustriais (AE077) , conforme <a href=\"http:\/\/www.prograd.ufpr.br\/portal\/blog\/informativo\/edital-no-01-2025-prograp-coappe-programa-institucional-de-monitoria\/\" target=\"_blank\" rel=\"noreferrer noopener\"><mark class=\"has-inline-color has-vivid-cyan-blue-color\">EDITAL N\u00ba 01\/2025\/PROGRAP\/COAPPE<\/mark><\/a> &#8211; PROGRAMA INSTITUCIONAL DE MONITORIA<\/p>\n\n\n\n<ol class=\"wp-block-list\">\n<li><strong><a href=\"https:\/\/agrarias.ufpr.br\/dere\/wp-content\/uploads\/sites\/47\/2025\/03\/2025_bolsamonitoria_ed11_dere_editaldeselecao.pdf\" target=\"_blank\" rel=\"noreferrer noopener\"><mark style=\"background-color:#ffffff\" class=\"has-inline-color has-vivid-cyan-blue-color\">Edital 11\/2025<\/mark><\/a><\/strong>&#8211; Abertura (17\/03\/2025)<\/li>\n\n\n\n<li><strong><a href=\"https:\/\/agrarias.ufpr.br\/dere\/wp-content\/uploads\/sites\/47\/2025\/08\/2025_bolsamonitoria_ed12_dere_resultado.pdf\" target=\"_blank\" rel=\"noreferrer noopener\"><mark style=\"background-color:#ffffff\" class=\"has-inline-color has-vivid-cyan-blue-color\">Edital 12\/2025<\/mark><\/a><\/strong>&#8211; Resultado (19\/03\/2025)<\/li>\n<\/ol>\n\n\n\n<p><\/p>\n","protected":false},"excerpt":{"rendered":"<p>BOLSAS DE EXTENS\u00c3O: visam apoiar a participa\u00e7\u00e3o de estudantes em Programas e Projetos de Extens\u00e3o, contribuindo para o desenvolvimento de cidad\u00e3os e de futuros profissionais, bem como a integra\u00e7\u00e3o do ensino e da pesquisa com as demandas sociais. BOLSAS MONITORIA &#8211; PIM: O Programa Institucional de Monitoria (PIM) tem como finalidade o aprimoramento do processo [&hellip;]<\/p>\n","protected":false},"author":10289,"featured_media":0,"parent":8951,"menu_order":0,"comment_status":"closed","ping_status":"closed","template":"","meta":{"footnotes":""},"class_list":["post-10010","page","type-page","status-publish","hentry"],"_links":{"self":[{"href":"https:\/\/agrarias.ufpr.br\/dere\/wp-json\/wp\/v2\/pages\/10010","targetHints":{"allow":["GET"]}}],"collection":[{"href":"https:\/\/agrarias.ufpr.br\/dere\/wp-json\/wp\/v2\/pages"}],"about":[{"href":"https:\/\/agrarias.ufpr.br\/dere\/wp-json\/wp\/v2\/types\/page"}],"author":[{"embeddable":true,"href":"https:\/\/agrarias.ufpr.br\/dere\/wp-json\/wp\/v2\/users\/10289"}],"replies":[{"embeddable":true,"href":"https:\/\/agrarias.ufpr.br\/dere\/wp-json\/wp\/v2\/comments?post=10010"}],"version-history":[{"count":30,"href":"https:\/\/agrarias.ufpr.br\/dere\/wp-json\/wp\/v2\/pages\/10010\/revisions"}],"predecessor-version":[{"id":10090,"href":"https:\/\/agrarias.ufpr.br\/dere\/wp-json\/wp\/v2\/pages\/10010\/revisions\/10090"}],"up":[{"embeddable":true,"href":"https:\/\/agrarias.ufpr.br\/dere\/wp-json\/wp\/v2\/pages\/8951"}],"wp:attachment":[{"href":"https:\/\/agrarias.ufpr.br\/dere\/wp-json\/wp\/v2\/media?parent=10010"}],"curies":[{"name":"wp","href":"https:\/\/api.w.org\/{rel}","templated":true}]}}